{"id":17096,"date":"2023-05-19T23:47:33","date_gmt":"2023-05-20T02:47:33","guid":{"rendered":"http:\/\/sefaz.acre.gov.br:80\/2021\/?page_id=17096"},"modified":"2025-06-17T09:46:09","modified_gmt":"2025-06-17T12:46:09","slug":"legislacao-do-icms","status":"publish","type":"page","link":"https:\/\/sefaz.ac.gov.br\/2021\/?page_id=17096","title":{"rendered":"Legisla\u00e7\u00e3o do ICMS"},"content":{"rendered":"\t\t<div data-elementor-type=\"wp-page\" data-elementor-id=\"17096\" class=\"elementor elementor-17096\" data-elementor-post-type=\"page\">\n\t\t\t\t\t\t<section class=\"elementor-section elementor-top-section elementor-element elementor-element-70c5c04 elementor-section-boxed elementor-section-height-default elementor-section-height-default\" data-id=\"70c5c04\" data-element_type=\"section\" data-e-type=\"section\">\n\t\t\t\t\t\t<div class=\"elementor-container elementor-column-gap-default\">\n\t\t\t\t\t<div class=\"elementor-column elementor-col-100 elementor-top-column elementor-element elementor-element-08ce6aa\" data-id=\"08ce6aa\" data-element_type=\"column\" data-e-type=\"column\">\n\t\t\t<div class=\"elementor-widget-wrap elementor-element-populated\">\n\t\t\t\t\t\t<div class=\"elementor-element elementor-element-dbf92fa elementor-widget elementor-widget-menu-anchor\" data-id=\"dbf92fa\" data-element_type=\"widget\" data-e-type=\"widget\" data-widget_type=\"menu-anchor.default\">\n\t\t\t\t<div class=\"elementor-widget-container\">\n\t\t\t\t\t\t\t<div class=\"elementor-menu-anchor\" id=\"inicio\"><\/div>\n\t\t\t\t\t\t<\/div>\n\t\t\t\t<\/div>\n\t\t\t\t<div class=\"elementor-element elementor-element-930fcbd elementor-widget elementor-widget-heading\" data-id=\"930fcbd\" data-element_type=\"widget\" data-e-type=\"widget\" data-widget_type=\"heading.default\">\n\t\t\t\t<div class=\"elementor-widget-container\">\n\t\t\t\t\t<h3 class=\"elementor-heading-title elementor-size-default\">Legisla\u00e7\u00e3o ICMS<\/h3>\t\t\t\t<\/div>\n\t\t\t\t<\/div>\n\t\t\t\t<div class=\"elementor-element elementor-element-14195bb elementor-widget elementor-widget-heading\" data-id=\"14195bb\" data-element_type=\"widget\" data-e-type=\"widget\" data-widget_type=\"heading.default\">\n\t\t\t\t<div class=\"elementor-widget-container\">\n\t\t\t\t\t<h5 class=\"elementor-heading-title elementor-size-default\">Legisla\u00e7\u00e3o do Imposto sobre Opera\u00e7\u00f5es Relativas \u00e0 Circula\u00e7\u00e3o de Mercadorias e sobre Presta\u00e7\u00f5es de Servi\u00e7os de Transporte Interestadual e Intermunicipal e de Comunica\u00e7\u00e3o \u2013 ICMS<\/h5>\t\t\t\t<\/div>\n\t\t\t\t<\/div>\n\t\t\t\t\t<\/div>\n\t\t<\/div>\n\t\t\t\t\t<\/div>\n\t\t<\/section>\n\t\t\t\t<section class=\"elementor-section elementor-top-section elementor-element elementor-element-2d37fa4 elementor-section-boxed elementor-section-height-default elementor-section-height-default\" data-id=\"2d37fa4\" data-element_type=\"section\" data-e-type=\"section\" data-settings=\"{&quot;background_background&quot;:&quot;classic&quot;}\">\n\t\t\t\t\t\t<div class=\"elementor-container elementor-column-gap-default\">\n\t\t\t\t\t<div class=\"elementor-column elementor-col-100 elementor-top-column elementor-element elementor-element-3bc7b8a\" data-id=\"3bc7b8a\" data-element_type=\"column\" data-e-type=\"column\" data-settings=\"{&quot;background_background&quot;:&quot;classic&quot;}\">\n\t\t\t<div class=\"elementor-widget-wrap elementor-element-populated\">\n\t\t\t\t\t\t<div class=\"elementor-element elementor-element-4ed692b elementor-widget elementor-widget-heading\" data-id=\"4ed692b\" data-element_type=\"widget\" data-e-type=\"widget\" data-widget_type=\"heading.default\">\n\t\t\t\t<div class=\"elementor-widget-container\">\n\t\t\t\t\t<h3 class=\"elementor-heading-title elementor-size-default\">Acesso R\u00e1pido<\/h3>\t\t\t\t<\/div>\n\t\t\t\t<\/div>\n\t\t\t\t<div class=\"elementor-element elementor-element-ade3d48 elementor-widget elementor-widget-heading\" data-id=\"ade3d48\" data-element_type=\"widget\" data-e-type=\"widget\" data-widget_type=\"heading.default\">\n\t\t\t\t<div class=\"elementor-widget-container\">\n\t\t\t\t\t<div class=\"elementor-heading-title elementor-size-default\">ICMS<\/div>\t\t\t\t<\/div>\n\t\t\t\t<\/div>\n\t\t\t\t<div class=\"elementor-element elementor-element-21191f3 elementor-grid-2 elementor-posts--thumbnail-none elementor-grid-tablet-2 elementor-grid-mobile-1 elementor-widget elementor-widget-posts\" data-id=\"21191f3\" data-element_type=\"widget\" data-e-type=\"widget\" data-settings=\"{&quot;classic_columns&quot;:&quot;2&quot;,&quot;classic_row_gap&quot;:{&quot;unit&quot;:&quot;px&quot;,&quot;size&quot;:20,&quot;sizes&quot;:[]},&quot;classic_columns_tablet&quot;:&quot;2&quot;,&quot;classic_columns_mobile&quot;:&quot;1&quot;,&quot;classic_row_gap_tablet&quot;:{&quot;unit&quot;:&quot;px&quot;,&quot;size&quot;:&quot;&quot;,&quot;sizes&quot;:[]},&quot;classic_row_gap_mobile&quot;:{&quot;unit&quot;:&quot;px&quot;,&quot;size&quot;:&quot;&quot;,&quot;sizes&quot;:[]}}\" data-widget_type=\"posts.classic\">\n\t\t\t\t<div class=\"elementor-widget-container\">\n\t\t\t\t\t\t\t<div class=\"elementor-posts-container elementor-posts elementor-posts--skin-classic elementor-grid\" role=\"list\">\n\t\t\t\t<article class=\"elementor-post elementor-grid-item post-21413 post type-post status-publish format-standard hentry category-legislacao category-leis-complementares tag-ipva tag-principais\" role=\"listitem\">\n\t\t\t\t<div class=\"elementor-post__text\">\n\t\t\t\t<h6 class=\"elementor-post__title\">\n\t\t\t<a href=\"https:\/\/sefaz.ac.gov.br\/2021\/?p=21413\" target=&quot;_blank&quot;>\n\t\t\t\tLEI COMPLEMENTAR N\u00ba 483, DE 17 DE DEZEMBRO DE 2024\t\t\t<\/a>\n\t\t<\/h6>\n\t\t\t\t<div class=\"elementor-post__excerpt\">\n\t\t\t<p>Disp\u00f5e sobre o Imposto sobre a Propriedade de Ve\u00edculos Automotores &#8211; IPVA e revoga a Lei Complementar n\u00ba 114, de 30 de dezembro de 2002.<\/p>\n\t\t<\/div>\n\t\t\t\t<\/div>\n\t\t\t\t<\/article>\n\t\t\t\t<article class=\"elementor-post elementor-grid-item post-11762 post type-post status-publish format-standard hentry category-legislacao category-leis-ordinarias tag-icms tag-principais\" role=\"listitem\">\n\t\t\t\t<div class=\"elementor-post__text\">\n\t\t\t\t<h6 class=\"elementor-post__title\">\n\t\t\t<a href=\"https:\/\/sefaz.ac.gov.br\/2021\/?p=11762\" target=&quot;_blank&quot;>\n\t\t\t\tLEI N\u00ba 1.530, DE 22 DE JANEIRO DE 2004\t\t\t<\/a>\n\t\t<\/h6>\n\t\t\t\t<div class=\"elementor-post__excerpt\">\n\t\t\t<p>Institui o ICMS Verde, destinando cinco por cento da arrecada\u00e7\u00e3o deste tributo para os munic\u00edpios com unidades de conserva\u00e7\u00e3o ambiental.<\/p>\n\t\t<\/div>\n\t\t\t\t<\/div>\n\t\t\t\t<\/article>\n\t\t\t\t<article class=\"elementor-post elementor-grid-item post-11726 post type-post status-publish format-standard hentry category-legislacao category-leis-ordinarias tag-icms tag-principais\" role=\"listitem\">\n\t\t\t\t<div class=\"elementor-post__text\">\n\t\t\t\t<h6 class=\"elementor-post__title\">\n\t\t\t<a href=\"https:\/\/sefaz.ac.gov.br\/2021\/?p=11726\" target=&quot;_blank&quot;>\n\t\t\t\tLEI N\u00b0 1.358 DE 29 DE DEZEMBRO DE 2000\t\t\t<\/a>\n\t\t<\/h6>\n\t\t\t\t<div class=\"elementor-post__excerpt\">\n\t\t\t<p>Institui o Programa de Incentivo Tribut\u00e1rio para Empresas, Cooperativas e Associa\u00e7\u00f5es de Produtores dos Setores Industrial, Agroindustrial, Florestal, Industria Extrativo Vegetal e Ind\u00fastria Tur\u00edstica do Estado do Acre e d\u00e1 outras provid\u00eancias.<\/p>\n\t\t<\/div>\n\t\t\t\t<\/div>\n\t\t\t\t<\/article>\n\t\t\t\t<article class=\"elementor-post elementor-grid-item post-11710 post type-post status-publish format-standard hentry category-legislacao category-leis-ordinarias tag-icms tag-principais\" role=\"listitem\">\n\t\t\t\t<div class=\"elementor-post__text\">\n\t\t\t\t<h6 class=\"elementor-post__title\">\n\t\t\t<a href=\"https:\/\/sefaz.ac.gov.br\/2021\/?p=11710\" target=&quot;_blank&quot;>\n\t\t\t\tLEI N\u00b0 1.361 DE 29 DE DEZEMBRO DE 2000\t\t\t<\/a>\n\t\t<\/h6>\n\t\t\t\t<div class=\"elementor-post__excerpt\">\n\t\t\t<p>Disp\u00f5e sobre a Pol\u00edtica de Incentivo \u00e0s Atividades Industriais no Estado do Acre e d\u00e1 outras provid\u00eancias.<\/p>\n\t\t<\/div>\n\t\t\t\t<\/div>\n\t\t\t\t<\/article>\n\t\t\t\t<article class=\"elementor-post elementor-grid-item post-10905 post type-post status-publish format-standard hentry category-decretos category-legislacao tag-icms tag-principais\" role=\"listitem\">\n\t\t\t\t<div class=\"elementor-post__text\">\n\t\t\t\t<h6 class=\"elementor-post__title\">\n\t\t\t<a href=\"https:\/\/sefaz.ac.gov.br\/2021\/?p=10905\" target=&quot;_blank&quot;>\n\t\t\t\tDECRETO N\u00ba 008, DE 26 DE JANEIRO DE 1998\t\t\t<\/a>\n\t\t<\/h6>\n\t\t\t\t<div class=\"elementor-post__excerpt\">\n\t\t\t<p>Aprova o Regulamento do Imposto sobre Opera\u00e7\u00f5es Relativas a Circula\u00e7\u00e3o de Mercadorias e sobre Presta\u00e7\u00e3o de Servi\u00e7os de Transporte Interestadual e Intermunicipal e de Comunica\u00e7\u00e3o \u2013 ICMS, do Estado do Acre.<\/p>\n\t\t<\/div>\n\t\t\t\t<\/div>\n\t\t\t\t<\/article>\n\t\t\t\t<article class=\"elementor-post elementor-grid-item post-12159 post type-post status-publish format-standard hentry category-legislacao category-leis-complementares tag-icms tag-principais tag-taxas\" role=\"listitem\">\n\t\t\t\t<div class=\"elementor-post__text\">\n\t\t\t\t<h6 class=\"elementor-post__title\">\n\t\t\t<a href=\"https:\/\/sefaz.ac.gov.br\/2021\/?p=12159\" target=&quot;_blank&quot;>\n\t\t\t\tLEI COMPLEMENTAR\u00a0N\u00ba 055 DE 09 DE JULHO DE 1997\t\t\t<\/a>\n\t\t<\/h6>\n\t\t\t\t<div class=\"elementor-post__excerpt\">\n\t\t\t<p>Disp\u00f5e quanto ao Imposto sobre Opera\u00e7\u00f5es Relativas \u00e0 Circula\u00e7\u00e3o de Mercadorias e sobre Presta\u00e7\u00f5es de Servi\u00e7os de Transporte Interestadual e Intermunicipal e de Comunica\u00e7\u00e3o-ICMS e d\u00e1 outras provid\u00eancias.<\/p>\n\t\t<\/div>\n\t\t\t\t<\/div>\n\t\t\t\t<\/article>\n\t\t\t\t<\/div>\n\t\t\n\t\t\t\t\t\t<\/div>\n\t\t\t\t<\/div>\n\t\t\t\t<div class=\"elementor-element elementor-element-adf458e elementor-icon-list--layout-inline elementor-align-center elementor-mobile-align-start elementor-list-item-link-full_width elementor-widget elementor-widget-icon-list\" data-id=\"adf458e\" data-element_type=\"widget\" data-e-type=\"widget\" data-widget_type=\"icon-list.default\">\n\t\t\t\t<div class=\"elementor-widget-container\">\n\t\t\t\t\t\t\t<ul class=\"elementor-icon-list-items elementor-inline-items\">\n\t\t\t\t\t\t\t<li class=\"elementor-icon-list-item elementor-inline-item\">\n\t\t\t\t\t\t\t\t\t\t\t<a href=\"#inicio\">\n\n\t\t\t\t\t\t\t\t\t\t\t<span class=\"elementor-icon-list-text\">In\u00edcio<\/span>\n\t\t\t\t\t\t\t\t\t\t\t<\/a>\n\t\t\t\t\t\t\t\t\t<\/li>\n\t\t\t\t\t\t\t\t<li class=\"elementor-icon-list-item elementor-inline-item\">\n\t\t\t\t\t\t\t\t\t\t\t<a href=\"#leiscomplementares\">\n\n\t\t\t\t\t\t\t\t\t\t\t<span class=\"elementor-icon-list-text\">Leis Complementares<\/span>\n\t\t\t\t\t\t\t\t\t\t\t<\/a>\n\t\t\t\t\t\t\t\t\t<\/li>\n\t\t\t\t\t\t\t\t<li class=\"elementor-icon-list-item elementor-inline-item\">\n\t\t\t\t\t\t\t\t\t\t\t<a href=\"#leisordinarias\">\n\n\t\t\t\t\t\t\t\t\t\t\t<span class=\"elementor-icon-list-text\">Leis Ordin\u00e1rias<\/span>\n\t\t\t\t\t\t\t\t\t\t\t<\/a>\n\t\t\t\t\t\t\t\t\t<\/li>\n\t\t\t\t\t\t\t\t<li class=\"elementor-icon-list-item elementor-inline-item\">\n\t\t\t\t\t\t\t\t\t\t\t<a href=\"#decretos\">\n\n\t\t\t\t\t\t\t\t\t\t\t<span class=\"elementor-icon-list-text\">Decretos<\/span>\n\t\t\t\t\t\t\t\t\t\t\t<\/a>\n\t\t\t\t\t\t\t\t\t<\/li>\n\t\t\t\t\t\t\t\t<li class=\"elementor-icon-list-item elementor-inline-item\">\n\t\t\t\t\t\t\t\t\t\t\t<a href=\"#portarias\">\n\n\t\t\t\t\t\t\t\t\t\t\t<span class=\"elementor-icon-list-text\">Portarias<\/span>\n\t\t\t\t\t\t\t\t\t\t\t<\/a>\n\t\t\t\t\t\t\t\t\t<\/li>\n\t\t\t\t\t\t\t\t<li class=\"elementor-icon-list-item elementor-inline-item\">\n\t\t\t\t\t\t\t\t\t\t\t<a href=\"#instrucoesnormativas\">\n\n\t\t\t\t\t\t\t\t\t\t\t<span class=\"elementor-icon-list-text\">Instru\u00e7\u00f5es Normativas<\/span>\n\t\t\t\t\t\t\t\t\t\t\t<\/a>\n\t\t\t\t\t\t\t\t\t<\/li>\n\t\t\t\t\t\t<\/ul>\n\t\t\t\t\t\t<\/div>\n\t\t\t\t<\/div>\n\t\t\t\t\t<\/div>\n\t\t<\/div>\n\t\t\t\t\t<\/div>\n\t\t<\/section>\n\t\t\t\t<section class=\"elementor-section elementor-top-section elementor-element elementor-element-ea7027e elementor-section-boxed elementor-section-height-default elementor-section-height-default\" data-id=\"ea7027e\" data-element_type=\"section\" data-e-type=\"section\">\n\t\t\t\t\t\t<div class=\"elementor-container elementor-column-gap-default\">\n\t\t\t\t\t<div class=\"elementor-column elementor-col-100 elementor-top-column elementor-element elementor-element-66cdca3\" data-id=\"66cdca3\" data-element_type=\"column\" data-e-type=\"column\" data-settings=\"{&quot;background_background&quot;:&quot;classic&quot;}\">\n\t\t\t<div class=\"elementor-widget-wrap elementor-element-populated\">\n\t\t\t\t\t\t<div class=\"elementor-element elementor-element-bcf08e1 elementor-widget elementor-widget-menu-anchor\" data-id=\"bcf08e1\" data-element_type=\"widget\" data-e-type=\"widget\" data-widget_type=\"menu-anchor.default\">\n\t\t\t\t<div class=\"elementor-widget-container\">\n\t\t\t\t\t\t\t<div class=\"elementor-menu-anchor\" id=\"leiscomplementares\"><\/div>\n\t\t\t\t\t\t<\/div>\n\t\t\t\t<\/div>\n\t\t\t\t<div class=\"elementor-element elementor-element-f27372f elementor-widget elementor-widget-heading\" data-id=\"f27372f\" data-element_type=\"widget\" data-e-type=\"widget\" data-widget_type=\"heading.default\">\n\t\t\t\t<div class=\"elementor-widget-container\">\n\t\t\t\t\t<h3 class=\"elementor-heading-title elementor-size-default\">Leis Complementares<\/h3>\t\t\t\t<\/div>\n\t\t\t\t<\/div>\n\t\t\t\t<div class=\"elementor-element elementor-element-7139e7d elementor-widget elementor-widget-heading\" data-id=\"7139e7d\" data-element_type=\"widget\" data-e-type=\"widget\" data-widget_type=\"heading.default\">\n\t\t\t\t<div class=\"elementor-widget-container\">\n\t\t\t\t\t<div class=\"elementor-heading-title elementor-size-default\">ICMS<\/div>\t\t\t\t<\/div>\n\t\t\t\t<\/div>\n\t\t\t\t<div class=\"elementor-element elementor-element-761a6a8 elementor-grid-1 elementor-posts--thumbnail-none elementor-grid-tablet-1 elementor-grid-mobile-1 elementor-widget elementor-widget-posts\" data-id=\"761a6a8\" data-element_type=\"widget\" data-e-type=\"widget\" data-settings=\"{&quot;classic_columns&quot;:&quot;1&quot;,&quot;classic_row_gap&quot;:{&quot;unit&quot;:&quot;px&quot;,&quot;size&quot;:20,&quot;sizes&quot;:[]},&quot;classic_columns_tablet&quot;:&quot;1&quot;,&quot;classic_columns_mobile&quot;:&quot;1&quot;,&quot;classic_row_gap_tablet&quot;:{&quot;unit&quot;:&quot;px&quot;,&quot;size&quot;:&quot;&quot;,&quot;sizes&quot;:[]},&quot;classic_row_gap_mobile&quot;:{&quot;unit&quot;:&quot;px&quot;,&quot;size&quot;:&quot;&quot;,&quot;sizes&quot;:[]}}\" data-widget_type=\"posts.classic\">\n\t\t\t\t<div class=\"elementor-widget-container\">\n\t\t\t\t\t\t\t<div class=\"elementor-posts-container elementor-posts elementor-posts--skin-classic elementor-grid\" role=\"list\">\n\t\t\t\t<article class=\"elementor-post elementor-grid-item post-23337 post type-post status-publish format-standard hentry category-legislacao category-leis-complementares tag-icms\" role=\"listitem\">\n\t\t\t\t<div class=\"elementor-post__text\">\n\t\t\t\t<h6 class=\"elementor-post__title\">\n\t\t\t<a href=\"https:\/\/sefaz.ac.gov.br\/2021\/?p=23337\" target=&quot;_blank&quot;>\n\t\t\t\tLEI COMPLEMENTAR N\u00ba 510, DE 19 DE JANEIRO DE 2026\t\t\t<\/a>\n\t\t<\/h6>\n\t\t\t\t<div class=\"elementor-post__excerpt\">\n\t\t\t<p>Altera a Lei Complementar n\u00ba 55, de 9 de julho de 1997, que disp\u00f5e quanto ao Imposto sobre Opera\u00e7\u00f5es Relativas \u00e0 Circula\u00e7\u00e3o de Mercadorias e sobre Presta\u00e7\u00f5es de Servi\u00e7os de Transporte Interestadual e Intermunicipal e de Co-munica\u00e7\u00e3o &#8211; ICMS.<\/p>\n\t\t<\/div>\n\t\t\t\t<\/div>\n\t\t\t\t<\/article>\n\t\t\t\t<article class=\"elementor-post elementor-grid-item post-21406 post type-post status-publish format-standard hentry category-legislacao category-leis-complementares tag-icms\" role=\"listitem\">\n\t\t\t\t<div class=\"elementor-post__text\">\n\t\t\t\t<h6 class=\"elementor-post__title\">\n\t\t\t<a href=\"https:\/\/sefaz.ac.gov.br\/2021\/?p=21406\" target=&quot;_blank&quot;>\n\t\t\t\tLEI COMPLEMENTAR N\u00ba 482, DE 17 DE DEZEMBRO DE 2024\t\t\t<\/a>\n\t\t<\/h6>\n\t\t\t\t<div class=\"elementor-post__excerpt\">\n\t\t\t<p>Disp\u00f5e sobre a transa\u00e7\u00e3o para a resolu\u00e7\u00e3o de lit\u00edgios relativos \u00e0 cobran\u00e7a de cr\u00e9ditos da Fazenda P\u00fablica.<\/p>\n\t\t<\/div>\n\t\t\t\t<\/div>\n\t\t\t\t<\/article>\n\t\t\t\t<article class=\"elementor-post elementor-grid-item post-21404 post type-post status-publish format-standard hentry category-legislacao category-leis-complementares tag-icms\" role=\"listitem\">\n\t\t\t\t<div class=\"elementor-post__text\">\n\t\t\t\t<h6 class=\"elementor-post__title\">\n\t\t\t<a href=\"https:\/\/sefaz.ac.gov.br\/2021\/?p=21404\" target=&quot;_blank&quot;>\n\t\t\t\tLEI COMPLEMENTAR N\u00ba 481, DE 17 DE DEZEMBRO DE 2024\t\t\t<\/a>\n\t\t<\/h6>\n\t\t\t\t<div class=\"elementor-post__excerpt\">\n\t\t\t<p>Altera a Lei Complementar n\u00ba 55, de 9 de julho de 1997, que disp\u00f5e quanto ao Imposto sobre Opera\u00e7\u00f5es Relativas \u00e0 Circula\u00e7\u00e3o de Mercadorias e sobre Presta\u00e7\u00f5es de Servi\u00e7os de Transporte Interestadual e Intermunicipal e de Comunica\u00e7\u00e3o &#8211; ICMS, para tratar da al\u00edquota sobre opera\u00e7\u00f5es de importa\u00e7\u00e3o realizadas por remessas postais ou expressas e adequar o instituto da substitui\u00e7\u00e3o tribut\u00e1ria progressiva.<\/p>\n\t\t<\/div>\n\t\t\t\t<\/div>\n\t\t\t\t<\/article>\n\t\t\t\t<article class=\"elementor-post elementor-grid-item post-21037 post type-post status-publish format-standard hentry category-legislacao category-leis-complementares tag-icms\" role=\"listitem\">\n\t\t\t\t<div class=\"elementor-post__text\">\n\t\t\t\t<h6 class=\"elementor-post__title\">\n\t\t\t<a href=\"https:\/\/sefaz.ac.gov.br\/2021\/?p=21037\" target=&quot;_blank&quot;>\n\t\t\t\tLEI COMPLEMENTAR N\u00ba 477, DE 29 DE OUTUBRO DE 2024\t\t\t<\/a>\n\t\t<\/h6>\n\t\t\t\t<div class=\"elementor-post__excerpt\">\n\t\t\t<p>Disp\u00f5e sobre a satisfa\u00e7\u00e3o de cr\u00e9ditos tribut\u00e1rios por meio do recebimento de bens im\u00f3veis a t\u00edtulo de da\u00e7\u00e3o em pagamento.<\/p>\n\t\t<\/div>\n\t\t\t\t<\/div>\n\t\t\t\t<\/article>\n\t\t\t\t<article class=\"elementor-post elementor-grid-item post-19081 post type-post status-publish format-standard hentry category-legislacao category-leis-complementares tag-icms\" role=\"listitem\">\n\t\t\t\t<div class=\"elementor-post__text\">\n\t\t\t\t<h6 class=\"elementor-post__title\">\n\t\t\t<a href=\"https:\/\/sefaz.ac.gov.br\/2021\/?p=19081\" target=&quot;_blank&quot;>\n\t\t\t\tLEI COMPLEMENTAR N\u00ba 460, DE 5 DE JANEIRO DE 2024\t\t\t<\/a>\n\t\t<\/h6>\n\t\t\t\t<div class=\"elementor-post__excerpt\">\n\t\t\t<p>Altera a Lei Complementar n\u00ba 55, de 9 de julho de 1997, que disp\u00f5e quanto ao Imposto sobre Opera\u00e7\u00f5es Relativas \u00e0 Circula\u00e7\u00e3o de Mercadorias e sobre Presta\u00e7\u00f5es de Servi\u00e7os de Transporte Interestadual e Intermunicipal e de Comunica\u00e7\u00e3o &#8211; ICMS, para adequa\u00e7\u00e3o referente ao instituto da substitui\u00e7\u00e3o tribut\u00e1ria progressiva.<\/p>\n\t\t<\/div>\n\t\t\t\t<\/div>\n\t\t\t\t<\/article>\n\t\t\t\t<article class=\"elementor-post elementor-grid-item post-18976 post type-post status-publish format-standard hentry category-legislacao category-leis-complementares tag-icms\" role=\"listitem\">\n\t\t\t\t<div class=\"elementor-post__text\">\n\t\t\t\t<h6 class=\"elementor-post__title\">\n\t\t\t<a href=\"https:\/\/sefaz.ac.gov.br\/2021\/?p=18976\" target=&quot;_blank&quot;>\n\t\t\t\tLEI COMPLEMENTAR N\u00ba 453, DE 27 DE DEZEMBRO DE 2023\t\t\t<\/a>\n\t\t<\/h6>\n\t\t\t\t<div class=\"elementor-post__excerpt\">\n\t\t\t<p>Altera a Lei Complementar n\u00ba 55, de 9 de julho de 1997, que disp\u00f5e quanto ao Imposto sobre Opera\u00e7\u00f5es Relativas \u00e0 Circula\u00e7\u00e3o de Mercadorias e sobre Presta\u00e7\u00f5es de Servi\u00e7os de Transporte Interestadual e Intermunicipal e de Comunica\u00e7\u00e3o &#8211; ICMS, para tratar do regime aplic\u00e1vel a opera\u00e7\u00f5es com combust\u00edveis.<\/p>\n\t\t<\/div>\n\t\t\t\t<\/div>\n\t\t\t\t<\/article>\n\t\t\t\t<article class=\"elementor-post elementor-grid-item post-18097 post type-post status-publish format-standard hentry category-legislacao category-leis-complementares tag-icms\" role=\"listitem\">\n\t\t\t\t<div class=\"elementor-post__text\">\n\t\t\t\t<h6 class=\"elementor-post__title\">\n\t\t\t<a href=\"https:\/\/sefaz.ac.gov.br\/2021\/?p=18097\" target=&quot;_blank&quot;>\n\t\t\t\tLEI COMPLEMENTAR N\u00ba 423, DE 30 DE DEZEMBRO DE 2022\t\t\t<\/a>\n\t\t<\/h6>\n\t\t\t\t<div class=\"elementor-post__excerpt\">\n\t\t\t<p>Altera a Lei Complementar n\u00ba 55, de 9 de julho de 1997, que disp\u00f5e quanto ao Imposto sobre Opera\u00e7\u00f5es Relativas \u00e0 Circula\u00e7\u00e3o de Mercadorias e sobre Presta\u00e7\u00f5es de Servi\u00e7os de Transporte Interestadual e Intermunicipal e de Comunica\u00e7\u00e3o &#8211; ICMS e d\u00e1 outras provid\u00eancias.<\/p>\n\t\t<\/div>\n\t\t\t\t<\/div>\n\t\t\t\t<\/article>\n\t\t\t\t<article class=\"elementor-post elementor-grid-item post-11479 post type-post status-publish format-standard hentry category-legislacao category-leis-complementares tag-icms\" role=\"listitem\">\n\t\t\t\t<div class=\"elementor-post__text\">\n\t\t\t\t<h6 class=\"elementor-post__title\">\n\t\t\t<a href=\"https:\/\/sefaz.ac.gov.br\/2021\/?p=11479\" target=&quot;_blank&quot;>\n\t\t\t\tLEI COMPLEMENTAR N\u00ba 422, DE 26 DE DEZEMBRO DE 2022\t\t\t<\/a>\n\t\t<\/h6>\n\t\t\t\t<div class=\"elementor-post__excerpt\">\n\t\t\t<p>Altera a Lei Complementar n\u00ba 55, de 9 de julho de 1997, que disp\u00f5e quanto ao Imposto sobre Opera\u00e7\u00f5es Relativas \u00e0 Circula\u00e7\u00e3o de Mercadorias e sobre Presta\u00e7\u00f5es de Servi\u00e7os de Transporte Interestadual e Intermunicipal e de Comunica\u00e7\u00e3o &#8211; ICMS e d\u00e1 outras provid\u00eancias.<\/p>\n\t\t<\/div>\n\t\t\t\t<\/div>\n\t\t\t\t<\/article>\n\t\t\t\t<article class=\"elementor-post elementor-grid-item post-11452 post type-post status-publish format-standard hentry category-legislacao category-leis-complementares tag-icms tag-pat\" role=\"listitem\">\n\t\t\t\t<div class=\"elementor-post__text\">\n\t\t\t\t<h6 class=\"elementor-post__title\">\n\t\t\t<a href=\"https:\/\/sefaz.ac.gov.br\/2021\/?p=11452\" target=&quot;_blank&quot;>\n\t\t\t\tLEI COMPLEMENTAR N\u00ba 418, DE 15 DEZEMBRO DE 2022\t\t\t<\/a>\n\t\t<\/h6>\n\t\t\t\t<div class=\"elementor-post__excerpt\">\n\t\t\t<p>Altera a Lei Complementar n\u00ba 413, de 25 de julho de 2022, que disp\u00f5e sobre o Processo Administrativo Tribut\u00e1rio &#8211; PAT, \u00e0 Administra\u00e7\u00e3o Tribut\u00e1ria.<\/p>\n\t\t<\/div>\n\t\t\t\t<\/div>\n\t\t\t\t<\/article>\n\t\t\t\t<article class=\"elementor-post elementor-grid-item post-11535 post type-post status-publish format-standard hentry category-legislacao category-leis-complementares tag-icms\" role=\"listitem\">\n\t\t\t\t<div class=\"elementor-post__text\">\n\t\t\t\t<h6 class=\"elementor-post__title\">\n\t\t\t<a href=\"https:\/\/sefaz.ac.gov.br\/2021\/?p=11535\" target=&quot;_blank&quot;>\n\t\t\t\tLEI COMPLEMENTAR N\u00ba 417, DE 7 DEZEMBRO DE 2022\t\t\t<\/a>\n\t\t<\/h6>\n\t\t\t\t<div class=\"elementor-post__excerpt\">\n\t\t\t<p>Altera a Lei Complementar n\u00ba 55, de 9 de julho de 1997, que disp\u00f5e quanto ao Imposto sobre Opera\u00e7\u00f5es Relativas \u00e0 Circula\u00e7\u00e3o de Mercadorias e sobre Presta\u00e7\u00f5es de Servi\u00e7os de Transporte Interestadual e Intermunicipal e de Comunica\u00e7\u00e3o &#8211; ICMS, e d\u00e1 outras provid\u00eancias.<\/p>\n\t\t<\/div>\n\t\t\t\t<\/div>\n\t\t\t\t<\/article>\n\t\t\t\t<article class=\"elementor-post elementor-grid-item post-11512 post type-post status-publish format-standard hentry category-legislacao category-leis-complementares tag-icms tag-pat\" role=\"listitem\">\n\t\t\t\t<div class=\"elementor-post__text\">\n\t\t\t\t<h6 class=\"elementor-post__title\">\n\t\t\t<a href=\"https:\/\/sefaz.ac.gov.br\/2021\/?p=11512\" target=&quot;_blank&quot;>\n\t\t\t\tLEI COMPLEMENTAR N\u00ba 413, DE 25 DE JULHO DE 2022\t\t\t<\/a>\n\t\t<\/h6>\n\t\t\t\t<div class=\"elementor-post__excerpt\">\n\t\t\t<p>Disp\u00f5e sobre o Processo Administrativo Tribut\u00e1rio &#8211; PAT, \u00e0 Administra\u00e7\u00e3o Tribut\u00e1ria.<\/p>\n\t\t<\/div>\n\t\t\t\t<\/div>\n\t\t\t\t<\/article>\n\t\t\t\t<article class=\"elementor-post elementor-grid-item post-5190 post type-post status-publish format-standard hentry category-legislacao category-leis-complementares tag-icms\" role=\"listitem\">\n\t\t\t\t<div class=\"elementor-post__text\">\n\t\t\t\t<h6 class=\"elementor-post__title\">\n\t\t\t<a href=\"https:\/\/sefaz.ac.gov.br\/2021\/?p=5190\" target=&quot;_blank&quot;>\n\t\t\t\tLEI COMPLEMENTAR N\u00ba 378, DE 31 DE DEZEMBRO DE 2020\t\t\t<\/a>\n\t\t<\/h6>\n\t\t\t\t<div class=\"elementor-post__excerpt\">\n\t\t\t<p>Altera a Lei Complementar n\u00ba 372, de 11 de dezembro de 2020, que disp\u00f5e sobre a concess\u00e3o de parcelamento de cr\u00e9ditos tribut\u00e1rios relacionados ao Imposto sobre Opera\u00e7\u00f5es Relativas \u00e0 Circula\u00e7\u00e3o de Mercadorias e sobre Presta\u00e7\u00f5es de Servi\u00e7os de Transporte Interestadual e Intermunicipal e de Comunica\u00e7\u00e3o &#8211; ICMS.<\/p>\n\t\t<\/div>\n\t\t\t\t<\/div>\n\t\t\t\t<\/article>\n\t\t\t\t<article class=\"elementor-post elementor-grid-item post-5116 post type-post status-publish format-standard hentry category-legislacao category-leis-complementares tag-icms\" role=\"listitem\">\n\t\t\t\t<div class=\"elementor-post__text\">\n\t\t\t\t<h6 class=\"elementor-post__title\">\n\t\t\t<a href=\"https:\/\/sefaz.ac.gov.br\/2021\/?p=5116\" target=&quot;_blank&quot;>\n\t\t\t\tLEI COMPLEMENTAR N\u00ba 372, DE 11 DE DEZEMBRO DE 2020\t\t\t<\/a>\n\t\t<\/h6>\n\t\t\t\t<div class=\"elementor-post__excerpt\">\n\t\t\t<p>Disp\u00f5e sobre a concess\u00e3o de parcelamento de cr\u00e9ditos tribut\u00e1rios relacionados ao Imposto sobre Opera\u00e7\u00f5es Relativas \u00e0 Circula\u00e7\u00e3o de Mercadorias e sobre Presta\u00e7\u00f5es de Servi\u00e7os de Transporte Interestadual e Intermunicipal e de Comunica\u00e7\u00e3o &#8211; ICMS.<\/p>\n\t\t<\/div>\n\t\t\t\t<\/div>\n\t\t\t\t<\/article>\n\t\t\t\t<article class=\"elementor-post elementor-grid-item post-5133 post type-post status-publish format-standard hentry category-legislacao category-leis-complementares tag-icms\" role=\"listitem\">\n\t\t\t\t<div class=\"elementor-post__text\">\n\t\t\t\t<h6 class=\"elementor-post__title\">\n\t\t\t<a href=\"https:\/\/sefaz.ac.gov.br\/2021\/?p=5133\" target=&quot;_blank&quot;>\n\t\t\t\tLEI COMPLEMENTAR N\u00ba 374, DE 11 DE DEZEMBRO DE 2020\t\t\t<\/a>\n\t\t<\/h6>\n\t\t\t\t<div class=\"elementor-post__excerpt\">\n\t\t\t<p>Altera a Lei Complementar n\u00ba 55, de 9 de julho de 1997, que disp\u00f5e quanto ao Imposto sobre Opera\u00e7\u00f5es Relativas \u00e0 Circula\u00e7\u00e3o de Mercadorias e sobre Presta\u00e7\u00f5es de Servi\u00e7os de Transporte Interestadual e Intermunicipal e de Comunica\u00e7\u00e3o &#8211; ICMS.<\/p>\n\t\t<\/div>\n\t\t\t\t<\/div>\n\t\t\t\t<\/article>\n\t\t\t\t<article class=\"elementor-post elementor-grid-item post-5113 post type-post status-publish format-standard hentry category-legislacao category-leis-complementares tag-icms\" role=\"listitem\">\n\t\t\t\t<div class=\"elementor-post__text\">\n\t\t\t\t<h6 class=\"elementor-post__title\">\n\t\t\t<a href=\"https:\/\/sefaz.ac.gov.br\/2021\/?p=5113\" target=&quot;_blank&quot;>\n\t\t\t\tLEI COMPLEMENTAR N\u00ba 371, DE 21 DE JULHO DE 2020\t\t\t<\/a>\n\t\t<\/h6>\n\t\t\t\t<div class=\"elementor-post__excerpt\">\n\t\t\t<p>Altera dispositivos da Lei Complementar n\u00ba 53, de 29 de outubro de 1996, que disp\u00f5e sobre Legisla\u00e7\u00e3o Tribut\u00e1ria Estadual, e da Lei n\u00ba 1.481, de 17 de janeiro de 2003.<\/p>\n\t\t<\/div>\n\t\t\t\t<\/div>\n\t\t\t\t<\/article>\n\t\t\t\t<article class=\"elementor-post elementor-grid-item post-5098 post type-post status-publish format-standard hentry category-legislacao category-leis-complementares tag-icms\" role=\"listitem\">\n\t\t\t\t<div class=\"elementor-post__text\">\n\t\t\t\t<h6 class=\"elementor-post__title\">\n\t\t\t<a href=\"https:\/\/sefaz.ac.gov.br\/2021\/?p=5098\" target=&quot;_blank&quot;>\n\t\t\t\tLEI COMPLEMENTAR N\u00ba 369, DE 26 DE MAIO DE 2020\t\t\t<\/a>\n\t\t<\/h6>\n\t\t\t\t<div class=\"elementor-post__excerpt\">\n\t\t\t<p>Altera a Lei Complementar n\u00ba 55, de 9 de julho de 1997, que disp\u00f5e quanto ao Imposto sobre Opera\u00e7\u00f5es Relativas \u00e0 Circula\u00e7\u00e3o de Mercadorias e sobre Presta\u00e7\u00f5es de Servi\u00e7os de Transporte Interestadual e Intermunicipal e de Comunica\u00e7\u00e3o &#8211; ICMS.<\/p>\n\t\t<\/div>\n\t\t\t\t<\/div>\n\t\t\t\t<\/article>\n\t\t\t\t<article class=\"elementor-post elementor-grid-item post-12338 post type-post status-publish format-standard hentry category-legislacao category-leis-complementares tag-icms\" role=\"listitem\">\n\t\t\t\t<div class=\"elementor-post__text\">\n\t\t\t\t<h6 class=\"elementor-post__title\">\n\t\t\t<a href=\"https:\/\/sefaz.ac.gov.br\/2021\/?p=12338\" target=&quot;_blank&quot;>\n\t\t\t\tLEI COMPLEMENTAR N\u00ba 354, DE 24 DE DEZEMBRO DE 2018\t\t\t<\/a>\n\t\t<\/h6>\n\t\t\t\t<div class=\"elementor-post__excerpt\">\n\t\t\t<p>Altera a Lei Complementar n\u00ba 55, de 9 de julho de 1997, que disp\u00f5e quanto ao Imposto sobre Opera\u00e7\u00f5es Relativas \u00e0 Circula\u00e7\u00e3o de Mercadorias e sobre Presta\u00e7\u00f5es de Servi\u00e7os de Transporte Interestadual e Intermunicipal e de Comunica\u00e7\u00e3o \u2013 ICMS.<\/p>\n\t\t<\/div>\n\t\t\t\t<\/div>\n\t\t\t\t<\/article>\n\t\t\t\t<article class=\"elementor-post elementor-grid-item post-12330 post type-post status-publish format-standard hentry category-legislacao category-leis-complementares tag-icms\" role=\"listitem\">\n\t\t\t\t<div class=\"elementor-post__text\">\n\t\t\t\t<h6 class=\"elementor-post__title\">\n\t\t\t<a href=\"https:\/\/sefaz.ac.gov.br\/2021\/?p=12330\" target=&quot;_blank&quot;>\n\t\t\t\tLEI COMPLEMENTAR N\u00ba 323, DE 26 DE DEZEMBRO DE 2016\t\t\t<\/a>\n\t\t<\/h6>\n\t\t\t\t<div class=\"elementor-post__excerpt\">\n\t\t\t<p>Altera a Lei Complementar n\u00ba 55, de 9 de julho de 1997, que disp\u00f5e quanto ao Imposto sobre Opera\u00e7\u00f5es Relativas \u00e0 Circula\u00e7\u00e3o de Mercadorias e sobre Presta\u00e7\u00f5es de Servi\u00e7os de Transporte Interestadual e Intermunicipal e de Comunica\u00e7\u00e3o \u2013 ICMS.<\/p>\n\t\t<\/div>\n\t\t\t\t<\/div>\n\t\t\t\t<\/article>\n\t\t\t\t<article class=\"elementor-post elementor-grid-item post-12327 post type-post status-publish format-standard hentry category-legislacao category-leis-complementares tag-icms\" role=\"listitem\">\n\t\t\t\t<div class=\"elementor-post__text\">\n\t\t\t\t<h6 class=\"elementor-post__title\">\n\t\t\t<a href=\"https:\/\/sefaz.ac.gov.br\/2021\/?p=12327\" target=&quot;_blank&quot;>\n\t\t\t\tLEI COMPLEMENTAR N\u00ba 316, DE 10 DE\u00a0MAR\u00c7O DE 2016\t\t\t<\/a>\n\t\t<\/h6>\n\t\t\t\t<div class=\"elementor-post__excerpt\">\n\t\t\t<p>Autoriza a Procuradoria-Geral do Estado do Acre &#8211; PGE a efetuar o parcelamento dos d\u00e9bitos inscritos em d\u00edvida ativa em at\u00e9 sessenta meses e d\u00e1 outras provid\u00eancias quanto \u00e0 d\u00edvida ativa.<\/p>\n\t\t<\/div>\n\t\t\t\t<\/div>\n\t\t\t\t<\/article>\n\t\t\t\t<article class=\"elementor-post elementor-grid-item post-12323 post type-post status-publish format-standard hentry category-legislacao category-leis-complementares tag-icms\" role=\"listitem\">\n\t\t\t\t<div class=\"elementor-post__text\">\n\t\t\t\t<h6 class=\"elementor-post__title\">\n\t\t\t<a href=\"https:\/\/sefaz.ac.gov.br\/2021\/?p=12323\" target=&quot;_blank&quot;>\n\t\t\t\tLEI\u00a0COMPLEMENTAR\u00a0N\u00ba 304, DE 30 DE\u00a0SETEMBRO DE\u00a02015\t\t\t<\/a>\n\t\t<\/h6>\n\t\t\t\t<div class=\"elementor-post__excerpt\">\n\t\t\t<p>Altera a Lei Complementar n. 55, de 9 de julho de 1997, que \u201cdisp\u00f5e quanto ao Imposto sobre Opera\u00e7\u00f5es Relativas \u00e0 Circula\u00e7\u00e3o de Mercadorias e sobre Presta\u00e7\u00e3o de Servi\u00e7os de Transporte Interestadual e Intermunicipal e de Comunica\u00e7\u00e3o \u2013 ICMS<\/p>\n\t\t<\/div>\n\t\t\t\t<\/div>\n\t\t\t\t<\/article>\n\t\t\t\t<article class=\"elementor-post elementor-grid-item post-12319 post type-post status-publish format-standard hentry category-legislacao category-leis-complementares tag-icms\" role=\"listitem\">\n\t\t\t\t<div class=\"elementor-post__text\">\n\t\t\t\t<h6 class=\"elementor-post__title\">\n\t\t\t<a href=\"https:\/\/sefaz.ac.gov.br\/2021\/?p=12319\" target=&quot;_blank&quot;>\n\t\t\t\tLEI\u00a0COMPLEMENTAR N\u00ba 302, DE 22 DE\u00a0JULHO DE 2015\t\t\t<\/a>\n\t\t<\/h6>\n\t\t\t\t<div class=\"elementor-post__excerpt\">\n\t\t\t<p>Altera a Lei Complementar n\u00ba 55, de 9 de julho de 1997, que \u201cdisp\u00f5e quanto ao Imposto sobre Opera\u00e7\u00f5es Relativas \u00e0 Circula\u00e7\u00e3o de Mercadorias e sobre Presta\u00e7\u00e3o de Servi\u00e7os de Transporte Interestadual e Intermunicipal e de Comunica\u00e7\u00e3o\u2013ICMS\u201d, e d\u00e1 outras provid\u00eancias. <\/p>\n\t\t<\/div>\n\t\t\t\t<\/div>\n\t\t\t\t<\/article>\n\t\t\t\t<article class=\"elementor-post elementor-grid-item post-12303 post type-post status-publish format-standard hentry category-legislacao category-leis-complementares tag-icms\" role=\"listitem\">\n\t\t\t\t<div class=\"elementor-post__text\">\n\t\t\t\t<h6 class=\"elementor-post__title\">\n\t\t\t<a href=\"https:\/\/sefaz.ac.gov.br\/2021\/?p=12303\" target=&quot;_blank&quot;>\n\t\t\t\tLEI COMPLEMENTAR\u00a0N\u00b0 272 DE 30 DE DEZEMBRO DE\u00a02013\t\t\t<\/a>\n\t\t<\/h6>\n\t\t\t\t<div class=\"elementor-post__excerpt\">\n\t\t\t<p>Institui o Programa de Fomento \u00e0s Empresas Prestadoras de Servi\u00e7o de Telemarketing e altera dispositivos da Lei Complementar n. 55, de 9 de julho de 1997, que disp\u00f5e sobre o Imposto sobre Opera\u00e7\u00f5es Relativas \u00e0 Circula\u00e7\u00e3o de Mercadorias e sobre Presta\u00e7\u00f5es de Servi\u00e7os de Transporte Interestadual e Intermunicipal e de Comunica\u00e7\u00e3o &#8211; ICMS.<\/p>\n\t\t<\/div>\n\t\t\t\t<\/div>\n\t\t\t\t<\/article>\n\t\t\t\t<article class=\"elementor-post elementor-grid-item post-12297 post type-post status-publish format-standard hentry category-legislacao category-leis-complementares tag-icms\" role=\"listitem\">\n\t\t\t\t<div class=\"elementor-post__text\">\n\t\t\t\t<h6 class=\"elementor-post__title\">\n\t\t\t<a href=\"https:\/\/sefaz.ac.gov.br\/2021\/?p=12297\" target=&quot;_blank&quot;>\n\t\t\t\tLEI COMPLEMENTAR\u00a0N\u00ba 269, DE 27 DE DEZEMBRO DE 2013\t\t\t<\/a>\n\t\t<\/h6>\n\t\t\t\t<div class=\"elementor-post__excerpt\">\n\t\t\t<p>Altera a Lei Complementar n\u00ba 55, de 9 de julho de 1997, que disp\u00f5e quanto ao Imposto sobre Opera\u00e7\u00f5es Relativas \u00e0 Circula\u00e7\u00e3o de Mercadorias e sobre Presta\u00e7\u00f5es de Servi\u00e7os de Transporte Interestadual e Intermunicipal e de Comunica\u00e7\u00e3o \u2013 ICMS e d\u00e1 outras provid\u00eancias.<\/p>\n\t\t<\/div>\n\t\t\t\t<\/div>\n\t\t\t\t<\/article>\n\t\t\t\t<article class=\"elementor-post elementor-grid-item post-12289 post type-post status-publish format-standard hentry category-legislacao category-leis-complementares tag-icms\" role=\"listitem\">\n\t\t\t\t<div class=\"elementor-post__text\">\n\t\t\t\t<h6 class=\"elementor-post__title\">\n\t\t\t<a href=\"https:\/\/sefaz.ac.gov.br\/2021\/?p=12289\" target=&quot;_blank&quot;>\n\t\t\t\tLEI\u00a0COMPLEMENTAR\u00a0N\u00b0254 DE 27 DE DEZEMBRO DE\u00a02012\t\t\t<\/a>\n\t\t<\/h6>\n\t\t\t\t<div class=\"elementor-post__excerpt\">\n\t\t\t<p>Altera a Lei Complementar n\u00ba 55, de 9 de julho de 1997, que disp\u00f5e quanto ao Imposto sobre Opera\u00e7\u00f5es Relativas \u00e0 Circula\u00e7\u00e3o de Mercadorias e sobre Presta\u00e7\u00f5es de Servi\u00e7os de Transporte Interestadual e Intermunicipal e de Comunica\u00e7\u00e3o &#8211; ICMS, e d\u00e1 outras provid\u00eancias.<\/p>\n\t\t<\/div>\n\t\t\t\t<\/div>\n\t\t\t\t<\/article>\n\t\t\t\t<article class=\"elementor-post elementor-grid-item post-12286 post type-post status-publish format-standard hentry category-legislacao category-leis-complementares tag-icms\" role=\"listitem\">\n\t\t\t\t<div class=\"elementor-post__text\">\n\t\t\t\t<h6 class=\"elementor-post__title\">\n\t\t\t<a href=\"https:\/\/sefaz.ac.gov.br\/2021\/?p=12286\" target=&quot;_blank&quot;>\n\t\t\t\tLEI COMPLEMENTAR\u00a0N\u00ba 253 DE 27 DE DEZEMBRO DE 2012\t\t\t<\/a>\n\t\t<\/h6>\n\t\t\t\t<div class=\"elementor-post__excerpt\">\n\t\t\t<p>Acrescenta dispositivo \u00e0 Lei Complementar n\u00ba 55, de 9 de julho de 1997, que disp\u00f5e quanto ao Imposto sobre Opera\u00e7\u00f5es Relativas \u00e0 Circula\u00e7\u00e3o de Mercadorias e sobre Presta\u00e7\u00f5es de Servi\u00e7os de Transporte Interestadual e Intermunicipal e de Comunica\u00e7\u00e3o \u2013 ICMS e d\u00e1 outras provid\u00eancias.<\/p>\n\t\t<\/div>\n\t\t\t\t<\/div>\n\t\t\t\t<\/article>\n\t\t\t\t<article class=\"elementor-post elementor-grid-item post-12283 post type-post status-publish format-standard hentry category-legislacao category-leis-complementares tag-icms\" role=\"listitem\">\n\t\t\t\t<div class=\"elementor-post__text\">\n\t\t\t\t<h6 class=\"elementor-post__title\">\n\t\t\t<a href=\"https:\/\/sefaz.ac.gov.br\/2021\/?p=12283\" target=&quot;_blank&quot;>\n\t\t\t\tLEI COMPLEMENTAR\u00a0N\u00ba 232 DE 21 DE JULHO DE 2011\t\t\t<\/a>\n\t\t<\/h6>\n\t\t\t\t<div class=\"elementor-post__excerpt\">\n\t\t\t<p>Altera o art. 3\u00ba-A da Lei Complementar n. 53, e 29 de outubro de 1996, que disp\u00f5e sobre Legisla\u00e7\u00e3o Tribut\u00e1ria Estadual, e o art. 8\u00ba da Lei n. 1.481, de 17 de janeiro de 2003, que regula procedimentos para pagamento de obriga\u00e7\u00f5es de pequeno valor, bem como para elabora\u00e7\u00e3o de acordos, n\u00e3o-ajuizamento ou desist\u00eancia de a\u00e7\u00f5es.<\/p>\n\t\t<\/div>\n\t\t\t\t<\/div>\n\t\t\t\t<\/article>\n\t\t\t\t<article class=\"elementor-post elementor-grid-item post-12279 post type-post status-publish format-standard hentry category-legislacao category-leis-complementares tag-creditos-tributarios tag-icms\" role=\"listitem\">\n\t\t\t\t<div class=\"elementor-post__text\">\n\t\t\t\t<h6 class=\"elementor-post__title\">\n\t\t\t<a href=\"https:\/\/sefaz.ac.gov.br\/2021\/?p=12279\" target=&quot;_blank&quot;>\n\t\t\t\tLEI COMPLEMENTAR\u00a0N\u00ba 187, DE 18 DE JULHO DE 2008\t\t\t<\/a>\n\t\t<\/h6>\n\t\t\t\t<div class=\"elementor-post__excerpt\">\n\t\t\t<p>Autoriza o Poder Executivo a receber em da\u00e7\u00e3o em pagamento de cr\u00e9ditos tribut\u00e1rios bens im\u00f3veis de interesse da administra\u00e7\u00e3o.<\/p>\n\t\t<\/div>\n\t\t\t\t<\/div>\n\t\t\t\t<\/article>\n\t\t\t\t<article class=\"elementor-post elementor-grid-item post-12276 post type-post status-publish format-standard hentry category-legislacao category-leis-complementares tag-icms tag-precatorios\" role=\"listitem\">\n\t\t\t\t<div class=\"elementor-post__text\">\n\t\t\t\t<h6 class=\"elementor-post__title\">\n\t\t\t<a href=\"https:\/\/sefaz.ac.gov.br\/2021\/?p=12276\" target=&quot;_blank&quot;>\n\t\t\t\tLEI\u00a0COMPLEMENTAR N\u00ba 186, DE 18 DE JULHO DE 2008\t\t\t<\/a>\n\t\t<\/h6>\n\t\t\t\t<div class=\"elementor-post__excerpt\">\n\t\t\t<p>Altera a Lei Complementar n. 53, de 29 de outubro de 1996 e a Lei n\u00ba 1.481, de 17 de janeiro de 2003.<\/p>\n\t\t<\/div>\n\t\t\t\t<\/div>\n\t\t\t\t<\/article>\n\t\t\t\t<article class=\"elementor-post elementor-grid-item post-12252 post type-post status-publish format-standard hentry category-legislacao category-leis-complementares tag-icms\" role=\"listitem\">\n\t\t\t\t<div class=\"elementor-post__text\">\n\t\t\t\t<h6 class=\"elementor-post__title\">\n\t\t\t<a href=\"https:\/\/sefaz.ac.gov.br\/2021\/?p=12252\" target=&quot;_blank&quot;>\n\t\t\t\tLEI COMPLEMENTAR N\u00ba 113, DE 30 DE DEZEMBRO DE\u00a02002\t\t\t<\/a>\n\t\t<\/h6>\n\t\t\t\t<div class=\"elementor-post__excerpt\">\n\t\t\t<p>Altera e acrescenta dispositivos \u00e0 Lei Complementar n.\u00ba 55, de 9 de julho de 1997, que disp\u00f5e quanto ao Imposto Sobre Opera\u00e7\u00f5es Relativas \u00e0 Circula\u00e7\u00e3o de Mercadorias e Sobre Presta\u00e7\u00e3o de Servi\u00e7os de Transporte Interestadual e Intermunicipal e de Comunica\u00e7\u00e3o \u2013 ICMS.<\/p>\n\t\t<\/div>\n\t\t\t\t<\/div>\n\t\t\t\t<\/article>\n\t\t\t\t<article class=\"elementor-post elementor-grid-item post-12237 post type-post status-publish format-standard hentry category-legislacao category-leis-complementares tag-icms\" role=\"listitem\">\n\t\t\t\t<div class=\"elementor-post__text\">\n\t\t\t\t<h6 class=\"elementor-post__title\">\n\t\t\t<a href=\"https:\/\/sefaz.ac.gov.br\/2021\/?p=12237\" target=&quot;_blank&quot;>\n\t\t\t\tLEI COMPLEMENTAR N\u00b0 75, DE 7 DE JULHO DE 1999\t\t\t<\/a>\n\t\t<\/h6>\n\t\t\t\t<div class=\"elementor-post__excerpt\">\n\t\t\t<p>Altera a Lei Complementar n. 53, de 29 de outubro de 1996 e d\u00e1 outras provid\u00eancias.<\/p>\n\t\t<\/div>\n\t\t\t\t<\/div>\n\t\t\t\t<\/article>\n\t\t\t\t<\/div>\n\t\t\n\t\t\t\t\t\t<\/div>\n\t\t\t\t<\/div>\n\t\t\t\t<div class=\"elementor-element elementor-element-d7c958c elementor-widget elementor-widget-eael-creative-button\" data-id=\"d7c958c\" data-element_type=\"widget\" data-e-type=\"widget\" data-widget_type=\"eael-creative-button.default\">\n\t\t\t\t<div class=\"elementor-widget-container\">\n\t\t\t\t\t        <div class=\"eael-creative-button-wrapper\">\n\n            <a class=\"eael-creative-button eael-creative-button--default eael-cb-icon-position-\" href=\"https:\/\/sefaz.ac.gov.br\/2021\/?category_name=leis-complementares&#038;tag=icms\" data-text=\"IPVA\">\n            \t    \n                <div class=\"creative-button-inner\">\n\n                    \n                    <span class=\"cretive-button-text\">Ir para pesquisa avan\u00e7ada &gt;&gt;<\/span>\n\n                                    <\/div>\n\t                        <\/a>\n        <\/div>\n        \t\t\t\t<\/div>\n\t\t\t\t<\/div>\n\t\t\t\t<div class=\"elementor-element elementor-element-82568bf elementor-icon-list--layout-inline elementor-align-center elementor-mobile-align-start elementor-list-item-link-full_width elementor-widget elementor-widget-icon-list\" data-id=\"82568bf\" data-element_type=\"widget\" data-e-type=\"widget\" data-widget_type=\"icon-list.default\">\n\t\t\t\t<div class=\"elementor-widget-container\">\n\t\t\t\t\t\t\t<ul class=\"elementor-icon-list-items elementor-inline-items\">\n\t\t\t\t\t\t\t<li class=\"elementor-icon-list-item elementor-inline-item\">\n\t\t\t\t\t\t\t\t\t\t\t<a href=\"#inicio\">\n\n\t\t\t\t\t\t\t\t\t\t\t<span class=\"elementor-icon-list-text\">In\u00edcio<\/span>\n\t\t\t\t\t\t\t\t\t\t\t<\/a>\n\t\t\t\t\t\t\t\t\t<\/li>\n\t\t\t\t\t\t\t\t<li class=\"elementor-icon-list-item elementor-inline-item\">\n\t\t\t\t\t\t\t\t\t\t\t<a href=\"#leiscomplementares\">\n\n\t\t\t\t\t\t\t\t\t\t\t<span class=\"elementor-icon-list-text\">Leis Complementares<\/span>\n\t\t\t\t\t\t\t\t\t\t\t<\/a>\n\t\t\t\t\t\t\t\t\t<\/li>\n\t\t\t\t\t\t\t\t<li class=\"elementor-icon-list-item elementor-inline-item\">\n\t\t\t\t\t\t\t\t\t\t\t<a href=\"#leisordinarias\">\n\n\t\t\t\t\t\t\t\t\t\t\t<span class=\"elementor-icon-list-text\">Leis Ordin\u00e1rias<\/span>\n\t\t\t\t\t\t\t\t\t\t\t<\/a>\n\t\t\t\t\t\t\t\t\t<\/li>\n\t\t\t\t\t\t\t\t<li class=\"elementor-icon-list-item elementor-inline-item\">\n\t\t\t\t\t\t\t\t\t\t\t<a href=\"#decretos\">\n\n\t\t\t\t\t\t\t\t\t\t\t<span class=\"elementor-icon-list-text\">Decretos<\/span>\n\t\t\t\t\t\t\t\t\t\t\t<\/a>\n\t\t\t\t\t\t\t\t\t<\/li>\n\t\t\t\t\t\t\t\t<li class=\"elementor-icon-list-item elementor-inline-item\">\n\t\t\t\t\t\t\t\t\t\t\t<a href=\"#portarias\">\n\n\t\t\t\t\t\t\t\t\t\t\t<span class=\"elementor-icon-list-text\">Portarias<\/span>\n\t\t\t\t\t\t\t\t\t\t\t<\/a>\n\t\t\t\t\t\t\t\t\t<\/li>\n\t\t\t\t\t\t\t\t<li class=\"elementor-icon-list-item elementor-inline-item\">\n\t\t\t\t\t\t\t\t\t\t\t<a href=\"#instrucoesnormativas\">\n\n\t\t\t\t\t\t\t\t\t\t\t<span class=\"elementor-icon-list-text\">Instru\u00e7\u00f5es Normativas<\/span>\n\t\t\t\t\t\t\t\t\t\t\t<\/a>\n\t\t\t\t\t\t\t\t\t<\/li>\n\t\t\t\t\t\t<\/ul>\n\t\t\t\t\t\t<\/div>\n\t\t\t\t<\/div>\n\t\t\t\t\t<\/div>\n\t\t<\/div>\n\t\t\t\t\t<\/div>\n\t\t<\/section>\n\t\t\t\t<section class=\"elementor-section elementor-top-section elementor-element elementor-element-361e322 elementor-section-boxed elementor-section-height-default elementor-section-height-default\" data-id=\"361e322\" data-element_type=\"section\" data-e-type=\"section\" data-settings=\"{&quot;background_background&quot;:&quot;classic&quot;}\">\n\t\t\t\t\t\t<div class=\"elementor-container elementor-column-gap-default\">\n\t\t\t\t\t<div class=\"elementor-column elementor-col-100 elementor-top-column elementor-element elementor-element-b9fdae8\" data-id=\"b9fdae8\" data-element_type=\"column\" data-e-type=\"column\" data-settings=\"{&quot;background_background&quot;:&quot;slideshow&quot;,&quot;background_slideshow_gallery&quot;:[{&quot;id&quot;:100,&quot;url&quot;:&quot;http:\\\/\\\/172.16.5.196\\\/portal\\\/wp-content\\\/uploads\\\/2021\\\/03\\\/Foto-KJ-Pargeter-Freepik_deep-tech-capa.jpg&quot;}],&quot;background_slideshow_loop&quot;:&quot;yes&quot;,&quot;background_slideshow_slide_duration&quot;:5000,&quot;background_slideshow_slide_transition&quot;:&quot;fade&quot;,&quot;background_slideshow_transition_duration&quot;:500}\">\n\t\t\t<div class=\"elementor-widget-wrap elementor-element-populated\">\n\t\t\t\t\t<div class=\"elementor-background-overlay\"><\/div>\n\t\t\t\t\t\t<div class=\"elementor-element elementor-element-a6ef508 elementor-widget elementor-widget-menu-anchor\" data-id=\"a6ef508\" data-element_type=\"widget\" data-e-type=\"widget\" data-widget_type=\"menu-anchor.default\">\n\t\t\t\t<div class=\"elementor-widget-container\">\n\t\t\t\t\t\t\t<div class=\"elementor-menu-anchor\" id=\"leisordinarias\"><\/div>\n\t\t\t\t\t\t<\/div>\n\t\t\t\t<\/div>\n\t\t\t\t<div class=\"elementor-element elementor-element-07e5cf1 elementor-widget elementor-widget-heading\" data-id=\"07e5cf1\" data-element_type=\"widget\" data-e-type=\"widget\" data-widget_type=\"heading.default\">\n\t\t\t\t<div class=\"elementor-widget-container\">\n\t\t\t\t\t<h3 class=\"elementor-heading-title elementor-size-default\">Leis Ordin\u00e1rias<\/h3>\t\t\t\t<\/div>\n\t\t\t\t<\/div>\n\t\t\t\t<div class=\"elementor-element elementor-element-45afa76 elementor-widget elementor-widget-heading\" data-id=\"45afa76\" data-element_type=\"widget\" data-e-type=\"widget\" data-widget_type=\"heading.default\">\n\t\t\t\t<div class=\"elementor-widget-container\">\n\t\t\t\t\t<div class=\"elementor-heading-title elementor-size-default\">ICMS<\/div>\t\t\t\t<\/div>\n\t\t\t\t<\/div>\n\t\t\t\t<div class=\"elementor-element elementor-element-5c58ca7 elementor-grid-1 elementor-posts--thumbnail-none elementor-grid-tablet-1 elementor-grid-mobile-1 elementor-widget elementor-widget-posts\" data-id=\"5c58ca7\" data-element_type=\"widget\" data-e-type=\"widget\" data-settings=\"{&quot;classic_columns&quot;:&quot;1&quot;,&quot;classic_row_gap&quot;:{&quot;unit&quot;:&quot;px&quot;,&quot;size&quot;:20,&quot;sizes&quot;:[]},&quot;classic_columns_tablet&quot;:&quot;1&quot;,&quot;classic_columns_mobile&quot;:&quot;1&quot;,&quot;classic_row_gap_tablet&quot;:{&quot;unit&quot;:&quot;px&quot;,&quot;size&quot;:&quot;&quot;,&quot;sizes&quot;:[]},&quot;classic_row_gap_mobile&quot;:{&quot;unit&quot;:&quot;px&quot;,&quot;size&quot;:&quot;&quot;,&quot;sizes&quot;:[]}}\" data-widget_type=\"posts.classic\">\n\t\t\t\t<div class=\"elementor-widget-container\">\n\t\t\t\t\t\t\t<div class=\"elementor-posts-container elementor-posts elementor-posts--skin-classic elementor-grid\" role=\"list\">\n\t\t\t\t<article class=\"elementor-post elementor-grid-item post-24427 post type-post status-publish format-standard hentry category-legislacao category-leis-ordinarias tag-icms\" role=\"listitem\">\n\t\t\t\t<div class=\"elementor-post__text\">\n\t\t\t\t<h6 class=\"elementor-post__title\">\n\t\t\t<a href=\"https:\/\/sefaz.ac.gov.br\/2021\/?p=24427\" target=&quot;_blank&quot;>\n\t\t\t\tLEI N\u00ba 4.834, DE 3 DE AGOSTO DE 2026\t\t\t<\/a>\n\t\t<\/h6>\n\t\t\t\t<div class=\"elementor-post__excerpt\">\n\t\t\t<p>Disp\u00f5e sobre a redu\u00e7\u00e3o da base de c\u00e1lculo do Imposto sobre Opera\u00e7\u00f5es Relativas \u00e0 Circula\u00e7\u00e3o de Mercadorias e sobre Presta\u00e7\u00f5es de Servi\u00e7os de Transporte Interestadual e Intermunicipal e de Comunica\u00e7\u00e3o &#8211; ICMS nas sa\u00eddas interestaduais de caf\u00e9 conilon cru, em coco ou em gr\u00e3o destinadas a contribuinte do imposto. <\/p>\n\t\t<\/div>\n\t\t\t\t<\/div>\n\t\t\t\t<\/article>\n\t\t\t\t<article class=\"elementor-post elementor-grid-item post-24429 post type-post status-publish format-standard hentry category-legislacao category-leis-ordinarias tag-icms\" role=\"listitem\">\n\t\t\t\t<div class=\"elementor-post__text\">\n\t\t\t\t<h6 class=\"elementor-post__title\">\n\t\t\t<a href=\"https:\/\/sefaz.ac.gov.br\/2021\/?p=24429\" target=&quot;_blank&quot;>\n\t\t\t\tLEI N\u00ba 4.833, DE 3 DE AGOSTO DE 2026\t\t\t<\/a>\n\t\t<\/h6>\n\t\t\t\t<div class=\"elementor-post__excerpt\">\n\t\t\t<p>Altera a Lei n\u00ba 3.532, de 30 de outubro de 2019, que disp\u00f5e sobre a distribui\u00e7\u00e3o do Imposto sobre Opera\u00e7\u00f5es Relativas \u00e0 Circula\u00e7\u00e3o de Mercadorias e sobre Presta\u00e7\u00f5es de Servi\u00e7os de Transporte Interestadual e Intermunicipal e de Comunica\u00e7\u00e3o &#8211; ICMS, pertencente aos Munic\u00edpios. <\/p>\n\t\t<\/div>\n\t\t\t\t<\/div>\n\t\t\t\t<\/article>\n\t\t\t\t<article class=\"elementor-post elementor-grid-item post-22917 post type-post status-publish format-standard hentry category-legislacao category-leis-ordinarias tag-icms\" role=\"listitem\">\n\t\t\t\t<div class=\"elementor-post__text\">\n\t\t\t\t<h6 class=\"elementor-post__title\">\n\t\t\t<a href=\"https:\/\/sefaz.ac.gov.br\/2021\/?p=22917\" target=&quot;_blank&quot;>\n\t\t\t\tLEI N\u00ba 4.643, DE 20 DE AGOSTO DE 2025\t\t\t<\/a>\n\t\t<\/h6>\n\t\t\t\t<div class=\"elementor-post__excerpt\">\n\t\t\t<p>A GOVERNADORA DO ESTADO DO ACRE FA\u00c7O SABER que a Assembleia Legislativa do Estado do Acre decreta e eu sanciono a seguinte Lei: Art. 1\u00ba<\/p>\n\t\t<\/div>\n\t\t\t\t<\/div>\n\t\t\t\t<\/article>\n\t\t\t\t<article class=\"elementor-post elementor-grid-item post-21776 post type-post status-publish format-standard hentry category-legislacao category-leis-ordinarias tag-icms tag-refis\" role=\"listitem\">\n\t\t\t\t<div class=\"elementor-post__text\">\n\t\t\t\t<h6 class=\"elementor-post__title\">\n\t\t\t<a href=\"https:\/\/sefaz.ac.gov.br\/2021\/?p=21776\" target=&quot;_blank&quot;>\n\t\t\t\tLEI N\u00ba 4.522, DE 26 DE FEVEREIRO DE 2025\t\t\t<\/a>\n\t\t<\/h6>\n\t\t\t\t<div class=\"elementor-post__excerpt\">\n\t\t\t<p>Altera a Lei n\u00ba 3.673, de 31 de dezembro de 2020, que disp\u00f5e sobre o parcelamento incentivado de d\u00e9bitos ficais relacionados ao Imposto sobre Opera\u00e7\u00f5es Relativas \u00e0 Circula\u00e7\u00e3o de Mercadorias e sobre Presta\u00e7\u00f5es de Servi\u00e7os de Transporte Interestadual e Intermunicipal e de Comunica\u00e7\u00e3o &#8211; ICMS, para tratar das condi\u00e7\u00f5es e dos percentuais de multas e juros para ades\u00e3o ao Programa de Recupera\u00e7\u00e3o Fiscal 2021 &#8211; REFIS 2021.<\/p>\n\t\t<\/div>\n\t\t\t\t<\/div>\n\t\t\t\t<\/article>\n\t\t\t\t<article class=\"elementor-post elementor-grid-item post-21461 post type-post status-publish format-standard hentry category-legislacao category-leis-ordinarias tag-icms\" role=\"listitem\">\n\t\t\t\t<div class=\"elementor-post__text\">\n\t\t\t\t<h6 class=\"elementor-post__title\">\n\t\t\t<a href=\"https:\/\/sefaz.ac.gov.br\/2021\/?p=21461\" target=&quot;_blank&quot;>\n\t\t\t\tLEI N\u00ba 4.518, DE 3 DE JANEIRO DE 2025\t\t\t<\/a>\n\t\t<\/h6>\n\t\t\t\t<div class=\"elementor-post__excerpt\">\n\t\t\t<p>Disp\u00f5e sobre a redu\u00e7\u00e3o da base de c\u00e1lculo do Imposto sobre Opera\u00e7\u00f5es Relativas \u00e0 Circula\u00e7\u00e3o de Mercadorias e sobre Presta\u00e7\u00f5es de Servi\u00e7os de Transporte Interestadual e Intermunicipal e de Comunica\u00e7\u00e3o &#8211; ICMS nas sa\u00eddas interestaduais de caf\u00e9 conilon cru, em coco ou em gr\u00e3o destinadas a contribuinte do imposto.<\/p>\n\t\t<\/div>\n\t\t\t\t<\/div>\n\t\t\t\t<\/article>\n\t\t\t\t<article class=\"elementor-post elementor-grid-item post-21463 post type-post status-publish format-standard hentry category-legislacao category-leis-ordinarias tag-icms\" role=\"listitem\">\n\t\t\t\t<div class=\"elementor-post__text\">\n\t\t\t\t<h6 class=\"elementor-post__title\">\n\t\t\t<a href=\"https:\/\/sefaz.ac.gov.br\/2021\/?p=21463\" target=&quot;_blank&quot;>\n\t\t\t\tLEI N\u00ba 4.517, DE 3 DE JANEIRO DE 2025\t\t\t<\/a>\n\t\t<\/h6>\n\t\t\t\t<div class=\"elementor-post__excerpt\">\n\t\t\t<p>Disp\u00f5e sobre a isen\u00e7\u00e3o do Imposto sobre Opera\u00e7\u00f5es Relativas \u00e0 Circula\u00e7\u00e3o de Mercadorias e sobre Presta\u00e7\u00f5es de Servi\u00e7os de Transporte Interestadual e Intermunicipal e de Comunica\u00e7\u00e3o &#8211; ICMS nas opera\u00e7\u00f5es internas com irrigadores e sistemas de irriga\u00e7\u00e3o para uso na agricultura ou horticultura, com fundamento no Conv\u00eanio ICMS n\u00ba 54\/21, de 8 de abril de 2021, do Conselho Nacional de Pol\u00edtica Fazend\u00e1ria &#8211; CONFAZ.<\/p>\n\t\t<\/div>\n\t\t\t\t<\/div>\n\t\t\t\t<\/article>\n\t\t\t\t<article class=\"elementor-post elementor-grid-item post-21421 post type-post status-publish format-standard hentry category-legislacao category-leis-ordinarias tag-icms\" role=\"listitem\">\n\t\t\t\t<div class=\"elementor-post__text\">\n\t\t\t\t<h6 class=\"elementor-post__title\">\n\t\t\t<a href=\"https:\/\/sefaz.ac.gov.br\/2021\/?p=21421\" target=&quot;_blank&quot;>\n\t\t\t\tLEI N\u00ba 4.504, DE 17 DE DEZEMBRO DE 2024\t\t\t<\/a>\n\t\t<\/h6>\n\t\t\t\t<div class=\"elementor-post__excerpt\">\n\t\t\t<p>Disp\u00f5e sobre a isen\u00e7\u00e3o do Imposto sobre Opera\u00e7\u00f5es Relativas \u00e0 Circula\u00e7\u00e3o de Mercadorias e sobre Presta\u00e7\u00f5es de Servi\u00e7os de Transporte Interestadual e Intermunicipal e de Comunica\u00e7\u00e3o &#8211; ICMS sobre o fornecimento de refei\u00e7\u00f5es realizado pelo Servi\u00e7o Social do Com\u00e9rcio &#8211; SESC.<\/p>\n\t\t<\/div>\n\t\t\t\t<\/div>\n\t\t\t\t<\/article>\n\t\t\t\t<article class=\"elementor-post elementor-grid-item post-21423 post type-post status-publish format-standard hentry category-legislacao category-leis-ordinarias tag-icms\" role=\"listitem\">\n\t\t\t\t<div class=\"elementor-post__text\">\n\t\t\t\t<h6 class=\"elementor-post__title\">\n\t\t\t<a href=\"https:\/\/sefaz.ac.gov.br\/2021\/?p=21423\" target=&quot;_blank&quot;>\n\t\t\t\tLEI N\u00ba 4.503, DE 17 DE DEZEMBRO DE 2024\t\t\t<\/a>\n\t\t<\/h6>\n\t\t\t\t<div class=\"elementor-post__excerpt\">\n\t\t\t<p>Disp\u00f5e sobre a concess\u00e3o da redu\u00e7\u00e3o da base de c\u00e1lculo do Imposto sobre Opera\u00e7\u00f5es Relativas \u00e0 Circula\u00e7\u00e3o de Mercadorias e sobre Presta\u00e7\u00f5es de Servi\u00e7os de Transporte Interestadual e Intermunicipal e de Comunica\u00e7\u00e3o &#8211; ICMS no fornecimento de refei\u00e7\u00e3o promovido por bares, restaurantes e estabelecimentos similares.<\/p>\n\t\t<\/div>\n\t\t\t\t<\/div>\n\t\t\t\t<\/article>\n\t\t\t\t<article class=\"elementor-post elementor-grid-item post-21393 post type-post status-publish format-standard hentry category-legislacao category-leis-ordinarias tag-icms\" role=\"listitem\">\n\t\t\t\t<div class=\"elementor-post__text\">\n\t\t\t\t<h6 class=\"elementor-post__title\">\n\t\t\t<a href=\"https:\/\/sefaz.ac.gov.br\/2021\/?p=21393\" target=&quot;_blank&quot;>\n\t\t\t\tLEI N\u00ba 4.502, DE 16 DE DEZEMBRO DE 2024\t\t\t<\/a>\n\t\t<\/h6>\n\t\t\t\t<div class=\"elementor-post__excerpt\">\n\t\t\t<p>Altera a Lei n\u00ba 3.673, de 31 de dezembro de 2020, que disp\u00f5e sobre o parcelamento incentivado de d\u00e9bitos ficais relacionados ao Imposto sobre Opera\u00e7\u00f5es Relativas \u00e0 Circula\u00e7\u00e3o de Mercadorias e sobre Presta\u00e7\u00f5es de Servi\u00e7os de Transporte Interestadual e Intermunicipal e de Comunica\u00e7\u00e3o &#8211; ICMS, para tratar do alcance do Programa de Recupera\u00e7\u00e3o Fiscal 2021 &#8211; REFIS 2021 e dos percentuais de multas e juros. <\/p>\n\t\t<\/div>\n\t\t\t\t<\/div>\n\t\t\t\t<\/article>\n\t\t\t\t<article class=\"elementor-post elementor-grid-item post-20323 post type-post status-publish format-standard hentry category-legislacao category-leis-ordinarias tag-icms\" role=\"listitem\">\n\t\t\t\t<div class=\"elementor-post__text\">\n\t\t\t\t<h6 class=\"elementor-post__title\">\n\t\t\t<a href=\"https:\/\/sefaz.ac.gov.br\/2021\/?p=20323\" target=&quot;_blank&quot;>\n\t\t\t\tLEI N\u00ba 4.375, DE 11 DE JULHO DE 2024\t\t\t<\/a>\n\t\t<\/h6>\n\t\t\t\t<div class=\"elementor-post__excerpt\">\n\t\t\t<p>Disp\u00f5e sobre a prorroga\u00e7\u00e3o dos prazos para pagamento do Imposto sobre Opera\u00e7\u00f5es Relativas \u00e0 Circula\u00e7\u00e3o de Mercadorias e sobre Presta\u00e7\u00f5es de Servi\u00e7os de Transporte Interestadual e Intermunicipal e de Comunica\u00e7\u00e3o &#8211; ICMS devido por contribuintes estabelecidos no Rio Grande do Sul.<\/p>\n\t\t<\/div>\n\t\t\t\t<\/div>\n\t\t\t\t<\/article>\n\t\t\t\t<article class=\"elementor-post elementor-grid-item post-20113 post type-post status-publish format-standard hentry category-legislacao category-leis-ordinarias tag-icms\" role=\"listitem\">\n\t\t\t\t<div class=\"elementor-post__text\">\n\t\t\t\t<h6 class=\"elementor-post__title\">\n\t\t\t<a href=\"https:\/\/sefaz.ac.gov.br\/2021\/?p=20113\" target=&quot;_blank&quot;>\n\t\t\t\tLEI N\u00ba 4.357, DE 6 DE JUNHO DE 2024\t\t\t<\/a>\n\t\t<\/h6>\n\t\t\t\t<div class=\"elementor-post__excerpt\">\n\t\t\t<p>Disp\u00f5e sobre a prorroga\u00e7\u00e3o dos prazos para pagamento do Imposto sobre Opera\u00e7\u00f5es Relativas \u00e0 Circula\u00e7\u00e3o de Mercadorias e sobre Presta\u00e7\u00f5es de Servi\u00e7os de Transporte Interestadual e Intermunicipal e de Comunica\u00e7\u00e3o &#8211; ICMS.<\/p>\n\t\t<\/div>\n\t\t\t\t<\/div>\n\t\t\t\t<\/article>\n\t\t\t\t<article class=\"elementor-post elementor-grid-item post-19001 post type-post status-publish format-standard hentry category-legislacao category-leis-ordinarias tag-icms tag-incentivos\" role=\"listitem\">\n\t\t\t\t<div class=\"elementor-post__text\">\n\t\t\t\t<h6 class=\"elementor-post__title\">\n\t\t\t<a href=\"https:\/\/sefaz.ac.gov.br\/2021\/?p=19001\" target=&quot;_blank&quot;>\n\t\t\t\tLEI N\u00ba 4.295, DE 27 DE DEZEMBRO DE 2023\t\t\t<\/a>\n\t\t<\/h6>\n\t\t\t\t<div class=\"elementor-post__excerpt\">\n\t\t\t<p>Altera a Lei n\u00ba 725, de 13 de dezembro de 1980, que institui o Fundo Agropecu\u00e1rio Estadual &#8211; FUNAGRO.<\/p>\n\t\t<\/div>\n\t\t\t\t<\/div>\n\t\t\t\t<\/article>\n\t\t\t\t<article class=\"elementor-post elementor-grid-item post-18950 post type-post status-publish format-standard hentry category-legislacao category-leis-ordinarias tag-icms\" role=\"listitem\">\n\t\t\t\t<div class=\"elementor-post__text\">\n\t\t\t\t<h6 class=\"elementor-post__title\">\n\t\t\t<a href=\"https:\/\/sefaz.ac.gov.br\/2021\/?p=18950\" target=&quot;_blank&quot;>\n\t\t\t\tLEI N\u00ba 4.287, DE 27 DE DEZEMBRO DE 2023\t\t\t<\/a>\n\t\t<\/h6>\n\t\t\t\t<div class=\"elementor-post__excerpt\">\n\t\t\t<p>Disp\u00f5e sobre a redu\u00e7\u00e3o da base de c\u00e1lculo do Imposto sobre Opera\u00e7\u00f5es Relativas \u00e0 Circula\u00e7\u00e3o de Mercadorias e sobre Presta\u00e7\u00f5es de Servi\u00e7os de Transporte Interestadual e Intermunicipal e de Comunica\u00e7\u00e3o &#8211; ICMS nas opera\u00e7\u00f5es de importa\u00e7\u00e3o realizadas por remessas postais ou expressas.<\/p>\n\t\t<\/div>\n\t\t\t\t<\/div>\n\t\t\t\t<\/article>\n\t\t\t\t<article class=\"elementor-post elementor-grid-item post-18998 post type-post status-publish format-standard hentry category-legislacao category-leis-ordinarias tag-icms tag-incentivos\" role=\"listitem\">\n\t\t\t\t<div class=\"elementor-post__text\">\n\t\t\t\t<h6 class=\"elementor-post__title\">\n\t\t\t<a href=\"https:\/\/sefaz.ac.gov.br\/2021\/?p=18998\" target=&quot;_blank&quot;>\n\t\t\t\tLEI N\u00ba 4.280, DE 20 DE DEZEMBRO DE 2023\t\t\t<\/a>\n\t\t<\/h6>\n\t\t\t\t<div class=\"elementor-post__excerpt\">\n\t\t\t<p>Disp\u00f5e sobre o Programa Mais Luz para o Acre.<\/p>\n\t\t<\/div>\n\t\t\t\t<\/div>\n\t\t\t\t<\/article>\n\t\t\t\t<article class=\"elementor-post elementor-grid-item post-19760 post type-post status-publish format-standard hentry category-legislacao category-leis-ordinarias tag-icms\" role=\"listitem\">\n\t\t\t\t<div class=\"elementor-post__text\">\n\t\t\t\t<h6 class=\"elementor-post__title\">\n\t\t\t<a href=\"https:\/\/sefaz.ac.gov.br\/2021\/?p=19760\" target=&quot;_blank&quot;>\n\t\t\t\tLEI N\u00ba 4.139, DE 24 DE JULHO DE 2023\t\t\t<\/a>\n\t\t<\/h6>\n\t\t\t\t<div class=\"elementor-post__excerpt\">\n\t\t\t<p>Disp\u00f5e sobre a concess\u00e3o de isen\u00e7\u00e3o do Imposto sobre Opera\u00e7\u00f5es Relativas \u00e0 Circula\u00e7\u00e3o de Mercadorias e sobre Presta\u00e7\u00f5es de Servi\u00e7os de Transporte Interestadual e Intermunicipal e de Comunica\u00e7\u00e3o &#8211; ICMS nas opera\u00e7\u00f5es com produtos hortifrut\u00edcolas, conforme estabelecido no Conv\u00eanio ICM 44, de 10 de dezembro de 1975, do Conselho Nacional de Pol\u00edtica Fazend\u00e1ria &#8211; CONFAZ.<\/p>\n\t\t<\/div>\n\t\t\t\t<\/div>\n\t\t\t\t<\/article>\n\t\t\t\t<article class=\"elementor-post elementor-grid-item post-16204 post type-post status-publish format-standard hentry category-legislacao category-leis-ordinarias tag-icms\" role=\"listitem\">\n\t\t\t\t<div class=\"elementor-post__text\">\n\t\t\t\t<h6 class=\"elementor-post__title\">\n\t\t\t<a href=\"https:\/\/sefaz.ac.gov.br\/2021\/?p=16204\" target=&quot;_blank&quot;>\n\t\t\t\tLEI N\u00ba 4.101, DE 27 DE ABRIL DE 2023\t\t\t<\/a>\n\t\t<\/h6>\n\t\t\t\t<div class=\"elementor-post__excerpt\">\n\t\t\t<p>Disp\u00f5e sobre prorroga\u00e7\u00e3o do prazo para pagamento do Imposto sobre Opera\u00e7\u00f5es Relativas \u00e0 Circula\u00e7\u00e3o de Mercadorias e sobre Presta\u00e7\u00f5es de Servi\u00e7os de Transporte Interestadual e Intermunicipal e de Comunica\u00e7\u00e3o &#8211; ICMS, na situa\u00e7\u00e3o que especifica.<\/p>\n\t\t<\/div>\n\t\t\t\t<\/div>\n\t\t\t\t<\/article>\n\t\t\t\t<article class=\"elementor-post elementor-grid-item post-18713 post type-post status-publish format-standard hentry category-legislacao category-leis-ordinarias tag-icms\" role=\"listitem\">\n\t\t\t\t<div class=\"elementor-post__text\">\n\t\t\t\t<h6 class=\"elementor-post__title\">\n\t\t\t<a href=\"https:\/\/sefaz.ac.gov.br\/2021\/?p=18713\" target=&quot;_blank&quot;>\n\t\t\t\tLEI N\u00ba 4.077, DE 30 DE DEZEMBRO DE 2022\t\t\t<\/a>\n\t\t<\/h6>\n\t\t\t\t<div class=\"elementor-post__excerpt\">\n\t\t\t<p>Disp\u00f5e sobre a isen\u00e7\u00e3o do ICMS nas opera\u00e7\u00f5es com leite fresco.<\/p>\n\t\t<\/div>\n\t\t\t\t<\/div>\n\t\t\t\t<\/article>\n\t\t\t\t<article class=\"elementor-post elementor-grid-item post-11439 post type-post status-publish format-standard hentry category-legislacao category-leis-ordinarias tag-icms tag-refis\" role=\"listitem\">\n\t\t\t\t<div class=\"elementor-post__text\">\n\t\t\t\t<h6 class=\"elementor-post__title\">\n\t\t\t<a href=\"https:\/\/sefaz.ac.gov.br\/2021\/?p=11439\" target=&quot;_blank&quot;>\n\t\t\t\tLEI N\u00ba 4.078, DE 30 DE DEZEMBRO DE 2022\t\t\t<\/a>\n\t\t<\/h6>\n\t\t\t\t<div class=\"elementor-post__excerpt\">\n\t\t\t<p>Altera dispositivos da Lei n\u00ba 3.673, de 31 de dezembro de 2020, que disp\u00f5e sobre o parcelamento incentivado de d\u00e9bitos ficais relacionados ao Imposto sobre Opera\u00e7\u00f5es Relativas \u00e0 Circula\u00e7\u00e3o de Mercadorias e sobre Presta\u00e7\u00f5es de Servi\u00e7os de Transporte Interestadual e Intermunicipal e de Comunica\u00e7\u00e3o &#8211; ICMS.<\/p>\n\t\t<\/div>\n\t\t\t\t<\/div>\n\t\t\t\t<\/article>\n\t\t\t\t<article class=\"elementor-post elementor-grid-item post-11541 post type-post status-publish format-standard hentry category-legislacao category-leis-ordinarias tag-cira tag-icms\" role=\"listitem\">\n\t\t\t\t<div class=\"elementor-post__text\">\n\t\t\t\t<h6 class=\"elementor-post__title\">\n\t\t\t<a href=\"https:\/\/sefaz.ac.gov.br\/2021\/?p=11541\" target=&quot;_blank&quot;>\n\t\t\t\tLEI N\u00ba 4.059, DE 15 DE DEZEMBRO DE 2022\t\t\t<\/a>\n\t\t<\/h6>\n\t\t\t\t<div class=\"elementor-post__excerpt\">\n\t\t\t<p>Institui o Comit\u00ea Interinstitucional de Recupera\u00e7\u00e3o de Ativos do Estado do Acre &#8211; CIRA, e d\u00e1 outras provid\u00eancias.<\/p>\n\t\t<\/div>\n\t\t\t\t<\/div>\n\t\t\t\t<\/article>\n\t\t\t\t<article class=\"elementor-post elementor-grid-item post-11459 post type-post status-publish format-standard hentry category-legislacao category-leis-ordinarias tag-icms\" role=\"listitem\">\n\t\t\t\t<div class=\"elementor-post__text\">\n\t\t\t\t<h6 class=\"elementor-post__title\">\n\t\t\t<a href=\"https:\/\/sefaz.ac.gov.br\/2021\/?p=11459\" target=&quot;_blank&quot;>\n\t\t\t\tLEI N\u00ba 4.058, DE 15 DE DEZEMBRO DE 2022\t\t\t<\/a>\n\t\t<\/h6>\n\t\t\t\t<div class=\"elementor-post__excerpt\">\n\t\t\t<p>Disp\u00f5e sobre a ades\u00e3o do Estado ao incentivo fiscal previsto na Legisla\u00e7\u00e3o do Estado de Rond\u00f4nia, nos termos da Lei Complementar Federal n\u00ba 160, de 7 de agosto de 2017 e Conv\u00eanio ICMS 190, de 15 de dezembro de 2017.<\/p>\n\t\t<\/div>\n\t\t\t\t<\/div>\n\t\t\t\t<\/article>\n\t\t\t\t<article class=\"elementor-post elementor-grid-item post-11465 post type-post status-publish format-standard hentry category-legislacao category-leis-ordinarias tag-codip tag-icms tag-ipm\" role=\"listitem\">\n\t\t\t\t<div class=\"elementor-post__text\">\n\t\t\t\t<h6 class=\"elementor-post__title\">\n\t\t\t<a href=\"https:\/\/sefaz.ac.gov.br\/2021\/?p=11465\" target=&quot;_blank&quot;>\n\t\t\t\tLEI N\u00ba 4.056, DE 15 DE DEZEMBRO DE 2022\t\t\t<\/a>\n\t\t<\/h6>\n\t\t\t\t<div class=\"elementor-post__excerpt\">\n\t\t\t<p>Altera dispositivo da Lei n\u00ba 3.976, de 15 de setembro de 2022, que altera a Lei n\u00ba 3.532, de 30 de outubro de 2019, que disp\u00f5e sobre os crit\u00e9rios de distribui\u00e7\u00e3o do Imposto sobre Opera\u00e7\u00f5es Relativas \u00e0 Circula\u00e7\u00e3o de Mercadorias e sobre Presta\u00e7\u00f5es de Servi\u00e7os de Transportes Interestadual e Intermunicipal e de Comunica\u00e7\u00e3o &#8211; ICMS, pertencente aos munic\u00edpios.<\/p>\n\t\t<\/div>\n\t\t\t\t<\/div>\n\t\t\t\t<\/article>\n\t\t\t\t<article class=\"elementor-post elementor-grid-item post-16976 post type-post status-publish format-standard hentry category-legislacao category-leis-ordinarias tag-icms\" role=\"listitem\">\n\t\t\t\t<div class=\"elementor-post__text\">\n\t\t\t\t<h6 class=\"elementor-post__title\">\n\t\t\t<a href=\"https:\/\/sefaz.ac.gov.br\/2021\/?p=16976\" target=&quot;_blank&quot;>\n\t\t\t\tLEI N\u00ba 3.984, DE 3 DE OUTUBRO DE 2022\t\t\t<\/a>\n\t\t<\/h6>\n\t\t\t\t<div class=\"elementor-post__excerpt\">\n\t\t\t<p>O PRESIDENTE DO PODER LEGISLATIVO DO ESTADO DO ACRE, com fulcro no art. 58, \u00a7\u00a7 3\u00ba e 8\u00ba da Constitui\u00e7\u00e3o Estadual, c\/c o art. 15,<\/p>\n\t\t<\/div>\n\t\t\t\t<\/div>\n\t\t\t\t<\/article>\n\t\t\t\t<article class=\"elementor-post elementor-grid-item post-16752 post type-post status-publish format-standard hentry category-legislacao category-leis-ordinarias tag-icms\" role=\"listitem\">\n\t\t\t\t<div class=\"elementor-post__text\">\n\t\t\t\t<h6 class=\"elementor-post__title\">\n\t\t\t<a href=\"https:\/\/sefaz.ac.gov.br\/2021\/?p=16752\" target=&quot;_blank&quot;>\n\t\t\t\tLEI N\u00ba 3.977, DE 15 DE SETEMBRO DE 2022\t\t\t<\/a>\n\t\t<\/h6>\n\t\t\t\t<div class=\"elementor-post__excerpt\">\n\t\t\t<p>Altera a Lei n\u00ba 3.938, de 25 de abril de 2022, que disp\u00f5e sobre a redu\u00e7\u00e3o da base de c\u00e1lculo do ICMS nas opera\u00e7\u00f5es interestaduais com bovinos e altera dispositivos da Lei n\u00ba 725, de 13 de dezembro de 1980, que institui o Fundo Agropecu\u00e1rio Estadual &#8211; FUNAGRO, e d\u00e1 outras provid\u00eancias.<\/p>\n\t\t<\/div>\n\t\t\t\t<\/div>\n\t\t\t\t<\/article>\n\t\t\t\t<article class=\"elementor-post elementor-grid-item post-18138 post type-post status-publish format-standard hentry category-legislacao category-leis-ordinarias tag-codip tag-icms tag-ipm\" role=\"listitem\">\n\t\t\t\t<div class=\"elementor-post__text\">\n\t\t\t\t<h6 class=\"elementor-post__title\">\n\t\t\t<a href=\"https:\/\/sefaz.ac.gov.br\/2021\/?p=18138\" target=&quot;_blank&quot;>\n\t\t\t\tLEI N\u00ba 3.976, DE 15 DE SETEMBRO DE 2022\t\t\t<\/a>\n\t\t<\/h6>\n\t\t\t\t<div class=\"elementor-post__excerpt\">\n\t\t\t<p>Altera a Lei n\u00b0 3.532, de 30 de outubro de 2019, que disp\u00f5e sobre os crit\u00e9rios de distribui\u00e7\u00e3o do Imposto sobre Opera\u00e7\u00f5es Relativas \u00e0 Circula\u00e7\u00e3o de Mercadorias e sobre Presta\u00e7\u00f5es de Servi\u00e7os de Transporte Interestadual e Intermunicipal e de Comunica\u00e7\u00e3o &#8211; ICMS, pertencente aos munic\u00edpios.<\/p>\n\t\t<\/div>\n\t\t\t\t<\/div>\n\t\t\t\t<\/article>\n\t\t\t\t<article class=\"elementor-post elementor-grid-item post-16764 post type-post status-publish format-standard hentry category-legislacao category-leis-ordinarias tag-icms\" role=\"listitem\">\n\t\t\t\t<div class=\"elementor-post__text\">\n\t\t\t\t<h6 class=\"elementor-post__title\">\n\t\t\t<a href=\"https:\/\/sefaz.ac.gov.br\/2021\/?p=16764\" target=&quot;_blank&quot;>\n\t\t\t\tLEI N\u00ba 3.938, DE 25 DE ABRIL DE 2022\t\t\t<\/a>\n\t\t<\/h6>\n\t\t\t\t<div class=\"elementor-post__excerpt\">\n\t\t\t<p>Disp\u00f5e sobre a redu\u00e7\u00e3o da base de c\u00e1lculo do ICMS nas opera\u00e7\u00f5es interestaduais com bovinos e altera dispositivos da Lei n\u00ba 725, de 13 de dezembro de 1980, que institui o Fundo Agropecu\u00e1rio Estadual &#8211; FUNAGRO, e d\u00e1 outras provid\u00eancias.<\/p>\n\t\t<\/div>\n\t\t\t\t<\/div>\n\t\t\t\t<\/article>\n\t\t\t\t<article class=\"elementor-post elementor-grid-item post-16749 post type-post status-publish format-standard hentry category-legislacao category-leis-ordinarias tag-icms\" role=\"listitem\">\n\t\t\t\t<div class=\"elementor-post__text\">\n\t\t\t\t<h6 class=\"elementor-post__title\">\n\t\t\t<a href=\"https:\/\/sefaz.ac.gov.br\/2021\/?p=16749\" target=&quot;_blank&quot;>\n\t\t\t\tLEI N\u00ba 3.935, DE 7 DE ABRIL DE 2022\t\t\t<\/a>\n\t\t<\/h6>\n\t\t\t\t<div class=\"elementor-post__excerpt\">\n\t\t\t<p>Disp\u00f5e sobre a concess\u00e3o de cr\u00e9dito fiscal presumido do Imposto sobre Opera\u00e7\u00f5es Relativas \u00e0 Circula\u00e7\u00e3o de Mercadorias e Presta\u00e7\u00e3o de Servi\u00e7os de Transporte Interestadual e Intermunicipal e de Comunica\u00e7\u00e3o &#8211; ICMS, incidente nas opera\u00e7\u00f5es de contribuintes que possuam como atividade econ\u00f4mica principal o com\u00e9rcio atacadista.<\/p>\n\t\t<\/div>\n\t\t\t\t<\/div>\n\t\t\t\t<\/article>\n\t\t\t\t<article class=\"elementor-post elementor-grid-item post-16741 post type-post status-publish format-standard hentry category-legislacao category-leis-ordinarias tag-icms\" role=\"listitem\">\n\t\t\t\t<div class=\"elementor-post__text\">\n\t\t\t\t<h6 class=\"elementor-post__title\">\n\t\t\t<a href=\"https:\/\/sefaz.ac.gov.br\/2021\/?p=16741\" target=&quot;_blank&quot;>\n\t\t\t\tLEI N\u00ba 3.924, DE 1\u00ba DE ABRIL DE 2022\t\t\t<\/a>\n\t\t<\/h6>\n\t\t\t\t<div class=\"elementor-post__excerpt\">\n\t\t\t<p>Disp\u00f5e sobre redu\u00e7\u00e3o da base de c\u00e1lculo do Imposto Sobre Opera\u00e7\u00f5es Relativas \u00e0 Circula\u00e7\u00e3o de Mercadorias e sobre Presta\u00e7\u00f5es de Servi\u00e7os de Transporte Interestadual e Intermunicipal e de Comunica\u00e7\u00e3o &#8211; ICMS, nas opera\u00e7\u00f5es com ve\u00edculos usados, que tenham sido apreendidos pelo Departamento Estadual de Tr\u00e2nsito &#8211; DETRAN.<\/p>\n\t\t<\/div>\n\t\t\t\t<\/div>\n\t\t\t\t<\/article>\n\t\t\t\t<article class=\"elementor-post elementor-grid-item post-16732 post type-post status-publish format-standard hentry category-legislacao category-leis-ordinarias tag-icms\" role=\"listitem\">\n\t\t\t\t<div class=\"elementor-post__text\">\n\t\t\t\t<h6 class=\"elementor-post__title\">\n\t\t\t<a href=\"https:\/\/sefaz.ac.gov.br\/2021\/?p=16732\" target=&quot;_blank&quot;>\n\t\t\t\tLEI N\u00ba 3.911, DE 15 DE FEVEREIRO DE 2022\t\t\t<\/a>\n\t\t<\/h6>\n\t\t\t\t<div class=\"elementor-post__excerpt\">\n\t\t\t<p>Disp\u00f5e sobre a concess\u00e3o de isen\u00e7\u00e3o do Imposto sobre Opera\u00e7\u00f5es Relativas \u00e0 Circula\u00e7\u00e3o de Mercadorias e sobre Presta\u00e7\u00f5es de Servi\u00e7os de Transporte Interestadual e Intermunicipal e de Comunica\u00e7\u00e3o &#8211; ICMS, nas opera\u00e7\u00f5es internas com farinha de mandioca e raspa de mandioca, nas condi\u00e7\u00f5es que especifica.<\/p>\n\t\t<\/div>\n\t\t\t\t<\/div>\n\t\t\t\t<\/article>\n\t\t\t\t<article class=\"elementor-post elementor-grid-item post-16810 post type-post status-publish format-standard hentry category-legislacao category-leis-ordinarias tag-icms\" role=\"listitem\">\n\t\t\t\t<div class=\"elementor-post__text\">\n\t\t\t\t<h6 class=\"elementor-post__title\">\n\t\t\t<a href=\"https:\/\/sefaz.ac.gov.br\/2021\/?p=16810\" target=&quot;_blank&quot;>\n\t\t\t\tLEI N\u00ba 3.874, DE 17 DE DEZEMBRO DE 2021\t\t\t<\/a>\n\t\t<\/h6>\n\t\t\t\t<div class=\"elementor-post__excerpt\">\n\t\t\t<p>Disp\u00f5e sobre o devedor contumaz do Imposto sobre Opera\u00e7\u00f5es Relativas \u00e0 Circula\u00e7\u00e3o de Mercadorias e sobre Presta\u00e7\u00e3o de Servi\u00e7os de Transporte Interestadual e Intermunicipal e de Comunica\u00e7\u00e3o &#8211; ICMS, e estabelece medidas de fortalecimento da cobran\u00e7a de cr\u00e9ditos tribut\u00e1rios nas condi\u00e7\u00f5es que indica.<\/p>\n\t\t<\/div>\n\t\t\t\t<\/div>\n\t\t\t\t<\/article>\n\t\t\t\t<article class=\"elementor-post elementor-grid-item post-16799 post type-post status-publish format-standard hentry category-legislacao category-leis-ordinarias tag-icms\" role=\"listitem\">\n\t\t\t\t<div class=\"elementor-post__text\">\n\t\t\t\t<h6 class=\"elementor-post__title\">\n\t\t\t<a href=\"https:\/\/sefaz.ac.gov.br\/2021\/?p=16799\" target=&quot;_blank&quot;>\n\t\t\t\tLEI N\u00ba 3.871, DE 17 DE DEZEMBRO DE 2021\t\t\t<\/a>\n\t\t<\/h6>\n\t\t\t\t<div class=\"elementor-post__excerpt\">\n\t\t\t<p>Disp\u00f5e sobre a isen\u00e7\u00e3o do Imposto sobre Opera\u00e7\u00f5es Relativas \u00e0 Circula\u00e7\u00e3o de Mercadorias e sobre Presta\u00e7\u00f5es de Servi\u00e7os interestadual e Intermunicipal e de Comunica\u00e7\u00e3o &#8211; ICMS nas opera\u00e7\u00f5es e presta\u00e7\u00f5es que especifica destinadas a Entes indicados pelo Minist\u00e9rio das Rela\u00e7\u00f5es Exteriores.<\/p>\n\t\t<\/div>\n\t\t\t\t<\/div>\n\t\t\t\t<\/article>\n\t\t\t\t<\/div>\n\t\t\n\t\t\t\t\t\t<\/div>\n\t\t\t\t<\/div>\n\t\t\t\t<div class=\"elementor-element elementor-element-c9d2e89 elementor-widget elementor-widget-eael-creative-button\" data-id=\"c9d2e89\" data-element_type=\"widget\" data-e-type=\"widget\" data-widget_type=\"eael-creative-button.default\">\n\t\t\t\t<div class=\"elementor-widget-container\">\n\t\t\t\t\t        <div class=\"eael-creative-button-wrapper\">\n\n            <a class=\"eael-creative-button eael-creative-button--default eael-cb-icon-position-\" href=\"https:\/\/sefaz.ac.gov.br\/2021\/?category_name=leis-ordinarias&#038;tag=icms\" data-text=\"IPVA\">\n            \t    \n                <div class=\"creative-button-inner\">\n\n                    \n                    <span class=\"cretive-button-text\">Ir para pesquisa avan\u00e7ada &gt;&gt;<\/span>\n\n                                    <\/div>\n\t                        <\/a>\n        <\/div>\n        \t\t\t\t<\/div>\n\t\t\t\t<\/div>\n\t\t\t\t<div class=\"elementor-element elementor-element-e92257f elementor-icon-list--layout-inline elementor-align-center elementor-mobile-align-start elementor-list-item-link-full_width elementor-widget elementor-widget-icon-list\" data-id=\"e92257f\" data-element_type=\"widget\" data-e-type=\"widget\" data-widget_type=\"icon-list.default\">\n\t\t\t\t<div class=\"elementor-widget-container\">\n\t\t\t\t\t\t\t<ul class=\"elementor-icon-list-items elementor-inline-items\">\n\t\t\t\t\t\t\t<li class=\"elementor-icon-list-item elementor-inline-item\">\n\t\t\t\t\t\t\t\t\t\t\t<a href=\"#inicio\">\n\n\t\t\t\t\t\t\t\t\t\t\t<span class=\"elementor-icon-list-text\">In\u00edcio<\/span>\n\t\t\t\t\t\t\t\t\t\t\t<\/a>\n\t\t\t\t\t\t\t\t\t<\/li>\n\t\t\t\t\t\t\t\t<li class=\"elementor-icon-list-item elementor-inline-item\">\n\t\t\t\t\t\t\t\t\t\t\t<a href=\"#leiscomplementares\">\n\n\t\t\t\t\t\t\t\t\t\t\t<span class=\"elementor-icon-list-text\">Leis Complementares<\/span>\n\t\t\t\t\t\t\t\t\t\t\t<\/a>\n\t\t\t\t\t\t\t\t\t<\/li>\n\t\t\t\t\t\t\t\t<li class=\"elementor-icon-list-item elementor-inline-item\">\n\t\t\t\t\t\t\t\t\t\t\t<a href=\"#leisordinarias\">\n\n\t\t\t\t\t\t\t\t\t\t\t<span class=\"elementor-icon-list-text\">Leis Ordin\u00e1rias<\/span>\n\t\t\t\t\t\t\t\t\t\t\t<\/a>\n\t\t\t\t\t\t\t\t\t<\/li>\n\t\t\t\t\t\t\t\t<li class=\"elementor-icon-list-item elementor-inline-item\">\n\t\t\t\t\t\t\t\t\t\t\t<a href=\"#decretos\">\n\n\t\t\t\t\t\t\t\t\t\t\t<span class=\"elementor-icon-list-text\">Decretos<\/span>\n\t\t\t\t\t\t\t\t\t\t\t<\/a>\n\t\t\t\t\t\t\t\t\t<\/li>\n\t\t\t\t\t\t\t\t<li class=\"elementor-icon-list-item elementor-inline-item\">\n\t\t\t\t\t\t\t\t\t\t\t<a href=\"#portarias\">\n\n\t\t\t\t\t\t\t\t\t\t\t<span class=\"elementor-icon-list-text\">Portarias<\/span>\n\t\t\t\t\t\t\t\t\t\t\t<\/a>\n\t\t\t\t\t\t\t\t\t<\/li>\n\t\t\t\t\t\t\t\t<li class=\"elementor-icon-list-item elementor-inline-item\">\n\t\t\t\t\t\t\t\t\t\t\t<a href=\"#instrucoesnormativas\">\n\n\t\t\t\t\t\t\t\t\t\t\t<span class=\"elementor-icon-list-text\">Instru\u00e7\u00f5es Normativas<\/span>\n\t\t\t\t\t\t\t\t\t\t\t<\/a>\n\t\t\t\t\t\t\t\t\t<\/li>\n\t\t\t\t\t\t<\/ul>\n\t\t\t\t\t\t<\/div>\n\t\t\t\t<\/div>\n\t\t\t\t\t<\/div>\n\t\t<\/div>\n\t\t\t\t\t<\/div>\n\t\t<\/section>\n\t\t\t\t<section class=\"elementor-section elementor-top-section elementor-element elementor-element-0765922 elementor-section-boxed elementor-section-height-default elementor-section-height-default\" data-id=\"0765922\" data-element_type=\"section\" data-e-type=\"section\">\n\t\t\t\t\t\t<div class=\"elementor-container elementor-column-gap-default\">\n\t\t\t\t\t<div class=\"elementor-column elementor-col-100 elementor-top-column elementor-element elementor-element-ebd3946\" data-id=\"ebd3946\" data-element_type=\"column\" data-e-type=\"column\" data-settings=\"{&quot;background_background&quot;:&quot;classic&quot;}\">\n\t\t\t<div class=\"elementor-widget-wrap elementor-element-populated\">\n\t\t\t\t\t\t<div class=\"elementor-element elementor-element-4c2b1a0 elementor-widget elementor-widget-menu-anchor\" data-id=\"4c2b1a0\" data-element_type=\"widget\" data-e-type=\"widget\" data-widget_type=\"menu-anchor.default\">\n\t\t\t\t<div class=\"elementor-widget-container\">\n\t\t\t\t\t\t\t<div class=\"elementor-menu-anchor\" id=\"decretos\"><\/div>\n\t\t\t\t\t\t<\/div>\n\t\t\t\t<\/div>\n\t\t\t\t<div class=\"elementor-element elementor-element-9e4754e elementor-widget elementor-widget-heading\" data-id=\"9e4754e\" data-element_type=\"widget\" data-e-type=\"widget\" data-widget_type=\"heading.default\">\n\t\t\t\t<div class=\"elementor-widget-container\">\n\t\t\t\t\t<h3 class=\"elementor-heading-title elementor-size-default\">Decretos<\/h3>\t\t\t\t<\/div>\n\t\t\t\t<\/div>\n\t\t\t\t<div class=\"elementor-element elementor-element-d873668 elementor-widget elementor-widget-heading\" data-id=\"d873668\" data-element_type=\"widget\" data-e-type=\"widget\" data-widget_type=\"heading.default\">\n\t\t\t\t<div class=\"elementor-widget-container\">\n\t\t\t\t\t<div class=\"elementor-heading-title elementor-size-default\">ICMS<\/div>\t\t\t\t<\/div>\n\t\t\t\t<\/div>\n\t\t\t\t<div class=\"elementor-element elementor-element-29e13ca elementor-grid-1 elementor-posts--thumbnail-none elementor-grid-tablet-1 elementor-grid-mobile-1 elementor-widget elementor-widget-posts\" data-id=\"29e13ca\" data-element_type=\"widget\" data-e-type=\"widget\" data-settings=\"{&quot;classic_columns&quot;:&quot;1&quot;,&quot;classic_row_gap&quot;:{&quot;unit&quot;:&quot;px&quot;,&quot;size&quot;:20,&quot;sizes&quot;:[]},&quot;classic_columns_tablet&quot;:&quot;1&quot;,&quot;classic_columns_mobile&quot;:&quot;1&quot;,&quot;classic_row_gap_tablet&quot;:{&quot;unit&quot;:&quot;px&quot;,&quot;size&quot;:&quot;&quot;,&quot;sizes&quot;:[]},&quot;classic_row_gap_mobile&quot;:{&quot;unit&quot;:&quot;px&quot;,&quot;size&quot;:&quot;&quot;,&quot;sizes&quot;:[]}}\" data-widget_type=\"posts.classic\">\n\t\t\t\t<div class=\"elementor-widget-container\">\n\t\t\t\t\t\t\t<div class=\"elementor-posts-container elementor-posts elementor-posts--skin-classic elementor-grid\" role=\"list\">\n\t\t\t\t<article class=\"elementor-post elementor-grid-item post-24422 post type-post status-publish format-standard hentry category-decretos category-legislacao tag-icms tag-refis\" role=\"listitem\">\n\t\t\t\t<div class=\"elementor-post__text\">\n\t\t\t\t<h6 class=\"elementor-post__title\">\n\t\t\t<a href=\"https:\/\/sefaz.ac.gov.br\/2021\/?p=24422\" target=&quot;_blank&quot;>\n\t\t\t\tDECRETO N\u00ba 11.940, DE 10 DE AGOSTO DE 2026\t\t\t<\/a>\n\t\t<\/h6>\n\t\t\t\t<div class=\"elementor-post__excerpt\">\n\t\t\t<p>Altera o Decreto n\u00ba 7.793, de 20 de janeiro de 2021, que regulamenta a Lei n\u00ba 3.673, de 31 de dezembro de 2020, que autorizou a institui\u00e7\u00e3o do Programa de Recupera\u00e7\u00e3o Fiscal 2021 &#8211; Refis 2021, para dispor sobre prazos. <\/p>\n\t\t<\/div>\n\t\t\t\t<\/div>\n\t\t\t\t<\/article>\n\t\t\t\t<article class=\"elementor-post elementor-grid-item post-24420 post type-post status-publish format-standard hentry category-decretos category-legislacao tag-icms\" role=\"listitem\">\n\t\t\t\t<div class=\"elementor-post__text\">\n\t\t\t\t<h6 class=\"elementor-post__title\">\n\t\t\t<a href=\"https:\/\/sefaz.ac.gov.br\/2021\/?p=24420\" target=&quot;_blank&quot;>\n\t\t\t\tDECRETO N\u00ba 11.939, DE 10 DE AGOSTO DE 2026\t\t\t<\/a>\n\t\t<\/h6>\n\t\t\t\t<div class=\"elementor-post__excerpt\">\n\t\t\t<p>Altera o Regulamento do Imposto sobre Opera\u00e7\u00f5es Relativas a Circula\u00e7\u00e3o de Mercadorias e sobre Presta\u00e7\u00e3o de Servi\u00e7os de Transporte Interestadual e Intermunicipal e de Comunica\u00e7\u00e3o &#8211; ICMS, aprovado por meio do Decreto n\u00ba 008, de 26 de janeiro de 1998.<\/p>\n\t\t<\/div>\n\t\t\t\t<\/div>\n\t\t\t\t<\/article>\n\t\t\t\t<article class=\"elementor-post elementor-grid-item post-24295 post type-post status-publish format-standard hentry category-decretos category-legislacao tag-icms\" role=\"listitem\">\n\t\t\t\t<div class=\"elementor-post__text\">\n\t\t\t\t<h6 class=\"elementor-post__title\">\n\t\t\t<a href=\"https:\/\/sefaz.ac.gov.br\/2021\/?p=24295\" target=&quot;_blank&quot;>\n\t\t\t\tDECRETO N\u00ba 11.900, DE 1\u00ba DE JUNHO DE 2026\t\t\t<\/a>\n\t\t<\/h6>\n\t\t\t\t<div class=\"elementor-post__excerpt\">\n\t\t\t<p>Altera o Regulamento do Imposto sobre Opera\u00e7\u00f5es Relativas a Circula\u00e7\u00e3o de Mercadorias e sobre Presta\u00e7\u00e3o de Servi\u00e7os de Transporte Interestadual e Intermunicipal e de Comunica\u00e7\u00e3o &#8211; ICMS, aprovado por meio do Decreto n\u00ba 008, de 26 de janeiro de 1998. <\/p>\n\t\t<\/div>\n\t\t\t\t<\/div>\n\t\t\t\t<\/article>\n\t\t\t\t<article class=\"elementor-post elementor-grid-item post-24197 post type-post status-publish format-standard hentry category-decretos category-legislacao tag-icms tag-refis\" role=\"listitem\">\n\t\t\t\t<div class=\"elementor-post__text\">\n\t\t\t\t<h6 class=\"elementor-post__title\">\n\t\t\t<a href=\"https:\/\/sefaz.ac.gov.br\/2021\/?p=24197\" target=&quot;_blank&quot;>\n\t\t\t\tDECRETO N\u00ba 11.888, DE 11 DE MAIO DE 2026\t\t\t<\/a>\n\t\t<\/h6>\n\t\t\t\t<div class=\"elementor-post__excerpt\">\n\t\t\t<p>Altera o Decreto n\u00ba 7.793, de 20 de janeiro de 2021, que regulamenta a Lei n\u00ba 3.673, de 31 de dezembro de 2020, que autorizou a institui\u00e7\u00e3o do Programa de Recupera\u00e7\u00e3o Fiscal 2021 &#8211; Refis 2021, para dispor sobre prazos. <\/p>\n\t\t<\/div>\n\t\t\t\t<\/div>\n\t\t\t\t<\/article>\n\t\t\t\t<article class=\"elementor-post elementor-grid-item post-23633 post type-post status-publish format-standard hentry category-decretos category-legislacao tag-icms\" role=\"listitem\">\n\t\t\t\t<div class=\"elementor-post__text\">\n\t\t\t\t<h6 class=\"elementor-post__title\">\n\t\t\t<a href=\"https:\/\/sefaz.ac.gov.br\/2021\/?p=23633\" target=&quot;_blank&quot;>\n\t\t\t\tDECRETO N\u00ba 11.852, DE 18 DE MAR\u00c7O DE 2026\t\t\t<\/a>\n\t\t<\/h6>\n\t\t\t\t<div class=\"elementor-post__excerpt\">\n\t\t\t<p>Altera o Regulamento do Imposto sobre Opera\u00e7\u00f5es Relativas a Circula\u00e7\u00e3o de Mercadorias e sobre Presta\u00e7\u00e3o de Servi\u00e7os de Transporte Interestadual e Intermunicipal e de Comunica\u00e7\u00e3o &#8211; ICMS, aprovado por meio do Decreto n\u00ba 008, de 26 de janeiro de 1998.<\/p>\n\t\t<\/div>\n\t\t\t\t<\/div>\n\t\t\t\t<\/article>\n\t\t\t\t<article class=\"elementor-post elementor-grid-item post-23201 post type-post status-publish format-standard hentry category-decretos category-legislacao tag-icms tag-refis\" role=\"listitem\">\n\t\t\t\t<div class=\"elementor-post__text\">\n\t\t\t\t<h6 class=\"elementor-post__title\">\n\t\t\t<a href=\"https:\/\/sefaz.ac.gov.br\/2021\/?p=23201\" target=&quot;_blank&quot;>\n\t\t\t\tDECRETO N\u00ba 11.808, DE 19 DE DEZEMBRO DE 2025\t\t\t<\/a>\n\t\t<\/h6>\n\t\t\t\t<div class=\"elementor-post__excerpt\">\n\t\t\t<p>Altera o Decreto n\u00ba 7.793, de 20 de janeiro de 2021, que regulamenta a Lei n\u00ba 3.673, de 31 de dezembro de 2020, que autorizou a institui\u00e7\u00e3o do Programa de Recupera\u00e7\u00e3o Fiscal 2021 &#8211; Refis 2021, para dispor sobre o prazo para ades\u00e3o.<\/p>\n\t\t<\/div>\n\t\t\t\t<\/div>\n\t\t\t\t<\/article>\n\t\t\t\t<article class=\"elementor-post elementor-grid-item post-23156 post type-post status-publish format-standard hentry category-decretos category-legislacao tag-icms\" role=\"listitem\">\n\t\t\t\t<div class=\"elementor-post__text\">\n\t\t\t\t<h6 class=\"elementor-post__title\">\n\t\t\t<a href=\"https:\/\/sefaz.ac.gov.br\/2021\/?p=23156\" target=&quot;_blank&quot;>\n\t\t\t\tDECRETO N\u00ba 11.802, DE 5 DE DEZEMBRO DE 2025\t\t\t<\/a>\n\t\t<\/h6>\n\t\t\t\t<div class=\"elementor-post__excerpt\">\n\t\t\t<p>Disp\u00f5e sobre a regulamenta\u00e7\u00e3o da satisfa\u00e7\u00e3o de cr\u00e9ditos tribut\u00e1rios por meio do recebimento de bens im\u00f3veis a t\u00edtulo de da\u00e7\u00e3o em pagamento.<\/p>\n\t\t<\/div>\n\t\t\t\t<\/div>\n\t\t\t\t<\/article>\n\t\t\t\t<article class=\"elementor-post elementor-grid-item post-22727 post type-post status-publish format-standard hentry category-decretos category-legislacao tag-icms tag-refis\" role=\"listitem\">\n\t\t\t\t<div class=\"elementor-post__text\">\n\t\t\t\t<h6 class=\"elementor-post__title\">\n\t\t\t<a href=\"https:\/\/sefaz.ac.gov.br\/2021\/?p=22727\" target=&quot;_blank&quot;>\n\t\t\t\tDECRETO N\u00ba 11.726, DE 24 DE JULHO DE 2025\t\t\t<\/a>\n\t\t<\/h6>\n\t\t\t\t<div class=\"elementor-post__excerpt\">\n\t\t\t<p>Altera o Decreto n\u00ba 7.793, de 20 de janeiro de 2021, que regulamenta a Lei n\u00ba 3.673, de 31 de dezembro de 2020, que autorizou a institui\u00e7\u00e3o do Programa de Recupera\u00e7\u00e3o Fiscal 2021 &#8211; Refis 2021, para dispor sobre prazos e benef\u00edcios.<\/p>\n\t\t<\/div>\n\t\t\t\t<\/div>\n\t\t\t\t<\/article>\n\t\t\t\t<article class=\"elementor-post elementor-grid-item post-22340 post type-post status-publish format-standard hentry category-decretos category-legislacao tag-efd tag-icms\" role=\"listitem\">\n\t\t\t\t<div class=\"elementor-post__text\">\n\t\t\t\t<h6 class=\"elementor-post__title\">\n\t\t\t<a href=\"https:\/\/sefaz.ac.gov.br\/2021\/?p=22340\" target=&quot;_blank&quot;>\n\t\t\t\tDECRETO N\u00ba \u00a011.703, DE 2 DE JUNHO\u00a0 DE 2025\t\t\t<\/a>\n\t\t<\/h6>\n\t\t\t\t<div class=\"elementor-post__excerpt\">\n\t\t\t<p>Altera o Regulamento do Imposto sobre Opera\u00e7\u00f5es Relativas a Circula\u00e7\u00e3o de Mercadorias e sobre Presta\u00e7\u00e3o de Servi\u00e7os de Transporte Interestadual e Intermunicipal e de Comunica\u00e7\u00e3o &#8211; ICMS, aprovado por meio do Decreto n\u00ba 008, de 26 de janeiro de 1998, para dispor sobre o envio da Escritura\u00e7\u00e3o Fiscal Digital &#8211; EFD.<\/p>\n\t\t<\/div>\n\t\t\t\t<\/div>\n\t\t\t\t<\/article>\n\t\t\t\t<article class=\"elementor-post elementor-grid-item post-22123 post type-post status-publish format-standard hentry category-decretos category-legislacao tag-icms\" role=\"listitem\">\n\t\t\t\t<div class=\"elementor-post__text\">\n\t\t\t\t<h6 class=\"elementor-post__title\">\n\t\t\t<a href=\"https:\/\/sefaz.ac.gov.br\/2021\/?p=22123\" target=&quot;_blank&quot;>\n\t\t\t\tDECRETO N\u00ba 11.676, DE 11 DE ABRIL DE 2025\t\t\t<\/a>\n\t\t<\/h6>\n\t\t\t\t<div class=\"elementor-post__excerpt\">\n\t\t\t<p>Altera o Decreto n\u00ba 11.564, de 11 de outubro de 2024, que regulamenta a Lei n\u00ba 1.277, de 13 de janeiro de 1999, que institui a subven\u00e7\u00e3o econ\u00f4mica aos produtores estaduais na explora\u00e7\u00e3o de produtos florestais.<\/p>\n\t\t<\/div>\n\t\t\t\t<\/div>\n\t\t\t\t<\/article>\n\t\t\t\t<article class=\"elementor-post elementor-grid-item post-22118 post type-post status-publish format-standard hentry category-decretos category-legislacao tag-icms\" role=\"listitem\">\n\t\t\t\t<div class=\"elementor-post__text\">\n\t\t\t\t<h6 class=\"elementor-post__title\">\n\t\t\t<a href=\"https:\/\/sefaz.ac.gov.br\/2021\/?p=22118\" target=&quot;_blank&quot;>\n\t\t\t\tDECRETO N\u00ba 11.675, DE 10 DE ABRIL DE 2025\t\t\t<\/a>\n\t\t<\/h6>\n\t\t\t\t<div class=\"elementor-post__excerpt\">\n\t\t\t<p>Altera o Regulamento do Imposto sobre Opera\u00e7\u00f5es Relativas a Circula\u00e7\u00e3o de Mercadorias e sobre Presta\u00e7\u00e3o de Servi\u00e7os de Transporte Interestadual e Intermunicipal e de Comunica\u00e7\u00e3o &#8211; ICMS, aprovado por meio do Decreto n\u00ba 008, de 26 de janeiro de 1998, para dispor sobre documentos fiscais.<\/p>\n\t\t<\/div>\n\t\t\t\t<\/div>\n\t\t\t\t<\/article>\n\t\t\t\t<article class=\"elementor-post elementor-grid-item post-22013 post type-post status-publish format-standard hentry category-decretos category-legislacao tag-icms\" role=\"listitem\">\n\t\t\t\t<div class=\"elementor-post__text\">\n\t\t\t\t<h6 class=\"elementor-post__title\">\n\t\t\t<a href=\"https:\/\/sefaz.ac.gov.br\/2021\/?p=22013\" target=&quot;_blank&quot;>\n\t\t\t\tDECRETO N\u00ba 11.667, DE 4 DE ABRIL DE 2025\t\t\t<\/a>\n\t\t<\/h6>\n\t\t\t\t<div class=\"elementor-post__excerpt\">\n\t\t\t<p>Disp\u00f5e sobre a incorpora\u00e7\u00e3o dos Ajustes SINIEF, Conv\u00eanios e Protocolos ICMS e Acordos de Coopera\u00e7\u00e3o T\u00e9cnica especificados, celebrados no \u00e2mbito do Conselho Nacional de Pol\u00edtica Fazend\u00e1ria &#8211; CONFAZ, \u00e0 legisla\u00e7\u00e3o tribut\u00e1ria do Estado.<\/p>\n\t\t<\/div>\n\t\t\t\t<\/div>\n\t\t\t\t<\/article>\n\t\t\t\t<article class=\"elementor-post elementor-grid-item post-21825 post type-post status-publish format-standard hentry category-decretos category-legislacao tag-icms tag-refis\" role=\"listitem\">\n\t\t\t\t<div class=\"elementor-post__text\">\n\t\t\t\t<h6 class=\"elementor-post__title\">\n\t\t\t<a href=\"https:\/\/sefaz.ac.gov.br\/2021\/?p=21825\" target=&quot;_blank&quot;>\n\t\t\t\tDECRETO N\u00ba 11.652, DE 10 DE MAR\u00c7O DE 2025\t\t\t<\/a>\n\t\t<\/h6>\n\t\t\t\t<div class=\"elementor-post__excerpt\">\n\t\t\t<p>Altera o Decreto n\u00ba 7.793, de 20 de janeiro de 2021, que regulamenta a Lei n\u00ba 3.673, de 31 de dezembro de 2020, que institui o Programa de Recupera\u00e7\u00e3o Fiscal 2021 &#8211; Refis 2021, para dispor sobre as condi\u00e7\u00f5es e percentuais de multas e juros e o prazo para ades\u00e3o.<\/p>\n\t\t<\/div>\n\t\t\t\t<\/div>\n\t\t\t\t<\/article>\n\t\t\t\t<article class=\"elementor-post elementor-grid-item post-21823 post type-post status-publish format-standard hentry category-decretos category-legislacao tag-icms\" role=\"listitem\">\n\t\t\t\t<div class=\"elementor-post__text\">\n\t\t\t\t<h6 class=\"elementor-post__title\">\n\t\t\t<a href=\"https:\/\/sefaz.ac.gov.br\/2021\/?p=21823\" target=&quot;_blank&quot;>\n\t\t\t\tDECRETO N\u00ba 11.651, DE 10 DE MAR\u00c7O DE 2025\t\t\t<\/a>\n\t\t<\/h6>\n\t\t\t\t<div class=\"elementor-post__excerpt\">\n\t\t\t<p>Disp\u00f5e sobre a substitui\u00e7\u00e3o tribut\u00e1ria em rela\u00e7\u00e3o ao Imposto sobre Opera\u00e7\u00f5es Relativas \u00e0 Circula\u00e7\u00e3o de Mercadorias e sobre Presta\u00e7\u00e3o de Servi\u00e7os de Transporte Interestadual e Intermunicipal e de Comunica\u00e7\u00e3o &#8211; ICMS devido pelas opera\u00e7\u00f5es com nafta n\u00e3o petroqu\u00edmica.<\/p>\n\t\t<\/div>\n\t\t\t\t<\/div>\n\t\t\t\t<\/article>\n\t\t\t\t<article class=\"elementor-post elementor-grid-item post-21453 post type-post status-publish format-standard hentry category-decretos category-legislacao tag-icms\" role=\"listitem\">\n\t\t\t\t<div class=\"elementor-post__text\">\n\t\t\t\t<h6 class=\"elementor-post__title\">\n\t\t\t<a href=\"https:\/\/sefaz.ac.gov.br\/2021\/?p=21453\" target=&quot;_blank&quot;>\n\t\t\t\tDECRETO N\u00ba 11.618, DE 2 DE JANEIRO DE 2025\t\t\t<\/a>\n\t\t<\/h6>\n\t\t\t\t<div class=\"elementor-post__excerpt\">\n\t\t\t<p>Altera o Decreto n\u00ba 4.196, de 1\u00ba de outubro de 2001, que disp\u00f5e sobre o Regulamento Operativo do Programa de Incentivo Tribut\u00e1rio para Empresas, Cooperativas e Associa\u00e7\u00f5es de Produtores dos Setores Industrial, Agroindustrial, Florestal, Industrial Extrativo Vegetal e Industria Tur\u00edstica do Estado do Acre.<\/p>\n\t\t<\/div>\n\t\t\t\t<\/div>\n\t\t\t\t<\/article>\n\t\t\t\t<article class=\"elementor-post elementor-grid-item post-21442 post type-post status-publish format-standard hentry category-decretos category-legislacao tag-icms\" role=\"listitem\">\n\t\t\t\t<div class=\"elementor-post__text\">\n\t\t\t\t<h6 class=\"elementor-post__title\">\n\t\t\t<a href=\"https:\/\/sefaz.ac.gov.br\/2021\/?p=21442\" target=&quot;_blank&quot;>\n\t\t\t\tDECRETO N\u00ba 11.613, DE 27 DE DEZEMBRO DE 2024\t\t\t<\/a>\n\t\t<\/h6>\n\t\t\t\t<div class=\"elementor-post__excerpt\">\n\t\t\t<p>Altera o Regulamento do Imposto sobre Opera\u00e7\u00f5es Relativas \u00e0 Circula\u00e7\u00e3o de Mercadorias e sobre Presta\u00e7\u00e3o de Servi\u00e7os de Transporte Interestadual e Intermunicipal e de Comunica\u00e7\u00e3o &#8211; ICMS, aprovado pelo Decreto n\u00ba 008, de 26 de janeiro de 1998.<\/p>\n\t\t<\/div>\n\t\t\t\t<\/div>\n\t\t\t\t<\/article>\n\t\t\t\t<article class=\"elementor-post elementor-grid-item post-21428 post type-post status-publish format-standard hentry category-decretos category-legislacao tag-icms tag-refis\" role=\"listitem\">\n\t\t\t\t<div class=\"elementor-post__text\">\n\t\t\t\t<h6 class=\"elementor-post__title\">\n\t\t\t<a href=\"https:\/\/sefaz.ac.gov.br\/2021\/?p=21428\" target=&quot;_blank&quot;>\n\t\t\t\tDECRETO N\u00ba 11.611, DE 20 DE DEZEMBRO DE 2024\t\t\t<\/a>\n\t\t<\/h6>\n\t\t\t\t<div class=\"elementor-post__excerpt\">\n\t\t\t<p>Altera o Decreto n\u00ba 7.793, de 20 de janeiro de 2021, que regulamenta a Lei n\u00ba 3.673, de 31 de dezembro de 2020, que autoriza a institui\u00e7\u00e3o do Programa de Recupera\u00e7\u00e3o Fiscal 2021 &#8211; Refis 2021, para dispor sobre prazos e sobre o substituto tribut\u00e1rio.<\/p>\n\t\t<\/div>\n\t\t\t\t<\/div>\n\t\t\t\t<\/article>\n\t\t\t\t<article class=\"elementor-post elementor-grid-item post-21294 post type-post status-publish format-standard hentry category-decretos category-legislacao tag-icms\" role=\"listitem\">\n\t\t\t\t<div class=\"elementor-post__text\">\n\t\t\t\t<h6 class=\"elementor-post__title\">\n\t\t\t<a href=\"https:\/\/sefaz.ac.gov.br\/2021\/?p=21294\" target=&quot;_blank&quot;>\n\t\t\t\tDECRETO N\u00ba 11.597, DE 29 DE NOVEMBRO DE 2024\t\t\t<\/a>\n\t\t<\/h6>\n\t\t\t\t<div class=\"elementor-post__excerpt\">\n\t\t\t<p>Disp\u00f5e sobre a remessa interestadual de mercadorias entre estabelecimentos de mesma titularidade.<\/p>\n\t\t<\/div>\n\t\t\t\t<\/div>\n\t\t\t\t<\/article>\n\t\t\t\t<article class=\"elementor-post elementor-grid-item post-21357 post type-post status-publish format-standard hentry category-decretos category-legislacao tag-icms\" role=\"listitem\">\n\t\t\t\t<div class=\"elementor-post__text\">\n\t\t\t\t<h6 class=\"elementor-post__title\">\n\t\t\t<a href=\"https:\/\/sefaz.ac.gov.br\/2021\/?p=21357\" target=&quot;_blank&quot;>\n\t\t\t\tDECRETO N\u00ba 11.596, DE 29\u00a0 DE NOVEMBRO DE 2024\t\t\t<\/a>\n\t\t<\/h6>\n\t\t\t\t<div class=\"elementor-post__excerpt\">\n\t\t\t<p>Altera o Anexo I do Regulamento do Imposto sobre Opera\u00e7\u00f5es Relativas a Circula\u00e7\u00e3o de Mercadorias e sobre Presta\u00e7\u00e3o de Servi\u00e7os de Transporte Interestadual e Intermunicipal e de Comunica\u00e7\u00e3o &#8211; RICMS, aprovado por meio do Decreto n\u00ba 008, de 26 de janeiro de 1998. <\/p>\n\t\t<\/div>\n\t\t\t\t<\/div>\n\t\t\t\t<\/article>\n\t\t\t\t<article class=\"elementor-post elementor-grid-item post-21043 post type-post status-publish format-standard hentry category-decretos category-legislacao tag-icms\" role=\"listitem\">\n\t\t\t\t<div class=\"elementor-post__text\">\n\t\t\t\t<h6 class=\"elementor-post__title\">\n\t\t\t<a href=\"https:\/\/sefaz.ac.gov.br\/2021\/?p=21043\" target=&quot;_blank&quot;>\n\t\t\t\tDECRETO N\u00ba 11.573, DE 30 DE OUTUBRO DE 2024\t\t\t<\/a>\n\t\t<\/h6>\n\t\t\t\t<div class=\"elementor-post__excerpt\">\n\t\t\t<p>Altera o Regulamento do Imposto sobre Opera\u00e7\u00f5es Relativas a Circula\u00e7\u00e3o de Mercadorias e sobre Presta\u00e7\u00e3o de Servi\u00e7os de Transporte Interestadual e Intermunicipal e de Comunica\u00e7\u00e3o &#8211; ICMS, aprovado por meio do Decreto n\u00ba 008, de 26 de janeiro de 1998, para dispor sobre a atualiza\u00e7\u00e3o dos produtos sujeitos a antecipa\u00e7\u00e3o do recolhimento do Imposto com encerramento de tributa\u00e7\u00e3o.<\/p>\n\t\t<\/div>\n\t\t\t\t<\/div>\n\t\t\t\t<\/article>\n\t\t\t\t<article class=\"elementor-post elementor-grid-item post-21364 post type-post status-publish format-standard hentry category-decretos category-legislacao tag-icms\" role=\"listitem\">\n\t\t\t\t<div class=\"elementor-post__text\">\n\t\t\t\t<h6 class=\"elementor-post__title\">\n\t\t\t<a href=\"https:\/\/sefaz.ac.gov.br\/2021\/?p=21364\" target=&quot;_blank&quot;>\n\t\t\t\tDECRETO N\u00ba 11.573, DE 30 DE OUTUBRO DE 2024\t\t\t<\/a>\n\t\t<\/h6>\n\t\t\t\t<div class=\"elementor-post__excerpt\">\n\t\t\t<p>Altera o Regulamento do Imposto sobre Opera\u00e7\u00f5es Relativas a Circula\u00e7\u00e3o de Mercadorias e sobre Presta\u00e7\u00e3o de Servi\u00e7os de Transporte Interestadual e Intermunicipal e de Comunica\u00e7\u00e3o &#8211; ICMS, aprovado por meio do Decreto n\u00ba 008, de 26 de janeiro de 1998, para dispor sobre a atualiza\u00e7\u00e3o dos produtos sujeitos a antecipa\u00e7\u00e3o do recolhimento do Imposto com encerramento de tributa\u00e7\u00e3o.<\/p>\n\t\t<\/div>\n\t\t\t\t<\/div>\n\t\t\t\t<\/article>\n\t\t\t\t<article class=\"elementor-post elementor-grid-item post-22126 post type-post status-publish format-standard hentry category-decretos category-legislacao tag-icms\" role=\"listitem\">\n\t\t\t\t<div class=\"elementor-post__text\">\n\t\t\t\t<h6 class=\"elementor-post__title\">\n\t\t\t<a href=\"https:\/\/sefaz.ac.gov.br\/2021\/?p=22126\" target=&quot;_blank&quot;>\n\t\t\t\tDECRETO N\u00ba 11.564, DE 11 DE OUTUBRO DE 2024\t\t\t<\/a>\n\t\t<\/h6>\n\t\t\t\t<div class=\"elementor-post__excerpt\">\n\t\t\t<p>Regulamenta a Lei n\u00ba 1.277, de 13 de janeiro de 1999, que institui a subven\u00e7\u00e3o econ\u00f4mica aos produtores estaduais na explora\u00e7\u00e3o de produtos florestais e revoga o Decreto n\u00ba 6.153, de 16 de junho de 2020.<\/p>\n\t\t<\/div>\n\t\t\t\t<\/div>\n\t\t\t\t<\/article>\n\t\t\t\t<article class=\"elementor-post elementor-grid-item post-20398 post type-post status-publish format-standard hentry category-decretos category-legislacao tag-icms tag-nota-premiada tag-pecf\" role=\"listitem\">\n\t\t\t\t<div class=\"elementor-post__text\">\n\t\t\t\t<h6 class=\"elementor-post__title\">\n\t\t\t<a href=\"https:\/\/sefaz.ac.gov.br\/2021\/?p=20398\" target=&quot;_blank&quot;>\n\t\t\t\tDECRETO N\u00ba 11.531, DE 5 DE AGOSTO 2024\t\t\t<\/a>\n\t\t<\/h6>\n\t\t\t\t<div class=\"elementor-post__excerpt\">\n\t\t\t<p>Disp\u00f5e sobre a Nota Premiada Acreana.<\/p>\n\t\t<\/div>\n\t\t\t\t<\/div>\n\t\t\t\t<\/article>\n\t\t\t\t<article class=\"elementor-post elementor-grid-item post-20313 post type-post status-publish format-standard hentry category-decretos category-legislacao tag-icms\" role=\"listitem\">\n\t\t\t\t<div class=\"elementor-post__text\">\n\t\t\t\t<h6 class=\"elementor-post__title\">\n\t\t\t<a href=\"https:\/\/sefaz.ac.gov.br\/2021\/?p=20313\" target=&quot;_blank&quot;>\n\t\t\t\tDECRETO N\u00ba 11.511, DE 1\u00ba DE JULHO DE 2024\t\t\t<\/a>\n\t\t<\/h6>\n\t\t\t\t<div class=\"elementor-post__excerpt\">\n\t\t\t<p>Altera o Decreto n\u00ba 6.868, de 22 de setembro de 2020, que autoriza a dispensa de juros e multa morat\u00f3ria do ICMS no pagamento de d\u00e9bitos do sujeito passivo com a utiliza\u00e7\u00e3o de seus cr\u00e9ditos financeiros, para dispor sobre o prazo para a celebra\u00e7\u00e3o de encontro de contas.<\/p>\n\t\t<\/div>\n\t\t\t\t<\/div>\n\t\t\t\t<\/article>\n\t\t\t\t<article class=\"elementor-post elementor-grid-item post-20307 post type-post status-publish format-standard hentry category-decretos category-legislacao tag-icms\" role=\"listitem\">\n\t\t\t\t<div class=\"elementor-post__text\">\n\t\t\t\t<h6 class=\"elementor-post__title\">\n\t\t\t<a href=\"https:\/\/sefaz.ac.gov.br\/2021\/?p=20307\" target=&quot;_blank&quot;>\n\t\t\t\tDECRETO N\u00ba 11.510, DE 1\u00ba DE JULHO DE 2024\t\t\t<\/a>\n\t\t<\/h6>\n\t\t\t\t<div class=\"elementor-post__excerpt\">\n\t\t\t<p>Disp\u00f5e sobre a incorpora\u00e7\u00e3o dos Ajustes SINIEF e Conv\u00eanios ICMS especificados, celebrados no \u00e2mbito do Conselho Nacional de Pol\u00edtica Fazend\u00e1ria, \u00e0 legisla\u00e7\u00e3o tribut\u00e1ria do Estado.<\/p>\n\t\t<\/div>\n\t\t\t\t<\/div>\n\t\t\t\t<\/article>\n\t\t\t\t<article class=\"elementor-post elementor-grid-item post-20296 post type-post status-publish format-standard hentry category-decretos category-legislacao tag-icms\" role=\"listitem\">\n\t\t\t\t<div class=\"elementor-post__text\">\n\t\t\t\t<h6 class=\"elementor-post__title\">\n\t\t\t<a href=\"https:\/\/sefaz.ac.gov.br\/2021\/?p=20296\" target=&quot;_blank&quot;>\n\t\t\t\tDECRETO N\u00ba 11.509, DE 1\u00ba DE JULHO DE 2024\t\t\t<\/a>\n\t\t<\/h6>\n\t\t\t\t<div class=\"elementor-post__excerpt\">\n\t\t\t<p>Disp\u00f5e sobre a delimita\u00e7\u00e3o dos d\u00e9bitos fiscais compreendidos na prorroga\u00e7\u00e3o dos prazos para pagamento do Imposto sobre Opera\u00e7\u00f5es Relativas \u00e0 Circula\u00e7\u00e3o de Mercadorias e sobre Presta\u00e7\u00f5es de Servi\u00e7os de Transporte Interestadual e Intermunicipal e de Comunica\u00e7\u00e3o &#8211; ICMS devido por pessoas f\u00edsicas e jur\u00eddicas afetadas por inunda\u00e7\u00f5es no Estado do Acre no exerc\u00edcio de 2024.<\/p>\n\t\t<\/div>\n\t\t\t\t<\/div>\n\t\t\t\t<\/article>\n\t\t\t\t<article class=\"elementor-post elementor-grid-item post-19670 post type-post status-publish format-standard hentry category-decretos category-legislacao tag-dec tag-icms\" role=\"listitem\">\n\t\t\t\t<div class=\"elementor-post__text\">\n\t\t\t\t<h6 class=\"elementor-post__title\">\n\t\t\t<a href=\"https:\/\/sefaz.ac.gov.br\/2021\/?p=19670\" target=&quot;_blank&quot;>\n\t\t\t\tDECRETO N\u00ba 11.460, DE 26 DE ABRIL DE 2024\t\t\t<\/a>\n\t\t<\/h6>\n\t\t\t\t<div class=\"elementor-post__excerpt\">\n\t\t\t<p>Altera o Decreto n\u00ba 6.604, de 27 de abril de 2017, que regulamenta a Lei 3.215, de 29 de dezembro de 2016, que institui a comunica\u00e7\u00e3o eletr\u00f4nica entre a Secretaria de Estado da Fazenda e o sujeito passivo dos tributos estaduais, para dispor sobre o acesso \u00e0 \u00e1rea restrita do Domic\u00edlio Eletr\u00f4nico do Contribuinte &#8211; DEC.<\/p>\n\t\t<\/div>\n\t\t\t\t<\/div>\n\t\t\t\t<\/article>\n\t\t\t\t<article class=\"elementor-post elementor-grid-item post-19606 post type-post status-publish format-standard hentry category-decretos category-legislacao tag-icms\" role=\"listitem\">\n\t\t\t\t<div class=\"elementor-post__text\">\n\t\t\t\t<h6 class=\"elementor-post__title\">\n\t\t\t<a href=\"https:\/\/sefaz.ac.gov.br\/2021\/?p=19606\" target=&quot;_blank&quot;>\n\t\t\t\tDECRETO N\u00ba 11.456, DE 16 DE ABRIL DE 2024\t\t\t<\/a>\n\t\t<\/h6>\n\t\t\t\t<div class=\"elementor-post__excerpt\">\n\t\t\t<p>Incorpora \u00e0 legisla\u00e7\u00e3o tribut\u00e1ria do Estado os Conv\u00eanios ICMS que especifica.<\/p>\n\t\t<\/div>\n\t\t\t\t<\/div>\n\t\t\t\t<\/article>\n\t\t\t\t<article class=\"elementor-post elementor-grid-item post-19529 post type-post status-publish format-standard hentry category-decretos category-legislacao tag-icms tag-refis\" role=\"listitem\">\n\t\t\t\t<div class=\"elementor-post__text\">\n\t\t\t\t<h6 class=\"elementor-post__title\">\n\t\t\t<a href=\"https:\/\/sefaz.ac.gov.br\/2021\/?p=19529\" target=&quot;_blank&quot;>\n\t\t\t\tDECRETO N\u00ba 11.444, DE 27 DE MAR\u00c7O DE 2024\t\t\t<\/a>\n\t\t<\/h6>\n\t\t\t\t<div class=\"elementor-post__excerpt\">\n\t\t\t<p>Altera o Decreto n\u00ba 7.793, de 20 de janeiro de 2021, que regulamenta a Lei n\u00ba 3.673, de 31 de dezembro de 2020, que institui o Programa de Recupera\u00e7\u00e3o Fiscal 2021 &#8211; Refis 2021, para dispor sobre o prazo para ades\u00e3o.<\/p>\n\t\t<\/div>\n\t\t\t\t<\/div>\n\t\t\t\t<\/article>\n\t\t\t\t<article class=\"elementor-post elementor-grid-item post-19394 post type-post status-publish format-standard hentry category-decretos category-legislacao tag-icms\" role=\"listitem\">\n\t\t\t\t<div class=\"elementor-post__text\">\n\t\t\t\t<h6 class=\"elementor-post__title\">\n\t\t\t<a href=\"https:\/\/sefaz.ac.gov.br\/2021\/?p=19394\" target=&quot;_blank&quot;>\n\t\t\t\tDECRETO N\u00ba 11.423, DE 4 \u00a0DE MAR\u00c7O DE 2024\t\t\t<\/a>\n\t\t<\/h6>\n\t\t\t\t<div class=\"elementor-post__excerpt\">\n\t\t\t<p>Incorpora \u00e0 legisla\u00e7\u00e3o tribut\u00e1ria do Estado os Conv\u00eanios e Protocolos ICMS que especifica, celebrados no \u00e2mbito do Conselho Nacional de Pol\u00edtica Fazend\u00e1ria &#8211; CONFAZ.<\/p>\n\t\t<\/div>\n\t\t\t\t<\/div>\n\t\t\t\t<\/article>\n\t\t\t\t<\/div>\n\t\t\n\t\t\t\t\t\t<\/div>\n\t\t\t\t<\/div>\n\t\t\t\t<div class=\"elementor-element elementor-element-aa62061 elementor-widget elementor-widget-eael-creative-button\" data-id=\"aa62061\" data-element_type=\"widget\" data-e-type=\"widget\" data-widget_type=\"eael-creative-button.default\">\n\t\t\t\t<div class=\"elementor-widget-container\">\n\t\t\t\t\t        <div class=\"eael-creative-button-wrapper\">\n\n            <a class=\"eael-creative-button eael-creative-button--default eael-cb-icon-position-\" href=\"https:\/\/sefaz.ac.gov.br\/2021\/?category_name=decretos&#038;tag=icms\" data-text=\"IPVA\">\n            \t    \n                <div class=\"creative-button-inner\">\n\n                    \n                    <span class=\"cretive-button-text\">Ir para pesquisa avan\u00e7ada &gt;&gt;<\/span>\n\n                                    <\/div>\n\t                        <\/a>\n        <\/div>\n        \t\t\t\t<\/div>\n\t\t\t\t<\/div>\n\t\t\t\t<div class=\"elementor-element elementor-element-3f3fabb elementor-icon-list--layout-inline elementor-align-center elementor-mobile-align-start elementor-list-item-link-full_width elementor-widget elementor-widget-icon-list\" data-id=\"3f3fabb\" data-element_type=\"widget\" data-e-type=\"widget\" data-widget_type=\"icon-list.default\">\n\t\t\t\t<div class=\"elementor-widget-container\">\n\t\t\t\t\t\t\t<ul class=\"elementor-icon-list-items elementor-inline-items\">\n\t\t\t\t\t\t\t<li class=\"elementor-icon-list-item elementor-inline-item\">\n\t\t\t\t\t\t\t\t\t\t\t<a href=\"#inicio\">\n\n\t\t\t\t\t\t\t\t\t\t\t<span class=\"elementor-icon-list-text\">In\u00edcio<\/span>\n\t\t\t\t\t\t\t\t\t\t\t<\/a>\n\t\t\t\t\t\t\t\t\t<\/li>\n\t\t\t\t\t\t\t\t<li class=\"elementor-icon-list-item elementor-inline-item\">\n\t\t\t\t\t\t\t\t\t\t\t<a href=\"#leiscomplementares\">\n\n\t\t\t\t\t\t\t\t\t\t\t<span class=\"elementor-icon-list-text\">Leis Complementares<\/span>\n\t\t\t\t\t\t\t\t\t\t\t<\/a>\n\t\t\t\t\t\t\t\t\t<\/li>\n\t\t\t\t\t\t\t\t<li class=\"elementor-icon-list-item elementor-inline-item\">\n\t\t\t\t\t\t\t\t\t\t\t<a href=\"#leisordinarias\">\n\n\t\t\t\t\t\t\t\t\t\t\t<span class=\"elementor-icon-list-text\">Leis Ordin\u00e1rias<\/span>\n\t\t\t\t\t\t\t\t\t\t\t<\/a>\n\t\t\t\t\t\t\t\t\t<\/li>\n\t\t\t\t\t\t\t\t<li class=\"elementor-icon-list-item elementor-inline-item\">\n\t\t\t\t\t\t\t\t\t\t\t<a href=\"#decretos\">\n\n\t\t\t\t\t\t\t\t\t\t\t<span class=\"elementor-icon-list-text\">Decretos<\/span>\n\t\t\t\t\t\t\t\t\t\t\t<\/a>\n\t\t\t\t\t\t\t\t\t<\/li>\n\t\t\t\t\t\t\t\t<li class=\"elementor-icon-list-item elementor-inline-item\">\n\t\t\t\t\t\t\t\t\t\t\t<a href=\"#portarias\">\n\n\t\t\t\t\t\t\t\t\t\t\t<span class=\"elementor-icon-list-text\">Portarias<\/span>\n\t\t\t\t\t\t\t\t\t\t\t<\/a>\n\t\t\t\t\t\t\t\t\t<\/li>\n\t\t\t\t\t\t\t\t<li class=\"elementor-icon-list-item elementor-inline-item\">\n\t\t\t\t\t\t\t\t\t\t\t<a href=\"#instrucoesnormativas\">\n\n\t\t\t\t\t\t\t\t\t\t\t<span class=\"elementor-icon-list-text\">Instru\u00e7\u00f5es Normativas<\/span>\n\t\t\t\t\t\t\t\t\t\t\t<\/a>\n\t\t\t\t\t\t\t\t\t<\/li>\n\t\t\t\t\t\t<\/ul>\n\t\t\t\t\t\t<\/div>\n\t\t\t\t<\/div>\n\t\t\t\t\t<\/div>\n\t\t<\/div>\n\t\t\t\t\t<\/div>\n\t\t<\/section>\n\t\t\t\t<section class=\"elementor-section elementor-top-section elementor-element elementor-element-d786f08 elementor-section-boxed elementor-section-height-default elementor-section-height-default\" data-id=\"d786f08\" data-element_type=\"section\" data-e-type=\"section\" data-settings=\"{&quot;background_background&quot;:&quot;classic&quot;}\">\n\t\t\t\t\t\t<div class=\"elementor-container elementor-column-gap-default\">\n\t\t\t\t\t<div class=\"elementor-column elementor-col-100 elementor-top-column elementor-element elementor-element-ce2d19e\" data-id=\"ce2d19e\" data-element_type=\"column\" data-e-type=\"column\" data-settings=\"{&quot;background_background&quot;:&quot;classic&quot;}\">\n\t\t\t<div class=\"elementor-widget-wrap elementor-element-populated\">\n\t\t\t\t\t\t<div class=\"elementor-element elementor-element-fd93b9b elementor-widget elementor-widget-menu-anchor\" data-id=\"fd93b9b\" data-element_type=\"widget\" data-e-type=\"widget\" data-widget_type=\"menu-anchor.default\">\n\t\t\t\t<div class=\"elementor-widget-container\">\n\t\t\t\t\t\t\t<div class=\"elementor-menu-anchor\" id=\"portarias\"><\/div>\n\t\t\t\t\t\t<\/div>\n\t\t\t\t<\/div>\n\t\t\t\t<div class=\"elementor-element elementor-element-4bb366a elementor-widget elementor-widget-heading\" data-id=\"4bb366a\" data-element_type=\"widget\" data-e-type=\"widget\" data-widget_type=\"heading.default\">\n\t\t\t\t<div class=\"elementor-widget-container\">\n\t\t\t\t\t<h3 class=\"elementor-heading-title elementor-size-default\">Portarias<\/h3>\t\t\t\t<\/div>\n\t\t\t\t<\/div>\n\t\t\t\t<div class=\"elementor-element elementor-element-d7edd91 elementor-widget elementor-widget-heading\" data-id=\"d7edd91\" data-element_type=\"widget\" data-e-type=\"widget\" data-widget_type=\"heading.default\">\n\t\t\t\t<div class=\"elementor-widget-container\">\n\t\t\t\t\t<div class=\"elementor-heading-title elementor-size-default\">ICMS<\/div>\t\t\t\t<\/div>\n\t\t\t\t<\/div>\n\t\t\t\t<div class=\"elementor-element elementor-element-8743fd7 elementor-grid-1 elementor-posts--thumbnail-none elementor-grid-tablet-1 elementor-grid-mobile-1 elementor-widget elementor-widget-posts\" data-id=\"8743fd7\" data-element_type=\"widget\" data-e-type=\"widget\" data-settings=\"{&quot;classic_columns&quot;:&quot;1&quot;,&quot;classic_row_gap&quot;:{&quot;unit&quot;:&quot;px&quot;,&quot;size&quot;:20,&quot;sizes&quot;:[]},&quot;classic_columns_tablet&quot;:&quot;1&quot;,&quot;classic_columns_mobile&quot;:&quot;1&quot;,&quot;classic_row_gap_tablet&quot;:{&quot;unit&quot;:&quot;px&quot;,&quot;size&quot;:&quot;&quot;,&quot;sizes&quot;:[]},&quot;classic_row_gap_mobile&quot;:{&quot;unit&quot;:&quot;px&quot;,&quot;size&quot;:&quot;&quot;,&quot;sizes&quot;:[]}}\" data-widget_type=\"posts.classic\">\n\t\t\t\t<div class=\"elementor-widget-container\">\n\t\t\t\t\t\t\t<div class=\"elementor-posts-container elementor-posts elementor-posts--skin-classic elementor-grid\" role=\"list\">\n\t\t\t\t<article class=\"elementor-post elementor-grid-item post-24201 post type-post status-publish format-standard hentry category-legislacao category-portarias tag-icms tag-ipva tag-taxas\" role=\"listitem\">\n\t\t\t\t<div class=\"elementor-post__text\">\n\t\t\t\t<h6 class=\"elementor-post__title\">\n\t\t\t<a href=\"https:\/\/sefaz.ac.gov.br\/2021\/?p=24201\" target=&quot;_blank&quot;>\n\t\t\t\tPORTARIA SEFAZ N\u00ba 218, DE 7 DE MAIO DE 2026\t\t\t<\/a>\n\t\t<\/h6>\n\t\t\t\t<div class=\"elementor-post__excerpt\">\n\t\t\t<p>Disp\u00f5e sobre o acesso a informa\u00e7\u00f5es protegidas por sigilo fiscal, nos sistemas da SEFAZ-AC<\/p>\n\t\t<\/div>\n\t\t\t\t<\/div>\n\t\t\t\t<\/article>\n\t\t\t\t<article class=\"elementor-post elementor-grid-item post-23532 post type-post status-publish format-standard hentry category-legislacao category-portarias tag-icms tag-planejamento-estrategico\" role=\"listitem\">\n\t\t\t\t<div class=\"elementor-post__text\">\n\t\t\t\t<h6 class=\"elementor-post__title\">\n\t\t\t<a href=\"https:\/\/sefaz.ac.gov.br\/2021\/?p=23532\" target=&quot;_blank&quot;>\n\t\t\t\tPORTARIA SEFAZ N\u00ba 123, DE 10 DE MAR\u00c7O DE 2026\t\t\t<\/a>\n\t\t<\/h6>\n\t\t\t\t<div class=\"elementor-post__excerpt\">\n\t\t\t<p>Estabelece a meta de ICMS e resultado global da Secretaria de Estado do Fazenda \u2013 SEFAZ para o exerc\u00edcio de 2026<\/p>\n\t\t<\/div>\n\t\t\t\t<\/div>\n\t\t\t\t<\/article>\n\t\t\t\t<article class=\"elementor-post elementor-grid-item post-23546 post type-post status-publish format-standard hentry category-legislacao category-portarias tag-icms tag-nota-premiada tag-peef\" role=\"listitem\">\n\t\t\t\t<div class=\"elementor-post__text\">\n\t\t\t\t<h6 class=\"elementor-post__title\">\n\t\t\t<a href=\"https:\/\/sefaz.ac.gov.br\/2021\/?p=23546\" target=&quot;_blank&quot;>\n\t\t\t\tPORTARIA SEFAZ N\u00ba 49, DE 6 DE FEVEREIRO DE 2026\t\t\t<\/a>\n\t\t<\/h6>\n\t\t\t\t<div class=\"elementor-post__excerpt\">\n\t\t\t<p>Altera a Portaria SEFAZ n\u00ba 439, de 7 de agosto de 2023.<\/p>\n\t\t<\/div>\n\t\t\t\t<\/div>\n\t\t\t\t<\/article>\n\t\t\t\t<article class=\"elementor-post elementor-grid-item post-23423 post type-post status-publish format-standard hentry category-legislacao category-portarias tag-icms\" role=\"listitem\">\n\t\t\t\t<div class=\"elementor-post__text\">\n\t\t\t\t<h6 class=\"elementor-post__title\">\n\t\t\t<a href=\"https:\/\/sefaz.ac.gov.br\/2021\/?p=23423\" target=&quot;_blank&quot;>\n\t\t\t\tPORTARIA SEFAZ N\u00ba 44, DE 3 DE FEVEREIRO DE 2026\t\t\t<\/a>\n\t\t<\/h6>\n\t\t\t\t<div class=\"elementor-post__excerpt\">\n\t\t\t<p>Alterar, conforme o Anexo \u00danico desta Portaria, o item II \u2013 SA\u00cdDAS, subitem 10. POLPAS, do Anexo \u00danico da Pauta de Pre\u00e7os estabelecida pela Portaria n\u00ba 333, de 11 de novembro de 2021, que fixa os valores m\u00ednimos da base de c\u00e1lculo do ICMS incidente sobre as opera\u00e7\u00f5es e presta\u00e7\u00f5es com mercadorias nela relacionadas.<\/p>\n\t\t<\/div>\n\t\t\t\t<\/div>\n\t\t\t\t<\/article>\n\t\t\t\t<article class=\"elementor-post elementor-grid-item post-23003 post type-post status-publish format-standard hentry category-legislacao category-portarias tag-icms\" role=\"listitem\">\n\t\t\t\t<div class=\"elementor-post__text\">\n\t\t\t\t<h6 class=\"elementor-post__title\">\n\t\t\t<a href=\"https:\/\/sefaz.ac.gov.br\/2021\/?p=23003\" target=&quot;_blank&quot;>\n\t\t\t\tPORTARIA N\u00ba 617, DE 22 DE OUTUBRO DE 2025\t\t\t<\/a>\n\t\t<\/h6>\n\t\t\t\t<div class=\"elementor-post__excerpt\">\n\t\t\t<p>Altera a Portaria n\u00ba 333, de 11 de novembro de 2021, que fixa os valores m\u00ednimos da base de c\u00e1lculo do ICMS.<\/p>\n\t\t<\/div>\n\t\t\t\t<\/div>\n\t\t\t\t<\/article>\n\t\t\t\t<article class=\"elementor-post elementor-grid-item post-23008 post type-post status-publish format-standard hentry category-legislacao category-portarias tag-icms\" role=\"listitem\">\n\t\t\t\t<div class=\"elementor-post__text\">\n\t\t\t\t<h6 class=\"elementor-post__title\">\n\t\t\t<a href=\"https:\/\/sefaz.ac.gov.br\/2021\/?p=23008\" target=&quot;_blank&quot;>\n\t\t\t\tPORTARIA SEFAZ N\u00ba 604, DE 20 DE OUTUBRO DE 2025\t\t\t<\/a>\n\t\t<\/h6>\n\t\t\t\t<div class=\"elementor-post__excerpt\">\n\t\t\t<p>Disposi\u00e7\u00f5es sobre a concess\u00e3o de inscri\u00e7\u00e3o estadual, a altera\u00e7\u00e3o de dados cadastrais e a baixa no Cadastro de Contribuintes do Estado do Acre &#8211; CIEFI.<\/p>\n\t\t<\/div>\n\t\t\t\t<\/div>\n\t\t\t\t<\/article>\n\t\t\t\t<article class=\"elementor-post elementor-grid-item post-22986 post type-post status-publish format-standard hentry category-legislacao category-portarias tag-icms\" role=\"listitem\">\n\t\t\t\t<div class=\"elementor-post__text\">\n\t\t\t\t<h6 class=\"elementor-post__title\">\n\t\t\t<a href=\"https:\/\/sefaz.ac.gov.br\/2021\/?p=22986\" target=&quot;_blank&quot;>\n\t\t\t\tPORTARIA SEFAZ N\u00ba 595, DE 15 DE OUTUBRO DE 2025\t\t\t<\/a>\n\t\t<\/h6>\n\t\t\t\t<div class=\"elementor-post__excerpt\">\n\t\t\t<p>Prorroga o prazo de pagamento do Imposto sobre Opera\u00e7\u00f5es Relativas \u00e0 Circula\u00e7\u00e3o de Mercadorias e sobre Presta\u00e7\u00f5es de Servi\u00e7os de Transporte Interestadual e Intermunicipal e de Comunica\u00e7\u00e3o &#8211; ICMS, com vencimento no dia 15 de outubro de 2025, para o dia 17 de outubro de 2025. <\/p>\n\t\t<\/div>\n\t\t\t\t<\/div>\n\t\t\t\t<\/article>\n\t\t\t\t<article class=\"elementor-post elementor-grid-item post-23552 post type-post status-publish format-standard hentry category-legislacao category-portarias tag-codip tag-icms\" role=\"listitem\">\n\t\t\t\t<div class=\"elementor-post__text\">\n\t\t\t\t<h6 class=\"elementor-post__title\">\n\t\t\t<a href=\"https:\/\/sefaz.ac.gov.br\/2021\/?p=23552\" target=&quot;_blank&quot;>\n\t\t\t\tPORTARIA SEFAZ N\u00ba 534, DE 18 DE SETEMBRO DE 2025\t\t\t<\/a>\n\t\t<\/h6>\n\t\t\t\t<div class=\"elementor-post__excerpt\">\n\t\t\t<p>Altera a Portaria n\u00ba 689, de 1\u00ba de novembro 2019.<\/p>\n\t\t<\/div>\n\t\t\t\t<\/div>\n\t\t\t\t<\/article>\n\t\t\t\t<article class=\"elementor-post elementor-grid-item post-22790 post type-post status-publish format-standard hentry category-legislacao category-portarias tag-icms\" role=\"listitem\">\n\t\t\t\t<div class=\"elementor-post__text\">\n\t\t\t\t<h6 class=\"elementor-post__title\">\n\t\t\t<a href=\"https:\/\/sefaz.ac.gov.br\/2021\/?p=22790\" target=&quot;_blank&quot;>\n\t\t\t\tPORTARIA SEFAZ N\u00ba 433, DE 31 DE JULHO DE 2025\t\t\t<\/a>\n\t\t<\/h6>\n\t\t\t\t<div class=\"elementor-post__excerpt\">\n\t\t\t<p>Altera a PORTARIA N\u00ba 433, DE 31 DE JULHO DE 2025 &#8211; PAUTA DE PRE\u00c7OS M\u00cdNIMOS.<\/p>\n\t\t<\/div>\n\t\t\t\t<\/div>\n\t\t\t\t<\/article>\n\t\t\t\t<article class=\"elementor-post elementor-grid-item post-22626 post type-post status-publish format-standard hentry category-legislacao category-portarias tag-icms\" role=\"listitem\">\n\t\t\t\t<div class=\"elementor-post__text\">\n\t\t\t\t<h6 class=\"elementor-post__title\">\n\t\t\t<a href=\"https:\/\/sefaz.ac.gov.br\/2021\/?p=22626\" target=&quot;_blank&quot;>\n\t\t\t\tPORTARIA SEFAZ N\u00ba 237, DE 30 DE ABRIL DE 2025\t\t\t<\/a>\n\t\t<\/h6>\n\t\t\t\t<div class=\"elementor-post__excerpt\">\n\t\t\t<p>Altera a Portaria n\u00ba 333, de 11 de novembro de 2021.<\/p>\n\t\t<\/div>\n\t\t\t\t<\/div>\n\t\t\t\t<\/article>\n\t\t\t\t<article class=\"elementor-post elementor-grid-item post-21968 post type-post status-publish format-standard hentry category-legislacao category-portarias tag-icms tag-legislacao-institucional-e-funcional tag-pat\" role=\"listitem\">\n\t\t\t\t<div class=\"elementor-post__text\">\n\t\t\t\t<h6 class=\"elementor-post__title\">\n\t\t\t<a href=\"https:\/\/sefaz.ac.gov.br\/2021\/?p=21968\" target=&quot;_blank&quot;>\n\t\t\t\tPORTARIA SEFAZ N\u00ba 164, DE 20 MAR\u00c7O DE 2025\t\t\t<\/a>\n\t\t<\/h6>\n\t\t\t\t<div class=\"elementor-post__excerpt\">\n\t\t\t<p>Institui o Grupo de Trabalho para defini\u00e7\u00e3o de estrat\u00e9gias e par\u00e2metros para implanta\u00e7\u00e3o de um sistema eletr\u00f4nico para tramita\u00e7\u00e3o de processos administrativos tribut\u00e1rios no \u00e2mbito da Secretaria de Estado da Fazenda.<\/p>\n\t\t<\/div>\n\t\t\t\t<\/div>\n\t\t\t\t<\/article>\n\t\t\t\t<article class=\"elementor-post elementor-grid-item post-21869 post type-post status-publish format-standard hentry category-legislacao category-portarias tag-icms\" role=\"listitem\">\n\t\t\t\t<div class=\"elementor-post__text\">\n\t\t\t\t<h6 class=\"elementor-post__title\">\n\t\t\t<a href=\"https:\/\/sefaz.ac.gov.br\/2021\/?p=21869\" target=&quot;_blank&quot;>\n\t\t\t\tPORTARIA SEFAZ N\u00ba 140, DE 14 DE MAR\u00c7O DE 2025\t\t\t<\/a>\n\t\t<\/h6>\n\t\t\t\t<div class=\"elementor-post__excerpt\">\n\t\t\t<p>Altera a Portaria SEFAZ n\u00ba 523, de 28 de junho de 2023, que disp\u00f5e sobre a institui\u00e7\u00e3o, utiliza\u00e7\u00e3o e formaliza\u00e7\u00e3o dos procedimentos referentes ao servi\u00e7o de autorregulariza\u00e7\u00e3o fiscal.<\/p>\n\t\t<\/div>\n\t\t\t\t<\/div>\n\t\t\t\t<\/article>\n\t\t\t\t<article class=\"elementor-post elementor-grid-item post-21425 post type-post status-publish format-standard hentry category-legislacao category-portarias tag-icms tag-taxas\" role=\"listitem\">\n\t\t\t\t<div class=\"elementor-post__text\">\n\t\t\t\t<h6 class=\"elementor-post__title\">\n\t\t\t<a href=\"https:\/\/sefaz.ac.gov.br\/2021\/?p=21425\" target=&quot;_blank&quot;>\n\t\t\t\tPORTARIA SEFAZ N\u00ba 699, DE 19 DE DEZEMBRO DE 2024\t\t\t<\/a>\n\t\t<\/h6>\n\t\t\t\t<div class=\"elementor-post__excerpt\">\n\t\t\t<p>Define o  valor da Unidade de Refer\u00eancia Fiscal do Estado do Acre \u2013 URF\/AC para o exerc\u00edcio de 2025<\/p>\n\t\t<\/div>\n\t\t\t\t<\/div>\n\t\t\t\t<\/article>\n\t\t\t\t<article class=\"elementor-post elementor-grid-item post-21153 post type-post status-publish format-standard hentry category-legislacao category-portarias tag-icms\" role=\"listitem\">\n\t\t\t\t<div class=\"elementor-post__text\">\n\t\t\t\t<h6 class=\"elementor-post__title\">\n\t\t\t<a href=\"https:\/\/sefaz.ac.gov.br\/2021\/?p=21153\" target=&quot;_blank&quot;>\n\t\t\t\tPORTARIA SEFAZ N\u00ba 647, DE 13 DE NOVEMBRO DE 2024\t\t\t<\/a>\n\t\t<\/h6>\n\t\t\t\t<div class=\"elementor-post__excerpt\">\n\t\t\t<p>O SECRET\u00c1RIO DE ESTADO DA FAZENDA, no uso de suas atribui\u00e7\u00f5es constitucionais e legais que lhe confere o Decreto n\u00ba 4.059-P, de 5 de junho<\/p>\n\t\t<\/div>\n\t\t\t\t<\/div>\n\t\t\t\t<\/article>\n\t\t\t\t<article class=\"elementor-post elementor-grid-item post-21071 post type-post status-publish format-standard hentry category-legislacao category-portarias tag-icms tag-nota-premiada tag-pecf\" role=\"listitem\">\n\t\t\t\t<div class=\"elementor-post__text\">\n\t\t\t\t<h6 class=\"elementor-post__title\">\n\t\t\t<a href=\"https:\/\/sefaz.ac.gov.br\/2021\/?p=21071\" target=&quot;_blank&quot;>\n\t\t\t\tPORTARIA SEFAZ N\u00ba 618, DE 5 DE NOVEMBRO DE 2024\t\t\t<\/a>\n\t\t<\/h6>\n\t\t\t\t<div class=\"elementor-post__excerpt\">\n\t\t\t<p>Altera a Portaria SEFAZ n\u00ba 440, de 7 de agosto de 2024, que estabelece procedimentos para o cadastramento das Entidades Sociais sem fins lucrativos no Programa Nota Premiada Acreana.<\/p>\n\t\t<\/div>\n\t\t\t\t<\/div>\n\t\t\t\t<\/article>\n\t\t\t\t<article class=\"elementor-post elementor-grid-item post-21067 post type-post status-publish format-standard hentry category-legislacao category-portarias tag-icms tag-nota-premiada tag-pecf\" role=\"listitem\">\n\t\t\t\t<div class=\"elementor-post__text\">\n\t\t\t\t<h6 class=\"elementor-post__title\">\n\t\t\t<a href=\"https:\/\/sefaz.ac.gov.br\/2021\/?p=21067\" target=&quot;_blank&quot;>\n\t\t\t\tPORTARIA SEFAZ N\u00ba 614, DE 4 DE NOVEMBRO DE 2024\t\t\t<\/a>\n\t\t<\/h6>\n\t\t\t\t<div class=\"elementor-post__excerpt\">\n\t\t\t<p>Altera a Portaria n\u00ba 439, de 7 de agosto de 2024, que estabelece procedimentos e regulamenta o Programa Nota Premiada Acreana.<\/p>\n\t\t<\/div>\n\t\t\t\t<\/div>\n\t\t\t\t<\/article>\n\t\t\t\t<article class=\"elementor-post elementor-grid-item post-21039 post type-post status-publish format-standard hentry category-legislacao category-portarias tag-icms\" role=\"listitem\">\n\t\t\t\t<div class=\"elementor-post__text\">\n\t\t\t\t<h6 class=\"elementor-post__title\">\n\t\t\t<a href=\"https:\/\/sefaz.ac.gov.br\/2021\/?p=21039\" target=&quot;_blank&quot;>\n\t\t\t\tPORTARIA SEFAZ N\u00ba 610, DE 1\u00ba DE NOVEMBRO DE 2024\t\t\t<\/a>\n\t\t<\/h6>\n\t\t\t\t<div class=\"elementor-post__excerpt\">\n\t\t\t<p>Alterar o pre\u00e7o do Bovino constante do Anexo \u00danico da Pauta de Pre\u00e7os estabelecida pela Portaria n\u00ba 333, de 11 de novembro de 2021.<\/p>\n\t\t<\/div>\n\t\t\t\t<\/div>\n\t\t\t\t<\/article>\n\t\t\t\t<article class=\"elementor-post elementor-grid-item post-20443 post type-post status-publish format-standard hentry category-legislacao category-portarias tag-icms tag-nota-premiada tag-pecf\" role=\"listitem\">\n\t\t\t\t<div class=\"elementor-post__text\">\n\t\t\t\t<h6 class=\"elementor-post__title\">\n\t\t\t<a href=\"https:\/\/sefaz.ac.gov.br\/2021\/?p=20443\" target=&quot;_blank&quot;>\n\t\t\t\tPORTARIA SEFAZ N\u00ba 439, DE 7 DE AGOSTO DE 2024\t\t\t<\/a>\n\t\t<\/h6>\n\t\t\t\t<div class=\"elementor-post__excerpt\">\n\t\t\t<p>Estabelece procedimentos e regulamenta o Programa Nota Premiada Acreana.<\/p>\n\t\t<\/div>\n\t\t\t\t<\/div>\n\t\t\t\t<\/article>\n\t\t\t\t<article class=\"elementor-post elementor-grid-item post-20439 post type-post status-publish format-standard hentry category-legislacao category-portarias tag-icms tag-nota-premiada tag-pecf\" role=\"listitem\">\n\t\t\t\t<div class=\"elementor-post__text\">\n\t\t\t\t<h6 class=\"elementor-post__title\">\n\t\t\t<a href=\"https:\/\/sefaz.ac.gov.br\/2021\/?p=20439\" target=&quot;_blank&quot;>\n\t\t\t\tPORTARIA SEFAZ N\u00ba 440, DE 7 DE AGOSTO DE 2024\t\t\t<\/a>\n\t\t<\/h6>\n\t\t\t\t<div class=\"elementor-post__excerpt\">\n\t\t\t<p>Estabelece procedimentos para o cadastramento das Entidades sociais sem fins lucrativos no Programa Nota Premiada Acreana.<\/p>\n\t\t<\/div>\n\t\t\t\t<\/div>\n\t\t\t\t<\/article>\n\t\t\t\t<article class=\"elementor-post elementor-grid-item post-20364 post type-post status-publish format-standard hentry category-legislacao category-portarias tag-icms\" role=\"listitem\">\n\t\t\t\t<div class=\"elementor-post__text\">\n\t\t\t\t<h6 class=\"elementor-post__title\">\n\t\t\t<a href=\"https:\/\/sefaz.ac.gov.br\/2021\/?p=20364\" target=&quot;_blank&quot;>\n\t\t\t\tPORTARIA SEFAZ N\u00ba 407, DE 19 DE JULHO DE 2024\t\t\t<\/a>\n\t\t<\/h6>\n\t\t\t\t<div class=\"elementor-post__excerpt\">\n\t\t\t<p>Altera a Portaria n\u00ba 333, de 11 de novembro de 2021, Pauta de Pre\u00e7os.<\/p>\n\t\t<\/div>\n\t\t\t\t<\/div>\n\t\t\t\t<\/article>\n\t\t\t\t<article class=\"elementor-post elementor-grid-item post-20406 post type-post status-publish format-standard hentry category-legislacao category-portarias tag-icms\" role=\"listitem\">\n\t\t\t\t<div class=\"elementor-post__text\">\n\t\t\t\t<h6 class=\"elementor-post__title\">\n\t\t\t<a href=\"https:\/\/sefaz.ac.gov.br\/2021\/?p=20406\" target=&quot;_blank&quot;>\n\t\t\t\tPORTARIA SEFAZ N\u00ba 384, DE 15 DE JULHO DE 2024\t\t\t<\/a>\n\t\t<\/h6>\n\t\t\t\t<div class=\"elementor-post__excerpt\">\n\t\t\t<p>Altera a Portaria SEFAZ n\u00ba 523, de 28 de junho de 2023, que disp\u00f5e sobre a institui\u00e7\u00e3o, utiliza\u00e7\u00e3o e formaliza\u00e7\u00e3o dos procedimentos referentes ao servi\u00e7o de autorregulariza\u00e7\u00e3o fiscal.<\/p>\n\t\t<\/div>\n\t\t\t\t<\/div>\n\t\t\t\t<\/article>\n\t\t\t\t<article class=\"elementor-post elementor-grid-item post-19950 post type-post status-publish format-standard hentry category-legislacao category-portarias tag-efd tag-icms\" role=\"listitem\">\n\t\t\t\t<div class=\"elementor-post__text\">\n\t\t\t\t<h6 class=\"elementor-post__title\">\n\t\t\t<a href=\"https:\/\/sefaz.ac.gov.br\/2021\/?p=19950\" target=&quot;_blank&quot;>\n\t\t\t\tPORTARIA SEFAZ N\u00ba 268, DE 23 DE MAIO DE 2024\t\t\t<\/a>\n\t\t<\/h6>\n\t\t\t\t<div class=\"elementor-post__excerpt\">\n\t\t\t<p>Altera a Portaria n\u00ba 565, de 29 de novembro de 2016.<\/p>\n\t\t<\/div>\n\t\t\t\t<\/div>\n\t\t\t\t<\/article>\n\t\t\t\t<article class=\"elementor-post elementor-grid-item post-19679 post type-post status-publish format-standard hentry category-legislacao category-portarias tag-icms\" role=\"listitem\">\n\t\t\t\t<div class=\"elementor-post__text\">\n\t\t\t\t<h6 class=\"elementor-post__title\">\n\t\t\t<a href=\"https:\/\/sefaz.ac.gov.br\/2021\/?p=19679\" target=&quot;_blank&quot;>\n\t\t\t\tPORTARIA SEFAZ N\u00ba 216, DE 6 DE MAIO DE 2024\t\t\t<\/a>\n\t\t<\/h6>\n\t\t\t\t<div class=\"elementor-post__excerpt\">\n\t\t\t<p>Altera a Portaria n\u00ba 333, de 11 de dezembro de 2021, Pauta de Pre\u00e7os.<\/p>\n\t\t<\/div>\n\t\t\t\t<\/div>\n\t\t\t\t<\/article>\n\t\t\t\t<article class=\"elementor-post elementor-grid-item post-19492 post type-post status-publish format-standard hentry category-legislacao category-portarias tag-icms\" role=\"listitem\">\n\t\t\t\t<div class=\"elementor-post__text\">\n\t\t\t\t<h6 class=\"elementor-post__title\">\n\t\t\t<a href=\"https:\/\/sefaz.ac.gov.br\/2021\/?p=19492\" target=&quot;_blank&quot;>\n\t\t\t\tPORTARIA SEFAZ N\u00ba 123, DE 18 DE MAR\u00c7O DE 2024\t\t\t<\/a>\n\t\t<\/h6>\n\t\t\t\t<div class=\"elementor-post__excerpt\">\n\t\t\t<p>Estabelece a meta e submetas semestrais de arrecada\u00e7\u00e3o do Imposto Sobre Opera\u00e7\u00f5es Relativas \u00e0 Circula\u00e7\u00e3o de Mercadorias e Presta\u00e7\u00f5es de Servi\u00e7os de Transporte Interestadual e Intermunicipal e de Comunica\u00e7\u00e3o &#8211; ICMS para o exerc\u00edcio de 2024.<\/p>\n\t\t<\/div>\n\t\t\t\t<\/div>\n\t\t\t\t<\/article>\n\t\t\t\t<article class=\"elementor-post elementor-grid-item post-19075 post type-post status-publish format-standard hentry category-legislacao category-portarias tag-icms\" role=\"listitem\">\n\t\t\t\t<div class=\"elementor-post__text\">\n\t\t\t\t<h6 class=\"elementor-post__title\">\n\t\t\t<a href=\"https:\/\/sefaz.ac.gov.br\/2021\/?p=19075\" target=&quot;_blank&quot;>\n\t\t\t\tPORTARIA SEFAZ N\u00ba 17, DE 11 DE JANEIRO DE 2024\t\t\t<\/a>\n\t\t<\/h6>\n\t\t\t\t<div class=\"elementor-post__excerpt\">\n\t\t\t<p>Disp\u00f5e sobre prorroga\u00e7\u00e3o de prazo para pagamento de cr\u00e9ditos tribut\u00e1rios.<\/p>\n\t\t<\/div>\n\t\t\t\t<\/div>\n\t\t\t\t<\/article>\n\t\t\t\t<article class=\"elementor-post elementor-grid-item post-18931 post type-post status-publish format-standard hentry category-legislacao category-portarias tag-icms tag-taxas\" role=\"listitem\">\n\t\t\t\t<div class=\"elementor-post__text\">\n\t\t\t\t<h6 class=\"elementor-post__title\">\n\t\t\t<a href=\"https:\/\/sefaz.ac.gov.br\/2021\/?p=18931\" target=&quot;_blank&quot;>\n\t\t\t\tPORTARIA SEFAZ N\u00ba 6, DE 2 DE JANEIRO DE 2024\t\t\t<\/a>\n\t\t<\/h6>\n\t\t\t\t<div class=\"elementor-post__excerpt\">\n\t\t\t<p>Define o valor da Unidade de Refer\u00eancia Fiscal do Estado do Acre &#8211; URF\/AC para o exerc\u00edcio de 2024.<\/p>\n\t\t<\/div>\n\t\t\t\t<\/div>\n\t\t\t\t<\/article>\n\t\t\t\t<article class=\"elementor-post elementor-grid-item post-18519 post type-post status-publish format-standard hentry category-legislacao category-portarias tag-icms\" role=\"listitem\">\n\t\t\t\t<div class=\"elementor-post__text\">\n\t\t\t\t<h6 class=\"elementor-post__title\">\n\t\t\t<a href=\"https:\/\/sefaz.ac.gov.br\/2021\/?p=18519\" target=&quot;_blank&quot;>\n\t\t\t\tPORTARIA SEFAZ N\u00ba 750, DE 5 DE SETEMBRO DE 2023\t\t\t<\/a>\n\t\t<\/h6>\n\t\t\t\t<div class=\"elementor-post__excerpt\">\n\t\t\t<p>Altera a Portaria n\u00ba 689, de 1\u00ba de novembro 2019, que Disp\u00f5e sobre os procedimentos para a apura\u00e7\u00e3o do Valor Adicionado Fiscal dos munic\u00edpios.<\/p>\n\t\t<\/div>\n\t\t\t\t<\/div>\n\t\t\t\t<\/article>\n\t\t\t\t<article class=\"elementor-post elementor-grid-item post-18483 post type-post status-publish format-standard hentry category-legislacao category-portarias tag-icms\" role=\"listitem\">\n\t\t\t\t<div class=\"elementor-post__text\">\n\t\t\t\t<h6 class=\"elementor-post__title\">\n\t\t\t<a href=\"https:\/\/sefaz.ac.gov.br\/2021\/?p=18483\" target=&quot;_blank&quot;>\n\t\t\t\tPORTARIA SEFAZ N\u00ba 684, DE 23 DE AGOSTO DE 2023\t\t\t<\/a>\n\t\t<\/h6>\n\t\t\t\t<div class=\"elementor-post__excerpt\">\n\t\t\t<p>Altera a Portaria n\u00ba 333, de 11 de novembro de 2021, que fixa os valores m\u00ednimos da base de c\u00e1lculo do ICMS incidente sobre as opera\u00e7\u00f5es e presta\u00e7\u00f5es com mercadorias nela relacionadas.<\/p>\n\t\t<\/div>\n\t\t\t\t<\/div>\n\t\t\t\t<\/article>\n\t\t\t\t<article class=\"elementor-post elementor-grid-item post-18472 post type-post status-publish format-standard hentry category-legislacao category-portarias tag-icms\" role=\"listitem\">\n\t\t\t\t<div class=\"elementor-post__text\">\n\t\t\t\t<h6 class=\"elementor-post__title\">\n\t\t\t<a href=\"https:\/\/sefaz.ac.gov.br\/2021\/?p=18472\" target=&quot;_blank&quot;>\n\t\t\t\tPORTARIA SEFAZ N\u00ba 679, DE 22 DE AGOSTO DE 2023\t\t\t<\/a>\n\t\t<\/h6>\n\t\t\t\t<div class=\"elementor-post__excerpt\">\n\t\t\t<p>Altera a Portaria 523, de 28 de junho de 2023, que disp\u00f5e sobre a institui\u00e7\u00e3o, utiliza\u00e7\u00e3o e formaliza\u00e7\u00e3o dos procedimentos referentes ao servi\u00e7o de autorregulariza\u00e7\u00e3o fiscal.<\/p>\n\t\t<\/div>\n\t\t\t\t<\/div>\n\t\t\t\t<\/article>\n\t\t\t\t<article class=\"elementor-post elementor-grid-item post-18460 post type-post status-publish format-standard hentry category-legislacao category-portarias tag-icms\" role=\"listitem\">\n\t\t\t\t<div class=\"elementor-post__text\">\n\t\t\t\t<h6 class=\"elementor-post__title\">\n\t\t\t<a href=\"https:\/\/sefaz.ac.gov.br\/2021\/?p=18460\" target=&quot;_blank&quot;>\n\t\t\t\tPORTARIA SEFAZ N\u00ba 678, DE 18 DE AGOSTO DE 2023\t\t\t<\/a>\n\t\t<\/h6>\n\t\t\t\t<div class=\"elementor-post__excerpt\">\n\t\t\t<p>Altera a Portaria n\u00ba 333, de 11 de novembro de 2021. Pauta de pre\u00e7os m\u00ednimos, Madeira.<\/p>\n\t\t<\/div>\n\t\t\t\t<\/div>\n\t\t\t\t<\/article>\n\t\t\t\t<\/div>\n\t\t\n\t\t\t\t\t\t<\/div>\n\t\t\t\t<\/div>\n\t\t\t\t<div class=\"elementor-element elementor-element-cbb2254 elementor-widget elementor-widget-eael-creative-button\" data-id=\"cbb2254\" data-element_type=\"widget\" data-e-type=\"widget\" data-widget_type=\"eael-creative-button.default\">\n\t\t\t\t<div class=\"elementor-widget-container\">\n\t\t\t\t\t        <div class=\"eael-creative-button-wrapper\">\n\n            <a class=\"eael-creative-button eael-creative-button--default eael-cb-icon-position-\" href=\"https:\/\/sefaz.ac.gov.br\/2021\/?category_name=portarias&#038;tag=icms\" data-text=\"IPVA\">\n            \t    \n                <div class=\"creative-button-inner\">\n\n                    \n                    <span class=\"cretive-button-text\">Ir para pesquisa avan\u00e7ada &gt;&gt;<\/span>\n\n                                    <\/div>\n\t                        <\/a>\n        <\/div>\n        \t\t\t\t<\/div>\n\t\t\t\t<\/div>\n\t\t\t\t<div class=\"elementor-element elementor-element-8ce11ca elementor-icon-list--layout-inline elementor-align-center elementor-mobile-align-start elementor-list-item-link-full_width elementor-widget elementor-widget-icon-list\" data-id=\"8ce11ca\" data-element_type=\"widget\" data-e-type=\"widget\" data-widget_type=\"icon-list.default\">\n\t\t\t\t<div class=\"elementor-widget-container\">\n\t\t\t\t\t\t\t<ul class=\"elementor-icon-list-items elementor-inline-items\">\n\t\t\t\t\t\t\t<li class=\"elementor-icon-list-item elementor-inline-item\">\n\t\t\t\t\t\t\t\t\t\t\t<a href=\"#inicio\">\n\n\t\t\t\t\t\t\t\t\t\t\t<span class=\"elementor-icon-list-text\">In\u00edcio<\/span>\n\t\t\t\t\t\t\t\t\t\t\t<\/a>\n\t\t\t\t\t\t\t\t\t<\/li>\n\t\t\t\t\t\t\t\t<li class=\"elementor-icon-list-item elementor-inline-item\">\n\t\t\t\t\t\t\t\t\t\t\t<a href=\"#leiscomplementares\">\n\n\t\t\t\t\t\t\t\t\t\t\t<span class=\"elementor-icon-list-text\">Leis Complementares<\/span>\n\t\t\t\t\t\t\t\t\t\t\t<\/a>\n\t\t\t\t\t\t\t\t\t<\/li>\n\t\t\t\t\t\t\t\t<li class=\"elementor-icon-list-item elementor-inline-item\">\n\t\t\t\t\t\t\t\t\t\t\t<a href=\"#leisordinarias\">\n\n\t\t\t\t\t\t\t\t\t\t\t<span class=\"elementor-icon-list-text\">Leis Ordin\u00e1rias<\/span>\n\t\t\t\t\t\t\t\t\t\t\t<\/a>\n\t\t\t\t\t\t\t\t\t<\/li>\n\t\t\t\t\t\t\t\t<li class=\"elementor-icon-list-item elementor-inline-item\">\n\t\t\t\t\t\t\t\t\t\t\t<a href=\"#decretos\">\n\n\t\t\t\t\t\t\t\t\t\t\t<span class=\"elementor-icon-list-text\">Decretos<\/span>\n\t\t\t\t\t\t\t\t\t\t\t<\/a>\n\t\t\t\t\t\t\t\t\t<\/li>\n\t\t\t\t\t\t\t\t<li class=\"elementor-icon-list-item elementor-inline-item\">\n\t\t\t\t\t\t\t\t\t\t\t<a href=\"#portarias\">\n\n\t\t\t\t\t\t\t\t\t\t\t<span class=\"elementor-icon-list-text\">Portarias<\/span>\n\t\t\t\t\t\t\t\t\t\t\t<\/a>\n\t\t\t\t\t\t\t\t\t<\/li>\n\t\t\t\t\t\t\t\t<li class=\"elementor-icon-list-item elementor-inline-item\">\n\t\t\t\t\t\t\t\t\t\t\t<a href=\"#instrucoesnormativas\">\n\n\t\t\t\t\t\t\t\t\t\t\t<span class=\"elementor-icon-list-text\">Instru\u00e7\u00f5es Normativas<\/span>\n\t\t\t\t\t\t\t\t\t\t\t<\/a>\n\t\t\t\t\t\t\t\t\t<\/li>\n\t\t\t\t\t\t<\/ul>\n\t\t\t\t\t\t<\/div>\n\t\t\t\t<\/div>\n\t\t\t\t\t<\/div>\n\t\t<\/div>\n\t\t\t\t\t<\/div>\n\t\t<\/section>\n\t\t\t\t<section class=\"elementor-section elementor-top-section elementor-element elementor-element-e0241f1 elementor-section-boxed elementor-section-height-default elementor-section-height-default\" data-id=\"e0241f1\" data-element_type=\"section\" data-e-type=\"section\">\n\t\t\t\t\t\t<div class=\"elementor-container elementor-column-gap-default\">\n\t\t\t\t\t<div class=\"elementor-column elementor-col-100 elementor-top-column elementor-element elementor-element-6397128\" data-id=\"6397128\" data-element_type=\"column\" data-e-type=\"column\" data-settings=\"{&quot;background_background&quot;:&quot;slideshow&quot;,&quot;background_slideshow_gallery&quot;:[{&quot;id&quot;:100,&quot;url&quot;:&quot;http:\\\/\\\/172.16.5.196\\\/portal\\\/wp-content\\\/uploads\\\/2021\\\/03\\\/Foto-KJ-Pargeter-Freepik_deep-tech-capa.jpg&quot;}],&quot;background_slideshow_loop&quot;:&quot;yes&quot;,&quot;background_slideshow_slide_duration&quot;:5000,&quot;background_slideshow_slide_transition&quot;:&quot;fade&quot;,&quot;background_slideshow_transition_duration&quot;:500}\">\n\t\t\t<div class=\"elementor-widget-wrap elementor-element-populated\">\n\t\t\t\t\t<div class=\"elementor-background-overlay\"><\/div>\n\t\t\t\t\t\t<div class=\"elementor-element elementor-element-cf86eb9 elementor-widget elementor-widget-menu-anchor\" data-id=\"cf86eb9\" data-element_type=\"widget\" data-e-type=\"widget\" data-widget_type=\"menu-anchor.default\">\n\t\t\t\t<div class=\"elementor-widget-container\">\n\t\t\t\t\t\t\t<div class=\"elementor-menu-anchor\" id=\"instrucoesnormativas\"><\/div>\n\t\t\t\t\t\t<\/div>\n\t\t\t\t<\/div>\n\t\t\t\t<div class=\"elementor-element elementor-element-aa31544 elementor-widget elementor-widget-heading\" data-id=\"aa31544\" data-element_type=\"widget\" data-e-type=\"widget\" data-widget_type=\"heading.default\">\n\t\t\t\t<div class=\"elementor-widget-container\">\n\t\t\t\t\t<h3 class=\"elementor-heading-title elementor-size-default\">Instru\u00e7\u00f5es Normativas<\/h3>\t\t\t\t<\/div>\n\t\t\t\t<\/div>\n\t\t\t\t<div class=\"elementor-element elementor-element-eea5d19 elementor-widget elementor-widget-heading\" data-id=\"eea5d19\" data-element_type=\"widget\" data-e-type=\"widget\" data-widget_type=\"heading.default\">\n\t\t\t\t<div class=\"elementor-widget-container\">\n\t\t\t\t\t<div class=\"elementor-heading-title elementor-size-default\">ICMS<\/div>\t\t\t\t<\/div>\n\t\t\t\t<\/div>\n\t\t\t\t<div class=\"elementor-element elementor-element-853b35a elementor-grid-1 elementor-posts--thumbnail-none elementor-grid-tablet-1 elementor-grid-mobile-1 elementor-widget elementor-widget-posts\" data-id=\"853b35a\" data-element_type=\"widget\" data-e-type=\"widget\" data-settings=\"{&quot;classic_columns&quot;:&quot;1&quot;,&quot;classic_row_gap&quot;:{&quot;unit&quot;:&quot;px&quot;,&quot;size&quot;:20,&quot;sizes&quot;:[]},&quot;classic_columns_tablet&quot;:&quot;1&quot;,&quot;classic_columns_mobile&quot;:&quot;1&quot;,&quot;classic_row_gap_tablet&quot;:{&quot;unit&quot;:&quot;px&quot;,&quot;size&quot;:&quot;&quot;,&quot;sizes&quot;:[]},&quot;classic_row_gap_mobile&quot;:{&quot;unit&quot;:&quot;px&quot;,&quot;size&quot;:&quot;&quot;,&quot;sizes&quot;:[]}}\" data-widget_type=\"posts.classic\">\n\t\t\t\t<div class=\"elementor-widget-container\">\n\t\t\t\t\t\t\t<div class=\"elementor-posts-container elementor-posts elementor-posts--skin-classic elementor-grid\" role=\"list\">\n\t\t\t\t<article class=\"elementor-post elementor-grid-item post-19017 post type-post status-publish format-standard hentry category-instrucoes-normativas category-legislacao tag-icms\" role=\"listitem\">\n\t\t\t\t<div class=\"elementor-post__text\">\n\t\t\t\t<h6 class=\"elementor-post__title\">\n\t\t\t<a href=\"https:\/\/sefaz.ac.gov.br\/2021\/?p=19017\" target=&quot;_blank&quot;>\n\t\t\t\tINSTRU\u00c7\u00c3O NORMATIVA DIAT N\u00ba 1, DE 5 DE JANEIRO DE 2024\t\t\t<\/a>\n\t\t<\/h6>\n\t\t\t\t<div class=\"elementor-post__excerpt\">\n\t\t\t<p>Disp\u00f5e sobre a emiss\u00e3o de nota fiscal nas opera\u00e7\u00f5es internas com gado bovino promovidas por produtor rural pessoa f\u00edsica destinadas a estabelecimento frigor\u00edfico ou abatedouro.. Publicada no DOE n\u00ba 13.686-A, de 5 de janeiro de 2024<\/p>\n\t\t<\/div>\n\t\t\t\t<\/div>\n\t\t\t\t<\/article>\n\t\t\t\t<article class=\"elementor-post elementor-grid-item post-16456 post type-post status-publish format-standard hentry category-instrucoes-normativas category-legislacao tag-icms\" role=\"listitem\">\n\t\t\t\t<div class=\"elementor-post__text\">\n\t\t\t\t<h6 class=\"elementor-post__title\">\n\t\t\t<a href=\"https:\/\/sefaz.ac.gov.br\/2021\/?p=16456\" target=&quot;_blank&quot;>\n\t\t\t\tINSTRU\u00c7\u00c3O NORMATIVA DIAT N\u00ba 02, DE 27 DE ABRIL DE 2023\t\t\t<\/a>\n\t\t<\/h6>\n\t\t\t\t<div class=\"elementor-post__excerpt\">\n\t\t\t<p>Altera o Anexo I da Instru\u00e7\u00e3o Normativa DIAT n\u00ba 1, de 29 de mar\u00e7o de 2023, que disp\u00f5e sobre a simplifica\u00e7\u00e3o do c\u00e1lculo do ICMS a recolher nas entradas interestaduais de mercadorias provenientes de outros Estados ou do Distrito Federal, nas opera\u00e7\u00f5es sujeitas ou n\u00e3o ao encerramento da tributa\u00e7\u00e3o, e nas aquisi\u00e7\u00f5es em licita\u00e7\u00f5es p\u00fablicas.<\/p>\n\t\t<\/div>\n\t\t\t\t<\/div>\n\t\t\t\t<\/article>\n\t\t\t\t<article class=\"elementor-post elementor-grid-item post-16417 post type-post status-publish format-standard hentry category-instrucoes-normativas category-legislacao tag-icms\" role=\"listitem\">\n\t\t\t\t<div class=\"elementor-post__text\">\n\t\t\t\t<h6 class=\"elementor-post__title\">\n\t\t\t<a href=\"https:\/\/sefaz.ac.gov.br\/2021\/?p=16417\" target=&quot;_blank&quot;>\n\t\t\t\tINSTRU\u00c7\u00c3O NORMATIVA DIAT N\u00ba 1, DE 29 DE MAR\u00c7O DE 2023\t\t\t<\/a>\n\t\t<\/h6>\n\t\t\t\t<div class=\"elementor-post__excerpt\">\n\t\t\t<p>Disp\u00f5e sobre a simplifica\u00e7\u00e3o do c\u00e1lculo do ICMS a recolher nas entradas interestaduais de mercadorias provenientes de outros Estados ou do Distrito Federal, nas opera\u00e7\u00f5es sujeitas ou n\u00e3o ao encerramento da tributa\u00e7\u00e3o, e nas aquisi\u00e7\u00f5es em licita\u00e7\u00f5es p\u00fablicas.<\/p>\n\t\t<\/div>\n\t\t\t\t<\/div>\n\t\t\t\t<\/article>\n\t\t\t\t<article class=\"elementor-post elementor-grid-item post-17441 post type-post status-publish format-standard hentry category-instrucoes-normativas category-legislacao tag-icms\" role=\"listitem\">\n\t\t\t\t<div class=\"elementor-post__text\">\n\t\t\t\t<h6 class=\"elementor-post__title\">\n\t\t\t<a href=\"https:\/\/sefaz.ac.gov.br\/2021\/?p=17441\" target=&quot;_blank&quot;>\n\t\t\t\tINSTRU\u00c7\u00c3O NORMATIVA DIAT N\u00ba 1, DE 30 DE DEZEMBRO DE 2022\t\t\t<\/a>\n\t\t<\/h6>\n\t\t\t\t<div class=\"elementor-post__excerpt\">\n\t\t\t<p>Altera o Anexo I da Instru\u00e7\u00e3o Normativa DIAT n\u00ba 01, de 26 de outubro de 2021, que disp\u00f5e sobre a simplifica\u00e7\u00e3o do c\u00e1lculo do ICMS a recolher nas entradas interestaduais de mercadorias provenientes de outros Estados ou do Distrito Federal, nas opera\u00e7\u00f5es sujeitas ou n\u00e3o ao encerramento da tributa\u00e7\u00e3o, e nas aquisi\u00e7\u00f5es em licita\u00e7\u00f5es p\u00fablicas.<\/p>\n\t\t<\/div>\n\t\t\t\t<\/div>\n\t\t\t\t<\/article>\n\t\t\t\t<article class=\"elementor-post elementor-grid-item post-17447 post type-post status-publish format-standard hentry category-instrucoes-normativas category-legislacao tag-icms\" role=\"listitem\">\n\t\t\t\t<div class=\"elementor-post__text\">\n\t\t\t\t<h6 class=\"elementor-post__title\">\n\t\t\t<a href=\"https:\/\/sefaz.ac.gov.br\/2021\/?p=17447\" target=&quot;_blank&quot;>\n\t\t\t\tINSTRU\u00c7\u00c3O NORMATIVA DIAT N\u00ba 1, DE 26 DE OUTUBRO DE 2021\t\t\t<\/a>\n\t\t<\/h6>\n\t\t\t\t<div class=\"elementor-post__excerpt\">\n\t\t\t<p>Disp\u00f5e sobre a simplifica\u00e7\u00e3o do c\u00e1lculo do ICMS a recolher nas entradas interestaduais de mercadorias provenientes de outros Estados ou do Distrito Federal, nas opera\u00e7\u00f5es sujeitas ou n\u00e3o ao encerramento da tributa\u00e7\u00e3o, e nas aquisi\u00e7\u00f5es em licita\u00e7\u00f5es p\u00fablicas.<\/p>\n\t\t<\/div>\n\t\t\t\t<\/div>\n\t\t\t\t<\/article>\n\t\t\t\t<article class=\"elementor-post elementor-grid-item post-15609 post type-post status-publish format-standard hentry category-instrucoes-normativas category-legislacao tag-icms\" role=\"listitem\">\n\t\t\t\t<div class=\"elementor-post__text\">\n\t\t\t\t<h6 class=\"elementor-post__title\">\n\t\t\t<a href=\"https:\/\/sefaz.ac.gov.br\/2021\/?p=15609\" target=&quot;_blank&quot;>\n\t\t\t\tINSTRU\u00c7\u00c3O NORMATIVA DIAT N\u00ba 02, DE\u00a025 DE JUNHO DE 2020\t\t\t<\/a>\n\t\t<\/h6>\n\t\t\t\t<div class=\"elementor-post__excerpt\">\n\t\t\t<p>Altera o Anexo I da Instru\u00e7\u00e3o Normativa DIAT n\u00ba 01, de 3 de junho de 2020, que disp\u00f5e sobre a simplifica\u00e7\u00e3o do c\u00e1lculo do ICMS a recolher nas entradas interestaduais de mercadorias provenientes de outros Estados ou do Distrito Federal, nas opera\u00e7\u00f5es sujeitas ou n\u00e3o ao encerramento da tributa\u00e7\u00e3o, e nas aquisi\u00e7\u00f5es em licita\u00e7\u00f5es p\u00fablicas<\/p>\n\t\t<\/div>\n\t\t\t\t<\/div>\n\t\t\t\t<\/article>\n\t\t\t\t<article class=\"elementor-post elementor-grid-item post-15563 post type-post status-publish format-standard hentry category-instrucoes-normativas category-legislacao tag-icms\" role=\"listitem\">\n\t\t\t\t<div class=\"elementor-post__text\">\n\t\t\t\t<h6 class=\"elementor-post__title\">\n\t\t\t<a href=\"https:\/\/sefaz.ac.gov.br\/2021\/?p=15563\" target=&quot;_blank&quot;>\n\t\t\t\tINSTRU\u00c7\u00c3O NORMATIVA DIAT N\u00ba 1, DE 3 DE JUNHO DE 2020 (Revogada)\t\t\t<\/a>\n\t\t<\/h6>\n\t\t\t\t<div class=\"elementor-post__excerpt\">\n\t\t\t<p>Disp\u00f5e sobre a simplifica\u00e7\u00e3o do c\u00e1lculo do ICMS a recolher nas entradas interestaduais de mercadorias provenientes de outros Estados ou do Distrito Federal, nas opera\u00e7\u00f5es sujeitas ou n\u00e3o ao encerramento da tributa\u00e7\u00e3o, e nas aquisi\u00e7\u00f5es em licita\u00e7\u00f5es p\u00fablicas.<\/p>\n\t\t<\/div>\n\t\t\t\t<\/div>\n\t\t\t\t<\/article>\n\t\t\t\t<article class=\"elementor-post elementor-grid-item post-15558 post type-post status-publish format-standard hentry category-instrucoes-normativas category-legislacao tag-icms\" role=\"listitem\">\n\t\t\t\t<div class=\"elementor-post__text\">\n\t\t\t\t<h6 class=\"elementor-post__title\">\n\t\t\t<a href=\"https:\/\/sefaz.ac.gov.br\/2021\/?p=15558\" target=&quot;_blank&quot;>\n\t\t\t\tINSTRU\u00c7\u00c3O\u00a0NORMATIVA DIAT\u00a0N\u00ba 03,\u00a0DE\u00a010\u00a0DE JUNHO DE 2019\t\t\t<\/a>\n\t\t<\/h6>\n\t\t\t\t<div class=\"elementor-post__excerpt\">\n\t\t\t<p>Altera o Anexo I da Instru\u00e7\u00e3o Normativa DEPAT n\u00ba 01\/2019, que disp\u00f5e sobre a simplifica\u00e7\u00e3o do c\u00e1lculo do ICMS a recolher nas entradas interestaduais de mercadorias provenientes de outros Estados ou do Distrito Federal, nas opera\u00e7\u00f5es sujeitas ou n\u00e3o ao encerramento da tributa\u00e7\u00e3o, e nas aquisi\u00e7\u00f5es em licita\u00e7\u00f5es p\u00fablicas.<\/p>\n\t\t<\/div>\n\t\t\t\t<\/div>\n\t\t\t\t<\/article>\n\t\t\t\t<article class=\"elementor-post elementor-grid-item post-15549 post type-post status-publish format-standard hentry category-instrucoes-normativas category-legislacao tag-icms\" role=\"listitem\">\n\t\t\t\t<div class=\"elementor-post__text\">\n\t\t\t\t<h6 class=\"elementor-post__title\">\n\t\t\t<a href=\"https:\/\/sefaz.ac.gov.br\/2021\/?p=15549\" target=&quot;_blank&quot;>\n\t\t\t\tINSTRU\u00c7\u00c3O NORMATIVA DEPAT N\u00ba 02, DE 4 DE ABRIL DE 2019\t\t\t<\/a>\n\t\t<\/h6>\n\t\t\t\t<div class=\"elementor-post__excerpt\">\n\t\t\t<p>Altera o Anexo I da Instru\u00e7\u00e3o Normativa DEPAT n\u00ba 01\/2019, que disp\u00f5e sobre a simplifica\u00e7\u00e3o do c\u00e1lculo do ICMS a recolher nas entradas interestaduais de mercadorias provenientes de outros Estados ou do Distrito Federal, nas opera\u00e7\u00f5es sujeitas ou n\u00e3o ao encerramento da tributa\u00e7\u00e3o, e nas aquisi\u00e7\u00f5es em licita\u00e7\u00f5es p\u00fablicas.<\/p>\n\t\t<\/div>\n\t\t\t\t<\/div>\n\t\t\t\t<\/article>\n\t\t\t\t<article class=\"elementor-post elementor-grid-item post-5681 post type-post status-publish format-standard hentry category-instrucoes-normativas category-legislacao tag-icms\" role=\"listitem\">\n\t\t\t\t<div class=\"elementor-post__text\">\n\t\t\t\t<h6 class=\"elementor-post__title\">\n\t\t\t<a href=\"https:\/\/sefaz.ac.gov.br\/2021\/?p=5681\" target=&quot;_blank&quot;>\n\t\t\t\tINSTRU\u00c7\u00c3O NORMATIVA DEPAT N\u00ba 01, DE 19 DE MAR\u00c7O DE 2019\t\t\t<\/a>\n\t\t<\/h6>\n\t\t\t\t<div class=\"elementor-post__excerpt\">\n\t\t\t<p>Disp\u00f5e sobre a simplifica\u00e7\u00e3o do c\u00e1lculo do ICMS a recolher nas entradas interestaduais de mercadorias provenientes de outros Estados ou do Distrito Federal, nas opera\u00e7\u00f5es sujeitas ou n\u00e3o ao encerramento da tributa\u00e7\u00e3o, e nas aquisi\u00e7\u00f5es em licita\u00e7\u00f5es p\u00fablicas.<\/p>\n\t\t<\/div>\n\t\t\t\t<\/div>\n\t\t\t\t<\/article>\n\t\t\t\t<article class=\"elementor-post elementor-grid-item post-15357 post type-post status-publish format-standard hentry category-instrucoes-normativas category-legislacao tag-icms\" role=\"listitem\">\n\t\t\t\t<div class=\"elementor-post__text\">\n\t\t\t\t<h6 class=\"elementor-post__title\">\n\t\t\t<a href=\"https:\/\/sefaz.ac.gov.br\/2021\/?p=15357\" target=&quot;_blank&quot;>\n\t\t\t\tINSTRU\u00c7\u00c3O NORMATIVA DIAT N\u00ba\u00a001,\u00a0DE 26 DE DEZEMBRO DE 2018 (Revogada)\t\t\t<\/a>\n\t\t<\/h6>\n\t\t\t\t<div class=\"elementor-post__excerpt\">\n\t\t\t<p>Disp\u00f5e sobre a simplifica\u00e7\u00e3o do c\u00e1lculo do ICMS a recolher nas entradas interestaduais de mercadorias provenientes de outros Estados ou do Distrito Federal, nas opera\u00e7\u00f5es sujeitas ou n\u00e3o ao encerramento da tributa\u00e7\u00e3o, e nas aquisi\u00e7\u00f5es em licita\u00e7\u00f5es p\u00fablicas.<\/p>\n\t\t<\/div>\n\t\t\t\t<\/div>\n\t\t\t\t<\/article>\n\t\t\t\t<article class=\"elementor-post elementor-grid-item post-15465 post type-post status-publish format-standard hentry category-instrucoes-normativas category-legislacao tag-efd tag-icms\" role=\"listitem\">\n\t\t\t\t<div class=\"elementor-post__text\">\n\t\t\t\t<h6 class=\"elementor-post__title\">\n\t\t\t<a href=\"https:\/\/sefaz.ac.gov.br\/2021\/?p=15465\" target=&quot;_blank&quot;>\n\t\t\t\tINSTRU\u00c7\u00c3O NORMATIVA DIAT N\u00ba 02, 26 DE DEZEMBRO DE 2018\t\t\t<\/a>\n\t\t<\/h6>\n\t\t\t\t<div class=\"elementor-post__excerpt\">\n\t\t\t<p>Institui o Manual de Orienta\u00e7\u00e3o da Escritura\u00e7\u00e3o Fiscal Digital &#8211; EFD ICMS\/IPI para o Estado do Acre.<\/p>\n\t\t<\/div>\n\t\t\t\t<\/div>\n\t\t\t\t<\/article>\n\t\t\t\t<article class=\"elementor-post elementor-grid-item post-14876 post type-post status-publish format-standard hentry category-instrucoes-normativas category-legislacao tag-icms\" role=\"listitem\">\n\t\t\t\t<div class=\"elementor-post__text\">\n\t\t\t\t<h6 class=\"elementor-post__title\">\n\t\t\t<a href=\"https:\/\/sefaz.ac.gov.br\/2021\/?p=14876\" target=&quot;_blank&quot;>\n\t\t\t\tINSTRU\u00c7\u00c3O NORMATIVA DIAT N\u00ba 01, DE 31 DE MAR\u00c7O\u00a0DE 2017\t\t\t<\/a>\n\t\t<\/h6>\n\t\t\t\t<div class=\"elementor-post__excerpt\">\n\t\t\t<p>Altera e acrescenta itens ao Anexo I da Instru\u00e7\u00e3o Normativa n\u00ba 01\/2016, que disp\u00f5e sobre os percentuais de base de c\u00e1lculo para lan\u00e7amento do ICMS na entrada de mercadorias no Estado do Acre sujeitas \u00e0 substitui\u00e7\u00e3o tribut\u00e1ria e antecipa\u00e7\u00e3o tribut\u00e1ria.<\/p>\n\t\t<\/div>\n\t\t\t\t<\/div>\n\t\t\t\t<\/article>\n\t\t\t\t<article class=\"elementor-post elementor-grid-item post-14724 post type-post status-publish format-standard hentry category-instrucoes-normativas category-legislacao tag-icms\" role=\"listitem\">\n\t\t\t\t<div class=\"elementor-post__text\">\n\t\t\t\t<h6 class=\"elementor-post__title\">\n\t\t\t<a href=\"https:\/\/sefaz.ac.gov.br\/2021\/?p=14724\" target=&quot;_blank&quot;>\n\t\t\t\tINSTRU\u00c7\u00c3O\u00a0NORMATIVA DIAT N\u00ba\u00a001, DE 4 DE MAIO DE 2016 (Revogada)\t\t\t<\/a>\n\t\t<\/h6>\n\t\t\t\t<div class=\"elementor-post__excerpt\">\n\t\t\t<p>Disp\u00f5e sobre a simplifica\u00e7\u00e3o do c\u00e1lculo do ICMS a recolher nas entradas interestaduais de mercadorias provenientes de outros Estados ou do Distrito Federal, nas opera\u00e7\u00f5es sujeitas ou n\u00e3o ao encerramento da tributa\u00e7\u00e3o, e nas aquisi\u00e7\u00f5es em licita\u00e7\u00f5es p\u00fablicas.<\/p>\n\t\t<\/div>\n\t\t\t\t<\/div>\n\t\t\t\t<\/article>\n\t\t\t\t<article class=\"elementor-post elementor-grid-item post-3778 post type-post status-publish format-standard hentry category-instrucoes-normativas category-legislacao tag-icms\" role=\"listitem\">\n\t\t\t\t<div class=\"elementor-post__text\">\n\t\t\t\t<h6 class=\"elementor-post__title\">\n\t\t\t<a href=\"https:\/\/sefaz.ac.gov.br\/2021\/?p=3778\" target=&quot;_blank&quot;>\n\t\t\t\tINSTRU\u00c7\u00c3O NORMATIVA DIAT N\u00b0 001, DE 20 DE MAR\u00c7O DE 2014\t\t\t<\/a>\n\t\t<\/h6>\n\t\t\t\t<div class=\"elementor-post__excerpt\">\n\t\t\t<p>Disciplina a aplica\u00e7\u00e3o do art. 2-A do Decreto 4.359, de 7 de novembro de 2001, acrescentado pelo Decreto 6.638, de 14 de novembro de 2013, acerca da tributa\u00e7\u00e3o das  opera\u00e7\u00f5es com farinha de trigo embalada em sacos de 25 ou 50 kg e com pr\u00e9-mistura para p\u00e3o franc\u00eas.<\/p>\n\t\t<\/div>\n\t\t\t\t<\/div>\n\t\t\t\t<\/article>\n\t\t\t\t<article class=\"elementor-post elementor-grid-item post-14667 post type-post status-publish format-standard hentry category-instrucoes-normativas category-legislacao tag-icms\" role=\"listitem\">\n\t\t\t\t<div class=\"elementor-post__text\">\n\t\t\t\t<h6 class=\"elementor-post__title\">\n\t\t\t<a href=\"https:\/\/sefaz.ac.gov.br\/2021\/?p=14667\" target=&quot;_blank&quot;>\n\t\t\t\tINSTRU\u00c7\u00c3O NORMATIVA DIAT N\u00b0 1, DE 23 DE ABRIL DE 2013\t\t\t<\/a>\n\t\t<\/h6>\n\t\t\t\t<div class=\"elementor-post__excerpt\">\n\t\t\t<p>Estabelece os percentuais de antecipa\u00e7\u00e3o do ICMS na entrada de mercadorias no Estado, nas condi\u00e7\u00f5es que especifica.<\/p>\n\t\t<\/div>\n\t\t\t\t<\/div>\n\t\t\t\t<\/article>\n\t\t\t\t<article class=\"elementor-post elementor-grid-item post-14661 post type-post status-publish format-standard hentry category-instrucoes-normativas category-legislacao tag-icms\" role=\"listitem\">\n\t\t\t\t<div class=\"elementor-post__text\">\n\t\t\t\t<h6 class=\"elementor-post__title\">\n\t\t\t<a href=\"https:\/\/sefaz.ac.gov.br\/2021\/?p=14661\" target=&quot;_blank&quot;>\n\t\t\t\tINSTRU\u00c7\u00c3O NORMATIVA N\u00b0 01, DE 10 DE JULHO 2012\t\t\t<\/a>\n\t\t<\/h6>\n\t\t\t\t<div class=\"elementor-post__excerpt\">\n\t\t\t<p>Determina que o lan\u00e7amento do ICMS na hip\u00f3tese do \u00a7 2\u00ba, do artigo 6\u00ba do Decreto n\u00ba 4.050, de 11 de junho de 2012, seja realizado atrav\u00e9s de Notifica\u00e7\u00e3o do ICMS e  Termo de Apreens\u00e3o e Dep\u00f3sito, quando da entrada da mercadoria em territ\u00f3rio acreano.<\/p>\n\t\t<\/div>\n\t\t\t\t<\/div>\n\t\t\t\t<\/article>\n\t\t\t\t<article class=\"elementor-post elementor-grid-item post-14654 post type-post status-publish format-standard hentry category-instrucoes-normativas category-legislacao tag-icms\" role=\"listitem\">\n\t\t\t\t<div class=\"elementor-post__text\">\n\t\t\t\t<h6 class=\"elementor-post__title\">\n\t\t\t<a href=\"https:\/\/sefaz.ac.gov.br\/2021\/?p=14654\" target=&quot;_blank&quot;>\n\t\t\t\tINSTRU\u00c7\u00c3O NORMATIVA N\u00b0 01, DE 19 DE JULHO DE 2011 (Revogada)\t\t\t<\/a>\n\t\t<\/h6>\n\t\t\t\t<div class=\"elementor-post__excerpt\">\n\t\t\t<p>Atualiza os percentuais da carga tribut\u00e1ria para lan\u00e7amento e cobran\u00e7a do ICMS nas opera\u00e7\u00f5es interestaduais das mercadorias especificadas nos anexos I e II.<\/p>\n\t\t<\/div>\n\t\t\t\t<\/div>\n\t\t\t\t<\/article>\n\t\t\t\t<article class=\"elementor-post elementor-grid-item post-4712 post type-post status-publish format-standard hentry category-instrucoes-normativas category-legislacao tag-icms\" role=\"listitem\">\n\t\t\t\t<div class=\"elementor-post__text\">\n\t\t\t\t<h6 class=\"elementor-post__title\">\n\t\t\t<a href=\"https:\/\/sefaz.ac.gov.br\/2021\/?p=4712\" target=&quot;_blank&quot;>\n\t\t\t\tINSTRU\u00c7\u00c3O NORMATIVA N\u00b0 001, DE 07 DE JULHO DE 2010\t\t\t<\/a>\n\t\t<\/h6>\n\t\t\t\t<div class=\"elementor-post__excerpt\">\n\t\t\t<p>A DIRETORA DE ADMINISTRA\u00c7\u00c3O TRIBUT\u00c1RIA, no uso da atribui\u00e7\u00e3o que lhe confere o Art. 25, III doRegimento Interno da Secretaria de Estado da Fazenda, aprovado<\/p>\n\t\t<\/div>\n\t\t\t\t<\/div>\n\t\t\t\t<\/article>\n\t\t\t\t<article class=\"elementor-post elementor-grid-item post-14649 post type-post status-publish format-standard hentry category-instrucoes-normativas category-legislacao tag-icms\" role=\"listitem\">\n\t\t\t\t<div class=\"elementor-post__text\">\n\t\t\t\t<h6 class=\"elementor-post__title\">\n\t\t\t<a href=\"https:\/\/sefaz.ac.gov.br\/2021\/?p=14649\" target=&quot;_blank&quot;>\n\t\t\t\tINSTRU\u00c7\u00c3O NORMATIVA N\u00ba 01, DE\u00a0 3 DE AGOSTO DE 2009\t\t\t<\/a>\n\t\t<\/h6>\n\t\t\t\t<div class=\"elementor-post__excerpt\">\n\t\t\t<p>Revoga a Instru\u00e7\u00e3o Normativa n\u00ba 01, de<br \/>\n14 de maio de 2008.<\/p>\n\t\t<\/div>\n\t\t\t\t<\/div>\n\t\t\t\t<\/article>\n\t\t\t\t<article class=\"elementor-post elementor-grid-item post-3839 post type-post status-publish format-standard hentry category-instrucoes-normativas category-legislacao tag-icms\" role=\"listitem\">\n\t\t\t\t<div class=\"elementor-post__text\">\n\t\t\t\t<h6 class=\"elementor-post__title\">\n\t\t\t<a href=\"https:\/\/sefaz.ac.gov.br\/2021\/?p=3839\" target=&quot;_blank&quot;>\n\t\t\t\tINSTRU\u00c7\u00c3O NORMATIVA N\u00ba 001, DE 14 DE MAIO DE 2008 (Revogada)\t\t\t<\/a>\n\t\t<\/h6>\n\t\t\t\t<div class=\"elementor-post__excerpt\">\n\t\t\t<p>Estabelece a n\u00e3o-exig\u00eancia do ICMS nas opera\u00e7\u00f5es de arrendamento mercantil de ve\u00edculos automotores, quando, ao final do contrato, o adquirente pessoa f\u00edsica, n\u00e3o contribuinte do imposto, optar pela aquisi\u00e7\u00e3o do bem.<\/p>\n\t\t<\/div>\n\t\t\t\t<\/div>\n\t\t\t\t<\/article>\n\t\t\t\t<article class=\"elementor-post elementor-grid-item post-14646 post type-post status-publish format-standard hentry category-instrucoes-normativas category-legislacao tag-icms\" role=\"listitem\">\n\t\t\t\t<div class=\"elementor-post__text\">\n\t\t\t\t<h6 class=\"elementor-post__title\">\n\t\t\t<a href=\"https:\/\/sefaz.ac.gov.br\/2021\/?p=14646\" target=&quot;_blank&quot;>\n\t\t\t\tINSTRU\u00c7\u00c3O NORMATIVA N\u00b0 01, DE 17 DE JULHO DE 2007\t\t\t<\/a>\n\t\t<\/h6>\n\t\t\t\t<div class=\"elementor-post__excerpt\">\n\t\t\t<p>Disciplina os procedimentos relacionados \u00e0 baixa do Passe Fiscal nas \u00c1reas de Livre Com\u00e9rcio.<\/p>\n\t\t<\/div>\n\t\t\t\t<\/div>\n\t\t\t\t<\/article>\n\t\t\t\t<\/div>\n\t\t\n\t\t\t\t\t\t<\/div>\n\t\t\t\t<\/div>\n\t\t\t\t<div class=\"elementor-element elementor-element-b65b656 elementor-widget elementor-widget-eael-creative-button\" data-id=\"b65b656\" data-element_type=\"widget\" data-e-type=\"widget\" data-widget_type=\"eael-creative-button.default\">\n\t\t\t\t<div class=\"elementor-widget-container\">\n\t\t\t\t\t        <div class=\"eael-creative-button-wrapper\">\n\n            <a class=\"eael-creative-button eael-creative-button--default eael-cb-icon-position-\" href=\"https:\/\/sefaz.ac.gov.br\/2021\/?category_name=instrucoes-normativas&#038;tag=icms\" data-text=\"IPVA\">\n            \t    \n                <div class=\"creative-button-inner\">\n\n                    \n                    <span class=\"cretive-button-text\">Ir para pesquisa avan\u00e7ada &gt;&gt;<\/span>\n\n                                    <\/div>\n\t                        <\/a>\n        <\/div>\n        \t\t\t\t<\/div>\n\t\t\t\t<\/div>\n\t\t\t\t<div class=\"elementor-element elementor-element-d955e96 elementor-icon-list--layout-inline elementor-align-center elementor-mobile-align-start elementor-list-item-link-full_width elementor-widget elementor-widget-icon-list\" data-id=\"d955e96\" data-element_type=\"widget\" data-e-type=\"widget\" data-widget_type=\"icon-list.default\">\n\t\t\t\t<div class=\"elementor-widget-container\">\n\t\t\t\t\t\t\t<ul class=\"elementor-icon-list-items elementor-inline-items\">\n\t\t\t\t\t\t\t<li class=\"elementor-icon-list-item elementor-inline-item\">\n\t\t\t\t\t\t\t\t\t\t\t<a href=\"#inicio\">\n\n\t\t\t\t\t\t\t\t\t\t\t<span class=\"elementor-icon-list-text\">In\u00edcio<\/span>\n\t\t\t\t\t\t\t\t\t\t\t<\/a>\n\t\t\t\t\t\t\t\t\t<\/li>\n\t\t\t\t\t\t\t\t<li class=\"elementor-icon-list-item elementor-inline-item\">\n\t\t\t\t\t\t\t\t\t\t\t<a href=\"#leiscomplementares\">\n\n\t\t\t\t\t\t\t\t\t\t\t<span class=\"elementor-icon-list-text\">Leis Complementares<\/span>\n\t\t\t\t\t\t\t\t\t\t\t<\/a>\n\t\t\t\t\t\t\t\t\t<\/li>\n\t\t\t\t\t\t\t\t<li class=\"elementor-icon-list-item elementor-inline-item\">\n\t\t\t\t\t\t\t\t\t\t\t<a href=\"#leisordinarias\">\n\n\t\t\t\t\t\t\t\t\t\t\t<span class=\"elementor-icon-list-text\">Leis Ordin\u00e1rias<\/span>\n\t\t\t\t\t\t\t\t\t\t\t<\/a>\n\t\t\t\t\t\t\t\t\t<\/li>\n\t\t\t\t\t\t\t\t<li class=\"elementor-icon-list-item elementor-inline-item\">\n\t\t\t\t\t\t\t\t\t\t\t<a href=\"#decretos\">\n\n\t\t\t\t\t\t\t\t\t\t\t<span class=\"elementor-icon-list-text\">Decretos<\/span>\n\t\t\t\t\t\t\t\t\t\t\t<\/a>\n\t\t\t\t\t\t\t\t\t<\/li>\n\t\t\t\t\t\t\t\t<li class=\"elementor-icon-list-item elementor-inline-item\">\n\t\t\t\t\t\t\t\t\t\t\t<a href=\"#portarias\">\n\n\t\t\t\t\t\t\t\t\t\t\t<span class=\"elementor-icon-list-text\">Portarias<\/span>\n\t\t\t\t\t\t\t\t\t\t\t<\/a>\n\t\t\t\t\t\t\t\t\t<\/li>\n\t\t\t\t\t\t\t\t<li class=\"elementor-icon-list-item elementor-inline-item\">\n\t\t\t\t\t\t\t\t\t\t\t<a href=\"#instrucoesnormativas\">\n\n\t\t\t\t\t\t\t\t\t\t\t<span class=\"elementor-icon-list-text\">Instru\u00e7\u00f5es Normativas<\/span>\n\t\t\t\t\t\t\t\t\t\t\t<\/a>\n\t\t\t\t\t\t\t\t\t<\/li>\n\t\t\t\t\t\t<\/ul>\n\t\t\t\t\t\t<\/div>\n\t\t\t\t<\/div>\n\t\t\t\t\t<\/div>\n\t\t<\/div>\n\t\t\t\t\t<\/div>\n\t\t<\/section>\n\t\t\t\t<section class=\"elementor-section elementor-top-section elementor-element elementor-element-88eee60 elementor-section-boxed elementor-section-height-default elementor-section-height-default\" data-id=\"88eee60\" data-element_type=\"section\" data-e-type=\"section\" data-settings=\"{&quot;background_background&quot;:&quot;classic&quot;}\">\n\t\t\t\t\t\t<div class=\"elementor-container elementor-column-gap-default\">\n\t\t\t\t\t<div class=\"elementor-column elementor-col-100 elementor-top-column elementor-element elementor-element-8c61cda\" data-id=\"8c61cda\" data-element_type=\"column\" data-e-type=\"column\" data-settings=\"{&quot;background_background&quot;:&quot;slideshow&quot;,&quot;background_slideshow_gallery&quot;:[{&quot;id&quot;:100,&quot;url&quot;:&quot;http:\\\/\\\/172.16.5.196\\\/portal\\\/wp-content\\\/uploads\\\/2021\\\/03\\\/Foto-KJ-Pargeter-Freepik_deep-tech-capa.jpg&quot;}],&quot;background_slideshow_loop&quot;:&quot;yes&quot;,&quot;background_slideshow_slide_duration&quot;:5000,&quot;background_slideshow_slide_transition&quot;:&quot;fade&quot;,&quot;background_slideshow_transition_duration&quot;:500}\">\n\t\t\t<div class=\"elementor-widget-wrap elementor-element-populated\">\n\t\t\t\t\t<div class=\"elementor-background-overlay\"><\/div>\n\t\t\t\t\t\t<div class=\"elementor-element elementor-element-2353d64 elementor-widget elementor-widget-menu-anchor\" data-id=\"2353d64\" data-element_type=\"widget\" data-e-type=\"widget\" data-widget_type=\"menu-anchor.default\">\n\t\t\t\t<div class=\"elementor-widget-container\">\n\t\t\t\t\t\t\t<div class=\"elementor-menu-anchor\" id=\"paf\"><\/div>\n\t\t\t\t\t\t<\/div>\n\t\t\t\t<\/div>\n\t\t\t\t<div class=\"elementor-element elementor-element-79fe03a elementor-widget elementor-widget-heading\" data-id=\"79fe03a\" data-element_type=\"widget\" data-e-type=\"widget\" data-widget_type=\"heading.default\">\n\t\t\t\t<div class=\"elementor-widget-container\">\n\t\t\t\t\t<h3 class=\"elementor-heading-title elementor-size-default\">Legisla\u00e7\u00e3o por Assuntos<\/h3>\t\t\t\t<\/div>\n\t\t\t\t<\/div>\n\t\t\t\t<section class=\"elementor-section elementor-inner-section elementor-element elementor-element-2a99112 elementor-section-boxed elementor-section-height-default elementor-section-height-default\" data-id=\"2a99112\" data-element_type=\"section\" data-e-type=\"section\">\n\t\t\t\t\t\t<div class=\"elementor-container elementor-column-gap-default\">\n\t\t\t\t\t<div class=\"elementor-column elementor-col-25 elementor-inner-column elementor-element elementor-element-ea25887\" data-id=\"ea25887\" data-element_type=\"column\" data-e-type=\"column\">\n\t\t\t<div class=\"elementor-widget-wrap elementor-element-populated\">\n\t\t\t\t\t\t<div class=\"elementor-element elementor-element-a4c4d8c elementor-widget elementor-widget-eael-creative-button\" data-id=\"a4c4d8c\" data-element_type=\"widget\" data-e-type=\"widget\" data-widget_type=\"eael-creative-button.default\">\n\t\t\t\t<div class=\"elementor-widget-container\">\n\t\t\t\t\t        <div class=\"eael-creative-button-wrapper\">\n\n            <a class=\"eael-creative-button eael-creative-button--default eael-cb-icon-position-\" href=\"https:\/\/sefaz.ac.gov.br\/2021\/?page_id=17096\" data-text=\"ICMS\">\n            \t    \n                <div class=\"creative-button-inner\">\n\n                    \n                    <span class=\"cretive-button-text\">ICMS<\/span>\n\n                                    <\/div>\n\t                        <\/a>\n        <\/div>\n        \t\t\t\t<\/div>\n\t\t\t\t<\/div>\n\t\t\t\t\t<\/div>\n\t\t<\/div>\n\t\t\t\t<div class=\"elementor-column elementor-col-25 elementor-inner-column elementor-element elementor-element-934f31b\" data-id=\"934f31b\" data-element_type=\"column\" data-e-type=\"column\">\n\t\t\t<div class=\"elementor-widget-wrap elementor-element-populated\">\n\t\t\t\t\t\t<div class=\"elementor-element elementor-element-e3e097a elementor-widget elementor-widget-eael-creative-button\" data-id=\"e3e097a\" data-element_type=\"widget\" data-e-type=\"widget\" data-widget_type=\"eael-creative-button.default\">\n\t\t\t\t<div class=\"elementor-widget-container\">\n\t\t\t\t\t        <div class=\"eael-creative-button-wrapper\">\n\n            <a class=\"eael-creative-button eael-creative-button--default eael-cb-icon-position-\" href=\"https:\/\/sefaz.ac.gov.br\/2021\/?page_id=16937\" data-text=\"IPVA\">\n            \t    \n                <div class=\"creative-button-inner\">\n\n                    \n                    <span class=\"cretive-button-text\">IPVA<\/span>\n\n                                    <\/div>\n\t                        <\/a>\n        <\/div>\n        \t\t\t\t<\/div>\n\t\t\t\t<\/div>\n\t\t\t\t\t<\/div>\n\t\t<\/div>\n\t\t\t\t<div class=\"elementor-column elementor-col-25 elementor-inner-column elementor-element elementor-element-12e1b0c\" data-id=\"12e1b0c\" data-element_type=\"column\" data-e-type=\"column\">\n\t\t\t<div class=\"elementor-widget-wrap elementor-element-populated\">\n\t\t\t\t\t\t<div class=\"elementor-element elementor-element-c3ff186 elementor-widget elementor-widget-eael-creative-button\" data-id=\"c3ff186\" data-element_type=\"widget\" data-e-type=\"widget\" data-widget_type=\"eael-creative-button.default\">\n\t\t\t\t<div class=\"elementor-widget-container\">\n\t\t\t\t\t        <div class=\"eael-creative-button-wrapper\">\n\n            <a class=\"eael-creative-button eael-creative-button--default eael-cb-icon-position-\" href=\"https:\/\/sefaz.ac.gov.br\/2021\/?page_id=17032\" data-text=\"ITCMD\">\n            \t    \n                <div class=\"creative-button-inner\">\n\n                    \n                    <span class=\"cretive-button-text\">ITCMD<\/span>\n\n                                    <\/div>\n\t                        <\/a>\n        <\/div>\n        \t\t\t\t<\/div>\n\t\t\t\t<\/div>\n\t\t\t\t\t<\/div>\n\t\t<\/div>\n\t\t\t\t<div class=\"elementor-column elementor-col-25 elementor-inner-column elementor-element elementor-element-1d1d8d9\" data-id=\"1d1d8d9\" data-element_type=\"column\" data-e-type=\"column\">\n\t\t\t<div class=\"elementor-widget-wrap elementor-element-populated\">\n\t\t\t\t\t\t<div class=\"elementor-element elementor-element-3f28e3c elementor-widget elementor-widget-eael-creative-button\" data-id=\"3f28e3c\" data-element_type=\"widget\" data-e-type=\"widget\" data-widget_type=\"eael-creative-button.default\">\n\t\t\t\t<div class=\"elementor-widget-container\">\n\t\t\t\t\t        <div class=\"eael-creative-button-wrapper\">\n\n            <a class=\"eael-creative-button eael-creative-button--default eael-cb-icon-position-\" href=\"https:\/\/sefaz.ac.gov.br\/2021\/?page_id=17070\" data-text=\"Taxas\">\n            \t    \n                <div class=\"creative-button-inner\">\n\n                    \n                    <span class=\"cretive-button-text\">Taxas<\/span>\n\n                                    <\/div>\n\t                        <\/a>\n        <\/div>\n        \t\t\t\t<\/div>\n\t\t\t\t<\/div>\n\t\t\t\t\t<\/div>\n\t\t<\/div>\n\t\t\t\t\t<\/div>\n\t\t<\/section>\n\t\t\t\t<section class=\"elementor-section elementor-inner-section elementor-element elementor-element-cd3eb3e elementor-section-boxed elementor-section-height-default elementor-section-height-default\" data-id=\"cd3eb3e\" data-element_type=\"section\" data-e-type=\"section\">\n\t\t\t\t\t\t<div class=\"elementor-container elementor-column-gap-default\">\n\t\t\t\t\t<div class=\"elementor-column elementor-col-25 elementor-inner-column elementor-element elementor-element-7de20d6\" data-id=\"7de20d6\" data-element_type=\"column\" data-e-type=\"column\">\n\t\t\t<div class=\"elementor-widget-wrap elementor-element-populated\">\n\t\t\t\t\t\t<div class=\"elementor-element elementor-element-40a60de elementor-widget elementor-widget-eael-creative-button\" data-id=\"40a60de\" data-element_type=\"widget\" data-e-type=\"widget\" data-widget_type=\"eael-creative-button.default\">\n\t\t\t\t<div class=\"elementor-widget-container\">\n\t\t\t\t\t        <div class=\"eael-creative-button-wrapper\">\n\n            <a class=\"eael-creative-button eael-creative-button--default eael-cb-icon-position-\" href=\"https:\/\/sefaz.ac.gov.br\/2021\/?page_id=17144\" data-text=\"Institucional e Funcional \">\n            \t    \n                <div class=\"creative-button-inner\">\n\n                    \n                    <span class=\"cretive-button-text\">Institucional e Funcional <\/span>\n\n                                    <\/div>\n\t                        <\/a>\n        <\/div>\n        \t\t\t\t<\/div>\n\t\t\t\t<\/div>\n\t\t\t\t\t<\/div>\n\t\t<\/div>\n\t\t\t\t<div class=\"elementor-column elementor-col-25 elementor-inner-column elementor-element elementor-element-2b79042\" data-id=\"2b79042\" data-element_type=\"column\" data-e-type=\"column\">\n\t\t\t<div class=\"elementor-widget-wrap elementor-element-populated\">\n\t\t\t\t\t\t<div class=\"elementor-element elementor-element-837be7d elementor-widget elementor-widget-eael-creative-button\" data-id=\"837be7d\" data-element_type=\"widget\" data-e-type=\"widget\" data-widget_type=\"eael-creative-button.default\">\n\t\t\t\t<div class=\"elementor-widget-container\">\n\t\t\t\t\t        <div class=\"eael-creative-button-wrapper\">\n\n            <a class=\"eael-creative-button eael-creative-button--default eael-cb-icon-position-\" href=\"https:\/\/sefaz.ac.gov.br\/2021\/?page_id=225\" data-text=\"CODIP\/ICMS\">\n            \t    \n                <div class=\"creative-button-inner\">\n\n                    \n                    <span class=\"cretive-button-text\">CODIP\/ICMS<\/span>\n\n                                    <\/div>\n\t                        <\/a>\n        <\/div>\n        \t\t\t\t<\/div>\n\t\t\t\t<\/div>\n\t\t\t\t\t<\/div>\n\t\t<\/div>\n\t\t\t\t<div class=\"elementor-column elementor-col-25 elementor-inner-column elementor-element elementor-element-5c9b3de\" data-id=\"5c9b3de\" data-element_type=\"column\" data-e-type=\"column\">\n\t\t\t<div class=\"elementor-widget-wrap elementor-element-populated\">\n\t\t\t\t\t\t<div class=\"elementor-element elementor-element-e8a1746 elementor-widget elementor-widget-eael-creative-button\" data-id=\"e8a1746\" data-element_type=\"widget\" data-e-type=\"widget\" data-widget_type=\"eael-creative-button.default\">\n\t\t\t\t<div class=\"elementor-widget-container\">\n\t\t\t\t\t        <div class=\"eael-creative-button-wrapper\">\n\n            <a class=\"eael-creative-button eael-creative-button--default eael-cb-icon-position-\" href=\"https:\/\/sefaz.ac.gov.br\/2021\/?page_id=17507\" data-text=\"PAT\">\n            \t    \n                <div class=\"creative-button-inner\">\n\n                    \n                    <span class=\"cretive-button-text\">PAT<\/span>\n\n                                    <\/div>\n\t                        <\/a>\n        <\/div>\n        \t\t\t\t<\/div>\n\t\t\t\t<\/div>\n\t\t\t\t\t<\/div>\n\t\t<\/div>\n\t\t\t\t<div class=\"elementor-column elementor-col-25 elementor-inner-column elementor-element elementor-element-f2b99e8\" data-id=\"f2b99e8\" data-element_type=\"column\" data-e-type=\"column\">\n\t\t\t<div class=\"elementor-widget-wrap elementor-element-populated\">\n\t\t\t\t\t\t<div class=\"elementor-element elementor-element-3e4f6c4 elementor-widget elementor-widget-eael-creative-button\" data-id=\"3e4f6c4\" data-element_type=\"widget\" data-e-type=\"widget\" data-widget_type=\"eael-creative-button.default\">\n\t\t\t\t<div class=\"elementor-widget-container\">\n\t\t\t\t\t        <div class=\"eael-creative-button-wrapper\">\n\n            <a class=\"eael-creative-button eael-creative-button--default eael-cb-icon-position-\" href=\"https:\/\/sefaz.ac.gov.br\/2021\/?page_id=19255\" data-text=\"TATE\">\n            \t    \n                <div class=\"creative-button-inner\">\n\n                    \n                    <span class=\"cretive-button-text\">TATE<\/span>\n\n                                    <\/div>\n\t                        <\/a>\n        <\/div>\n        \t\t\t\t<\/div>\n\t\t\t\t<\/div>\n\t\t\t\t\t<\/div>\n\t\t<\/div>\n\t\t\t\t\t<\/div>\n\t\t<\/section>\n\t\t\t\t\t<\/div>\n\t\t<\/div>\n\t\t\t\t\t<\/div>\n\t\t<\/section>\n\t\t\t\t<section class=\"elementor-section elementor-top-section elementor-element elementor-element-d623b3c elementor-section-boxed elementor-section-height-default elementor-section-height-default\" data-id=\"d623b3c\" data-element_type=\"section\" data-e-type=\"section\">\n\t\t\t\t\t\t<div class=\"elementor-container elementor-column-gap-default\">\n\t\t\t\t\t<div class=\"elementor-column elementor-col-100 elementor-top-column elementor-element elementor-element-31acdcf\" data-id=\"31acdcf\" data-element_type=\"column\" data-e-type=\"column\" data-settings=\"{&quot;background_background&quot;:&quot;slideshow&quot;,&quot;background_slideshow_gallery&quot;:[{&quot;id&quot;:100,&quot;url&quot;:&quot;http:\\\/\\\/172.16.5.196\\\/portal\\\/wp-content\\\/uploads\\\/2021\\\/03\\\/Foto-KJ-Pargeter-Freepik_deep-tech-capa.jpg&quot;}],&quot;background_slideshow_loop&quot;:&quot;yes&quot;,&quot;background_slideshow_slide_duration&quot;:5000,&quot;background_slideshow_slide_transition&quot;:&quot;fade&quot;,&quot;background_slideshow_transition_duration&quot;:500}\">\n\t\t\t<div class=\"elementor-widget-wrap elementor-element-populated\">\n\t\t\t\t\t<div class=\"elementor-background-overlay\"><\/div>\n\t\t\t\t\t\t<div class=\"elementor-element elementor-element-e6ecb00 elementor-widget elementor-widget-menu-anchor\" data-id=\"e6ecb00\" data-element_type=\"widget\" data-e-type=\"widget\" data-widget_type=\"menu-anchor.default\">\n\t\t\t\t<div class=\"elementor-widget-container\">\n\t\t\t\t\t\t\t<div class=\"elementor-menu-anchor\" id=\"paf\"><\/div>\n\t\t\t\t\t\t<\/div>\n\t\t\t\t<\/div>\n\t\t\t\t\t<\/div>\n\t\t<\/div>\n\t\t\t\t\t<\/div>\n\t\t<\/section>\n\t\t\t\t<\/div>\n\t\t","protected":false},"excerpt":{"rendered":"<p>Legisla\u00e7\u00e3o ICMS Legisla\u00e7\u00e3o do Imposto sobre Opera\u00e7\u00f5es Relativas \u00e0 Circula\u00e7\u00e3o de Mercadorias e sobre Presta\u00e7\u00f5es de Servi\u00e7os de Transporte Interestadual e Intermunicipal e de Comunica\u00e7\u00e3o \u2013 ICMS Acesso R\u00e1pido ICMS In\u00edcio Leis Complementares Leis Ordin\u00e1rias Decretos Portarias Instru\u00e7\u00f5es Normativas Leis Complementares ICMS Ir para pesquisa avan\u00e7ada &gt;&gt; In\u00edcio Leis Complementares Leis Ordin\u00e1rias Decretos Portarias Instru\u00e7\u00f5es [&hellip;]<\/p>\n","protected":false},"author":5,"featured_media":0,"parent":16558,"menu_order":0,"comment_status":"closed","ping_status":"closed","template":"elementor_header_footer","meta":{"_acf_changed":false,"footnotes":""},"class_list":["post-17096","page","type-page","status-publish","hentry"],"acf":[],"_links":{"self":[{"href":"https:\/\/sefaz.ac.gov.br\/2021\/index.php?rest_route=\/wp\/v2\/pages\/17096","targetHints":{"allow":["GET"]}}],"collection":[{"href":"https:\/\/sefaz.ac.gov.br\/2021\/index.php?rest_route=\/wp\/v2\/pages"}],"about":[{"href":"https:\/\/sefaz.ac.gov.br\/2021\/index.php?rest_route=\/wp\/v2\/types\/page"}],"author":[{"embeddable":true,"href":"https:\/\/sefaz.ac.gov.br\/2021\/index.php?rest_route=\/wp\/v2\/users\/5"}],"replies":[{"embeddable":true,"href":"https:\/\/sefaz.ac.gov.br\/2021\/index.php?rest_route=%2Fwp%2Fv2%2Fcomments&post=17096"}],"version-history":[{"count":6,"href":"https:\/\/sefaz.ac.gov.br\/2021\/index.php?rest_route=\/wp\/v2\/pages\/17096\/revisions"}],"predecessor-version":[{"id":22528,"href":"https:\/\/sefaz.ac.gov.br\/2021\/index.php?rest_route=\/wp\/v2\/pages\/17096\/revisions\/22528"}],"up":[{"embeddable":true,"href":"https:\/\/sefaz.ac.gov.br\/2021\/index.php?rest_route=\/wp\/v2\/pages\/16558"}],"wp:attachment":[{"href":"https:\/\/sefaz.ac.gov.br\/2021\/index.php?rest_route=%2Fwp%2Fv2%2Fmedia&parent=17096"}],"curies":[{"name":"wp","href":"https:\/\/api.w.org\/{rel}","templated":true}]}}